{"id":1001,"date":"2025-09-16T17:14:52","date_gmt":"2025-09-16T15:14:52","guid":{"rendered":"https:\/\/www.riartturistic.com\/hebergement\/calonge\/"},"modified":"2026-04-21T10:32:33","modified_gmt":"2026-04-21T08:32:33","slug":"calonge-palamos","status":"publish","type":"page","link":"https:\/\/www.riartturistic.com\/fr\/hebergement\/calonge-palamos\/","title":{"rendered":"Calonge &amp; Palam\u00f3s"},"content":{"rendered":"\t\t<div data-elementor-type=\"wp-page\" data-elementor-id=\"1001\" class=\"elementor elementor-1001 elementor-379\" data-elementor-post-type=\"page\">\n\t\t\t\t\t\t<section class=\"elementor-section elementor-top-section elementor-element elementor-element-750ae32 elementor-section-boxed elementor-section-height-default elementor-section-height-default\" data-id=\"750ae32\" data-element_type=\"section\" data-e-type=\"section\">\n\t\t\t\t\t\t<div class=\"elementor-container elementor-column-gap-default\">\n\t\t\t\t\t<div class=\"elementor-column elementor-col-100 elementor-top-column elementor-element elementor-element-56e5c6a\" data-id=\"56e5c6a\" data-element_type=\"column\" data-e-type=\"column\">\n\t\t\t<div class=\"elementor-widget-wrap elementor-element-populated\">\n\t\t\t\t\t\t<div class=\"elementor-element elementor-element-35bfc8f elementor-widget elementor-widget-heading\" data-id=\"35bfc8f\" data-element_type=\"widget\" data-e-type=\"widget\" data-widget_type=\"heading.default\">\n\t\t\t\t\t<h3 class=\"elementor-heading-title elementor-size-default\"><span class=\"mini-titular\">Un environnement unique sur la Costa Brava<\/span><\/h3>\t\t\t\t<\/div>\n\t\t\t\t<div class=\"elementor-element elementor-element-f1bcc5e elementor-widget elementor-widget-heading\" data-id=\"f1bcc5e\" data-element_type=\"widget\" data-e-type=\"widget\" data-widget_type=\"heading.default\">\n\t\t\t\t\t<h2 class=\"elementor-heading-title elementor-size-default\">La meilleure s\u00e9lection d'h\u00e9bergements \u00e0 <strong>Calonge &amp; Palam\u00f3s<\/strong><\/h2>\t\t\t\t<\/div>\n\t\t\t\t<div class=\"elementor-element elementor-element-f0ed300 elementor-widget elementor-widget-text-editor\" data-id=\"f0ed300\" data-element_type=\"widget\" data-e-type=\"widget\" data-widget_type=\"text-editor.default\">\n\t\t\t\t\t\t\t\t\t<p>D\u00e9couvrez notre s\u00e9lection de<strong> locations de vacances \u00e0 Calonge et Palam\u00f3s<\/strong>, destinations de la <strong>Costa Brava<\/strong> qui allient mer et montagne dans un cadre unique. Des <strong>appartements confortables aux villas avec jardin et piscine priv\u00e9e<\/strong>, vous trouverez l&rsquo;h\u00e9bergement id\u00e9al pour vos prochaines vacances. Calonge est r\u00e9put\u00e9e pour son imposant <strong>ch\u00e2teau m\u00e9di\u00e9val<\/strong>, ses rues historiques et la tranquillit\u00e9 de ses paysages int\u00e9rieurs. \u00c0 quelques minutes en voiture, vous pourrez \u00e9galement profiter des plages de Sant Antoni de Calonge et de criques secr\u00e8tes o\u00f9 vous pourrez vous d\u00e9tendre dans des eaux cristallines.<\/p>\n<p>Choisissez votre <strong>h\u00e9bergement \u00e0 Calonge ou Palam\u00f3s<\/strong> et vivez des vacances sur mesure\u00a0: randonn\u00e9es \u00e0 travers les vignobles, activit\u00e9s de plein air, gastronomie locale et proximit\u00e9 de charmants villages c\u00f4tiers. Une destination id\u00e9ale pour les familles et les amoureux de la nature en qu\u00eate d&rsquo;une escapade ressour\u00e7ante.<\/p>\n\t\t\t\t\t\t\t\t<\/div>\n\t\t\t\t\t<\/div>\n\t\t<\/div>\n\t\t\t\t\t<\/div>\n\t\t<\/section>\n\t\t\t\t<section class=\"elementor-section elementor-top-section elementor-element elementor-element-e5db07e elementor-section-full_width elementor-section-height-default elementor-section-height-default\" data-id=\"e5db07e\" data-element_type=\"section\" data-e-type=\"section\">\n\t\t\t\t\t\t<div class=\"elementor-container elementor-column-gap-default\">\n\t\t\t\t\t<div class=\"elementor-column elementor-col-100 elementor-top-column elementor-element elementor-element-db11d46\" data-id=\"db11d46\" data-element_type=\"column\" data-e-type=\"column\">\n\t\t\t<div class=\"elementor-widget-wrap elementor-element-populated\">\n\t\t\t\t\t\t<div class=\"elementor-element elementor-element-93cdc55 elementor-widget elementor-widget-shortcode\" data-id=\"93cdc55\" data-element_type=\"widget\" data-e-type=\"widget\" data-widget_type=\"shortcode.default\">\n\t\t\t\t\t\t\t<div class=\"elementor-shortcode\">\n<div class=\"n2r__list grid\" data-n2r-searchparams=\"\">\n      <div class=\"n2r__list__header\">\n              <a href=\"#\" class=\"n2r__btn n2r__btn--mobileicon n2r__btn--filters\" data-toggleclass=\"filters\" data-target-parent=\".n2r__list\">Ouvrez les filtres<\/a>\n            <select name=\"orderby\" class=\"n2r__select\" aria-label=\"Trier les r\u00e9sultats\">\n        <option value=\"\/fr\/wp-json\/wp\/v2\/pages\/1001?orderby=\"> Trier les r\u00e9sultats<\/option>\n        <option value=\"\/fr\/wp-json\/wp\/v2\/pages\/1001?orderby=pricedesc\" > Prix: de haut en bas        <option value=\"\/fr\/wp-json\/wp\/v2\/pages\/1001?orderby=priceasc\" > Prix: de bas en haut      <\/select>\n      <span class=\"separator\"><\/span>\n              <a href=\"\" class=\"n2r__btn n2r__btn--mobileicon n2r__btn--map\" data-toggleclass=\"map\" data-target-parent=\".n2r__list\" data-activated-text=\"Masquer la carte\" data-deactivated-text=\"Montrer la carte\">Montrer la carte<\/a>\n              <div class=\"n2r__btngroup n2r__btngroup--viewmode\">\n        <a href=\"\" class=\"n2r__btn n2r__btn--grid active\" data-viewmode=\"grid\" aria-label=\"Grid view\"><\/a>\n        <a href=\"\" class=\"n2r__btn n2r__btn--list \" data-viewmode=\"list\" aria-label=\"List view\"><\/a>\n      <\/div>\n    <\/div>\n  <div class=\"n2r__list__filters\">\n  <header>\n    Filtrer recherche    <a href=\"#\" class=\"n2r__btn--close\" data-toggleclass=\"filters\" data-target-parent=\".n2r__list\" aria-label=\"Fermer\"><\/a>\n  <\/header>\n  <form method=\"get\" action=\"\/fr\/wp-json\/wp\/v2\/pages\/1001?_f=1\" role=\"form\" autocomplete=\"off\">\n    <input type=\"hidden\" aria-hidden=\"true\" name=\"commercialization_type\" value=\"rental\">\n\n                <div class=\"n2r__list__filters__field\">\n              <label for=\"n2r-filters-search-text-88523\">Chercher<\/label>\n              <input type=\"text\" name=\"search_text\" id=\"n2r-filters-search-text-88523\" class=\"n2r__input\" value=\"\">\n            <\/div>\n                          <div class=\"n2r__list__filters__field\">\n                <label for=\"n2r-filters-city-88523\">Ville<\/label>\n                <select name=\"city\" id=\"n2r-filters-city-88523\" class=\"n2r__select\">\n                  <option value=\"\">Tout<\/option>\n                  <option value=\"CALONGE\" >CALONGE<\/option><option value=\"SANT ANTONI DE CALONGE\" >SANT ANTONI DE CALONGE<\/option><option value=\"Sant Antoni de Calonge\" >Sant Antoni de Calonge<\/option><option value=\"TORRE VALENTINA - CALONGE\" >TORRE VALENTINA - CALONGE<\/option>                <\/select>\n              <\/div>\n                          <div class=\"n2r__list__filters__field\">\n                <label for=\"n2r-filters-zone-88523\">Zone<\/label>\n                <select name=\"zone\" id=\"n2r-filters-zone-88523\" class=\"n2r__select\" data-remoteurl=\"https:\/\/www.riartturistic.com\/wp-json\/n2r\/v1\/zones\">\n                  <option value=\"\">Tout<\/option>\n                  <option value=\"COSTA BRAVA\" >COSTA BRAVA<\/option><option value=\"Costa Brava\" >Costa Brava<\/option>                <\/select>\n              <\/div>\n                          <div class=\"n2r__list__filters__field \">\n                <label for=\"n2r-filters-type-88523\">Type de b\u00e2timent<\/label>\n                <select name=\"type\" id=\"n2r-filters-type-88523\" class=\"n2r__select\">\n                  <option value=\"\">Type de b\u00e2timent<\/option>\n                  <option value=\"apartment\" >Appartement<\/option><option value=\"parking\" >Parking<\/option>                <\/select>\n              <\/div>\n                          <div class=\"n2r__list__filters__field\">\n                <label for=\"n2r-filters-category-88523\" Cat\u00e9gorie<\/label>\n                  <select name=\"category\" id=\"n2r-filters-category-88523\" class=\"n2r__select\">\n                    <option value=\"\">Tout<\/option>\n                    <option value=\"630\" >TURISTIC<\/option><option value=\"631\" >LLARGA-ESTADA<\/option><option value=\"633\" >ALTRES ALLOTJAMENTS<\/option>                  <\/select>\n              <\/div>\n                        <div class=\"n2r__list__filters__field n2r__datepickercontainer\">\n              <label for=\"n2r-filters-dates-88523\">S\u00e9lectionnez les dates<\/label>\n              <input type=\"text\" id=\"n2r-filters-dates-88523\" class=\"n2r__input n2r-daterangepicker-component\" data-checkin=\"\" data-checkout=\"\" data-language=\"fr\">\n              <input type=\"hidden\" aria-hidden=\"true\" name=\"checkin\" value=\"\">\n              <input type=\"hidden\" aria-hidden=\"true\" name=\"checkout\" value=\"\">\n            <\/div>\n                      <div class=\"n2r__list__filters__field n2r__list__filters__field--small\">\n              <label for=\"n2r-filters-adults-88523\">Adultes<\/label>\n                            <input class=\"n2r__input\" name=\"adults\" id=\"n2r-filters-adults-88523\" type=\"number\" min=\"1\" max=\"15\" value=\"1\">\n            <\/div>\n                      <div class=\"n2r__list__filters__field n2r__list__filters__field--small\">\n              <label for=\"n2r-filters-children-88523\">Enfants<\/label>\n                            <input class=\"n2r__input\" name=\"children\" id=\"n2r-filters-children-88523\" type=\"number\" min=\"0\" max=\"15\" value=\"0\">\n            <\/div>\n                      <div class=\"n2r__list__filters__field\">\n              <label for=\"flexible\">\n                <input type=\"hidden\" aria-hidden=\"true\" name=\"flexible\" value=\"\">\n                <input type=\"checkbox\" name=\"flexible\" value=\"1\" >\n                Je suis flexible sur les dates              <\/label>\n            <\/div>\n                      <div class=\"n2r__list__filters__field\">\n              <label for=\"n2r-filters-rooms-min-88523\">Chambres<\/label>\n              <div class=\"n2r__radio\">\n                <input type=\"hidden\" aria-hidden=\"true\" name=\"min_room_number\" id=\"n2r-filters-rooms-min-88523\" value=\"\">\n                                  <div class=\"n2r__radio__item \" data-value=\"1\">+1<\/div>\n                                  <div class=\"n2r__radio__item \" data-value=\"2\">+2<\/div>\n                                  <div class=\"n2r__radio__item \" data-value=\"3\">+3<\/div>\n                                  <div class=\"n2r__radio__item \" data-value=\"4\">+4<\/div>\n                                  <div class=\"n2r__radio__item \" data-value=\"5\">+5<\/div>\n                              <\/div>\n            <\/div>\n                      <div class=\"n2r__list__filters__field\">\n              <label for=\"n2r-filters-toilets-min-88523\">Toilettes<\/label>\n              <div class=\"n2r__radio\">\n                <input type=\"hidden\" id=\"n2r-filters-toilets-min-88523\" aria-hidden=\"true\" name=\"min_toilets_number\" value=\"\">\n                                  <div class=\"n2r__radio__item \" data-value=\"1\">+1<\/div>\n                                  <div class=\"n2r__radio__item \" data-value=\"2\">+2<\/div>\n                                  <div class=\"n2r__radio__item \" data-value=\"3\">+3<\/div>\n                              <\/div>\n            <\/div>\n                      <div class=\"n2r__list__filters__field\">\n              <label for=\"n2r-filters-property-meters-min-88523\">Surface au sol<\/label>\n              <select name=\"property_meters_min\" id=\"n2r-filters-property-meters-min-88523\" class=\"n2r__select\">\n                <option value=\"\">Aucune limite<\/option>\n                                  <option value=\"50\" >\n                    50m2                  <\/option>\n                                  <option value=\"60\" >\n                    60m2                  <\/option>\n                                  <option value=\"70\" >\n                    70m2                  <\/option>\n                                  <option value=\"80\" >\n                    80m2                  <\/option>\n                                  <option value=\"90\" >\n                    90m2                  <\/option>\n                                  <option value=\"100\" >\n                    100m2                  <\/option>\n                                  <option value=\"125\" >\n                    125m2                  <\/option>\n                                  <option value=\"150\" >\n                    150m2                  <\/option>\n                                  <option value=\"175\" >\n                    175m2                  <\/option>\n                                  <option value=\"200\" >\n                    200m2                  <\/option>\n                                  <option value=\"250\" >\n                    250m2                  <\/option>\n                                  <option value=\"300\" >\n                    300m2                  <\/option>\n                                  <option value=\"400\" >\n                    400m2                  <\/option>\n                                  <option value=\"500\" >\n                    500m2                  <\/option>\n                              <\/select>\n            <\/div>\n                      <div class=\"n2r__list__filters__field\">\n              <label for=\"n2r-filters-price-min-88523\">Prix<\/label>\n              <select name=\"sell_price_min\" id=\"n2r-filters-price-min-88523\" class=\"n2r__select\">\n                <option value=\"\">Minimum<\/option>\n                                  <option value=\"60000\" >60.000 \u20ac<\/option>\n                                  <option value=\"90000\" >90.000 \u20ac<\/option>\n                                  <option value=\"120000\" >120.000 \u20ac<\/option>\n                                  <option value=\"150000\" >150.000 \u20ac<\/option>\n                                  <option value=\"180000\" >180.000 \u20ac<\/option>\n                                  <option value=\"210000\" >210.000 \u20ac<\/option>\n                                  <option value=\"250000\" >250.000 \u20ac<\/option>\n                                  <option value=\"300000\" >300.000 \u20ac<\/option>\n                                  <option value=\"350000\" >350.000 \u20ac<\/option>\n                                  <option value=\"400000\" >400.000 \u20ac<\/option>\n                                  <option value=\"500000\" >500.000 \u20ac<\/option>\n                                  <option value=\"600000\" >600.000 \u20ac<\/option>\n                                  <option value=\"800000\" >800.000 \u20ac<\/option>\n                                  <option value=\"1000000\" >1.000.000 \u20ac<\/option>\n                                  <option value=\"1500000\" >1.500.000 \u20ac<\/option>\n                                  <option value=\"2000000\" >2.000.000 \u20ac<\/option>\n                                  <option value=\"3000000\" >3.000.000 \u20ac<\/option>\n                              <\/select>\n            <\/div>\n            <div class=\"n2r__list__filters__field\">\n              <select name=\"sell_price_max\" id=\"n2r-filters-price-max-88523\" class=\"n2r__select\">\n                <option value=\"\">Maximum<\/option>\n                                  <option value=\"60000\" >60.000 \u20ac<\/option>\n                                  <option value=\"90000\" >90.000 \u20ac<\/option>\n                                  <option value=\"120000\" >120.000 \u20ac<\/option>\n                                  <option value=\"150000\" >150.000 \u20ac<\/option>\n                                  <option value=\"180000\" >180.000 \u20ac<\/option>\n                                  <option value=\"210000\" >210.000 \u20ac<\/option>\n                                  <option value=\"250000\" >250.000 \u20ac<\/option>\n                                  <option value=\"300000\" >300.000 \u20ac<\/option>\n                                  <option value=\"350000\" >350.000 \u20ac<\/option>\n                                  <option value=\"400000\" >400.000 \u20ac<\/option>\n                                  <option value=\"500000\" >500.000 \u20ac<\/option>\n                                  <option value=\"600000\" >600.000 \u20ac<\/option>\n                                  <option value=\"800000\" >800.000 \u20ac<\/option>\n                                  <option value=\"1000000\" >1.000.000 \u20ac<\/option>\n                                  <option value=\"1500000\" >1.500.000 \u20ac<\/option>\n                                  <option value=\"2000000\" >2.000.000 \u20ac<\/option>\n                                  <option value=\"3000000\" >3.000.000 \u20ac<\/option>\n                              <\/select>\n            <\/div>\n            <div class=\"n2r__list__filters__field\">\n        <label>Plus de fonctionnalit\u00e9s<\/label>\n                  <label class=\"n2r__btn n2r__btn--outline n2r__btn--checkbox\">\n            <input type=\"hidden\" aria-hidden=\"true\" name=\"pets\" value=\"\">\n            <input type=\"checkbox\" class=\"n2r__checkbox\" name=\"pets\" value=\"1\" >\n            Mascottes          <\/label>\n                  <label class=\"n2r__btn n2r__btn--outline n2r__btn--checkbox\">\n            <input type=\"hidden\" aria-hidden=\"true\" name=\"lift\" value=\"\">\n            <input type=\"checkbox\" class=\"n2r__checkbox\" name=\"lift\" value=\"1\" >\n            Ascenseur          <\/label>\n                  <label class=\"n2r__btn n2r__btn--outline n2r__btn--checkbox\">\n            <input type=\"hidden\" aria-hidden=\"true\" name=\"pool\" value=\"\">\n            <input type=\"checkbox\" class=\"n2r__checkbox\" name=\"pool\" value=\"1\" >\n            Piscine          <\/label>\n                  <label class=\"n2r__btn n2r__btn--outline n2r__btn--checkbox\">\n            <input type=\"hidden\" aria-hidden=\"true\" name=\"parking_garage\" value=\"\">\n            <input type=\"checkbox\" class=\"n2r__checkbox\" name=\"parking_garage\" value=\"1\" >\n            Parking          <\/label>\n                  <label class=\"n2r__btn n2r__btn--outline n2r__btn--checkbox\">\n            <input type=\"hidden\" aria-hidden=\"true\" name=\"garden\" value=\"\">\n            <input type=\"checkbox\" class=\"n2r__checkbox\" name=\"garden\" value=\"1\" >\n            Jardin          <\/label>\n                  <label class=\"n2r__btn n2r__btn--outline n2r__btn--checkbox\">\n            <input type=\"hidden\" aria-hidden=\"true\" name=\"wifi\" value=\"\">\n            <input type=\"checkbox\" class=\"n2r__checkbox\" name=\"wifi\" value=\"1\" >\n            WIFI          <\/label>\n                  <label class=\"n2r__btn n2r__btn--outline n2r__btn--checkbox\">\n            <input type=\"hidden\" aria-hidden=\"true\" name=\"air_conditioning\" value=\"\">\n            <input type=\"checkbox\" class=\"n2r__checkbox\" name=\"air_conditioning\" value=\"1\" >\n            Climatisation          <\/label>\n                  <label class=\"n2r__btn n2r__btn--outline n2r__btn--checkbox\">\n            <input type=\"hidden\" aria-hidden=\"true\" name=\"barbecue\" value=\"\">\n            <input type=\"checkbox\" class=\"n2r__checkbox\" name=\"barbecue\" value=\"1\" >\n            Barbecue          <\/label>\n                  <label class=\"n2r__btn n2r__btn--outline n2r__btn--checkbox\">\n            <input type=\"hidden\" aria-hidden=\"true\" name=\"terrace\" value=\"\">\n            <input type=\"checkbox\" class=\"n2r__checkbox\" name=\"terrace\" value=\"1\" >\n            Terrasse          <\/label>\n              <\/div>\n        <footer>\n      <button type=\"submit\" class=\"n2r__btn n2r__btn--search\">Chercher<\/button>\n    <\/footer>\n  <\/form>\n<\/div>  <div class=\"n2r__row\">\n    <div class=\"n2r__list__items\">\n      <div class=\"n2r__list__item n2r__clickable   n2r__safeandclean\" data-id=\"23038\">\n    <div class=\"n2r__list__item__gallery n2r__slider\">\n    <div class=\"slide-item\"><img data-lazy=\"https:\/\/files.net2rent.com\/pfiles\/295\/23038\/626875-m.jpg\" alt=\"L23.6 ESTELS  6 Appartement COSTA BRAVA CALONGE\" title=\"L23.6 ESTELS  6 Appartement COSTA BRAVA CALONGE\"><\/div><div class=\"slide-item\"><img data-lazy=\"https:\/\/files.net2rent.com\/pfiles\/295\/23038\/626879-m.jpg\" alt=\"L23.6 ESTELS  6 Appartement COSTA BRAVA CALONGE\" title=\"L23.6 ESTELS  6 Appartement COSTA BRAVA CALONGE\"><\/div><div class=\"slide-item\"><img data-lazy=\"https:\/\/files.net2rent.com\/pfiles\/295\/23038\/626872-m.jpg\" alt=\"L23.6 ESTELS  6 Appartement COSTA BRAVA CALONGE\" title=\"L23.6 ESTELS  6 Appartement COSTA BRAVA CALONGE\"><\/div><div class=\"slide-item\"><img data-lazy=\"https:\/\/files.net2rent.com\/pfiles\/295\/23038\/626868-m.jpg\" alt=\"L23.6 ESTELS  6 Appartement COSTA BRAVA CALONGE\" title=\"L23.6 ESTELS  6 Appartement COSTA BRAVA CALONGE\"><\/div><div class=\"slide-item\"><img data-lazy=\"https:\/\/files.net2rent.com\/pfiles\/295\/23038\/626883-m.jpg\" alt=\"L23.6 ESTELS  6 Appartement COSTA BRAVA CALONGE\" title=\"L23.6 ESTELS  6 Appartement COSTA BRAVA CALONGE\"><\/div><div class=\"slide-item\"><img data-lazy=\"https:\/\/files.net2rent.com\/pfiles\/295\/23038\/639512-m.jpg\" alt=\"L23.6 ESTELS  6 Appartement COSTA BRAVA CALONGE\" title=\"L23.6 ESTELS  6 Appartement COSTA BRAVA CALONGE\"><\/div><div class=\"slide-item\"><img data-lazy=\"https:\/\/files.net2rent.com\/pfiles\/295\/23038\/626881-m.jpg\" alt=\"L23.6 ESTELS  6 Appartement COSTA BRAVA CALONGE\" title=\"L23.6 ESTELS  6 Appartement COSTA BRAVA CALONGE\"><\/div><div class=\"slide-item\"><img data-lazy=\"https:\/\/files.net2rent.com\/pfiles\/295\/23038\/626882-m.jpg\" alt=\"L23.6 ESTELS  6 Appartement COSTA BRAVA CALONGE\" title=\"L23.6 ESTELS  6 Appartement COSTA BRAVA CALONGE\"><\/div><div class=\"slide-item\"><img data-lazy=\"https:\/\/files.net2rent.com\/pfiles\/295\/23038\/626880-m.jpg\" alt=\"L23.6 ESTELS  6 Appartement COSTA BRAVA CALONGE\" title=\"L23.6 ESTELS  6 Appartement COSTA BRAVA CALONGE\"><\/div><div class=\"slide-item\"><img data-lazy=\"https:\/\/files.net2rent.com\/pfiles\/295\/23038\/626861-m.jpg\" alt=\"L23.6 ESTELS  6 Appartement COSTA BRAVA CALONGE\" title=\"L23.6 ESTELS  6 Appartement COSTA BRAVA CALONGE\"><\/div><div class=\"slide-item\"><img data-lazy=\"https:\/\/files.net2rent.com\/pfiles\/295\/23038\/626878-m.jpg\" alt=\"L23.6 ESTELS  6 Appartement COSTA BRAVA CALONGE\" title=\"L23.6 ESTELS  6 Appartement COSTA BRAVA CALONGE\"><\/div><div class=\"slide-item\"><img data-lazy=\"https:\/\/files.net2rent.com\/pfiles\/295\/23038\/626863-m.jpg\" alt=\"L23.6 ESTELS  6 Appartement COSTA BRAVA CALONGE\" title=\"L23.6 ESTELS  6 Appartement COSTA BRAVA CALONGE\"><\/div><div class=\"slide-item\"><img data-lazy=\"https:\/\/files.net2rent.com\/pfiles\/295\/23038\/626876-m.jpg\" alt=\"L23.6 ESTELS  6 Appartement COSTA BRAVA CALONGE\" title=\"L23.6 ESTELS  6 Appartement COSTA BRAVA CALONGE\"><\/div>  <\/div>\n\n  <div class=\"n2r__list__item__info\">\n    <div class=\"n2r__list__item__title\">\n      <h2 class=\"n2r__list__item__name\">\n        <a href=\"https:\/\/www.riartturistic.com\/fr\/hebergement-en-detail\/louer-appartement-estels-6-calonge-23038\/\">APPARTEMENT SPACIEUX AVEC TERRASSE \u00c0 100 M DE LA PLAGE \u00c0 TORRE VALENTINA<\/a>\n      <\/h2>\n          <\/div>\n    <div class=\"n2r__list__item__title\">\n      <div class=\"n2r__list__item__reference\">Ref: L23.6<\/div>\n      <div class=\"n2r__list__item__turisticreference\">002319<\/div>      <div class=\"n2r__list__item__city\">CALONGE<\/div>\n              <div class=\"n2r__list__item__rating\">\n          <div class=\"n2r__rating\">\n            <div class=\"n2r__rating__complete\" style=\"width:0%\"><\/div>\n          <\/div>\n        <\/div>\n          <\/div>\n    <div class=\"n2r__list__item__features\">\n      <div class=\"n2r__list__item__feature n2r__list__item__feature--rooms\" title=\"3 chambres \u00e0 coucher\"><i class=\"n2r_room\"><\/i> 3<\/div><div class=\"n2r__list__item__feature n2r__list__item__feature--capacity\" title=\"6 pax\"><i class=\"n2r_people\"><\/i> 6<\/div><div class=\"n2r__list__item__feature n2r__list__item__feature--bathrooms\" title=\"2 toilettes\"><i class=\"n2r_toilet\"><\/i> 2<\/div><div class=\"n2r__list__item__feature n2r__list__item__feature--parking\" title=\"Parking\"><i class=\"n2r_parking\"><\/i> <\/div>    <\/div>\n    <div class=\"n2r__list__item__description\">ELS ESTELS est un appartement spacieux situ\u00e9 pr\u00e8s de la plage, dans le quartier calme de Torre Valentina (Calonge et Sant Antoni). Situ\u00e9 au 2\u00e8me \u00e9tage, il dispose d\u2019un salon-salle \u00e0 manger lumineux avec terrasse et mobilier d\u2019ext\u00e9rieur.Le logement comprend 3 chambres (deux doubles avec lits simples et une avec lit gigogne), toutes avec leur petit balcon, cuisine enti\u00e8rement \u00e9quip\u00e9e, 1 salle de bain compl\u00e8te avec baignoire et un WC de courtoisie.Il comprend une place de parking dans le garage souterrain et un local de rangement pour v\u00e9los ou accessoires de plage. Immeuble sans ascenseur.\r\nIMPORTANT\r\n\u00d8\u00a0 Les draps, serviettes et produits de nettoyage ou d\u2019hygi\u00e8ne personnelle ne sont pas inclus\u00a0 (location de linge disponible).\r\n\u00d8\u00a0 Les animaux de compagnie ne sont pas accept\u00e9s.\r\n\u00d8\u00a0 Les r\u00e8gles de la communaut\u00e9 doivent \u00eatre respect\u00e9es.<\/div>\n    <div class=\"n2r__list__item__footer\">\n      <div class=\"n2r__list__item__price\"><span class=\"n2r__list__item__price__from\">D\u00e9s 115,83 \u20ac <small class=\"n2r__list__item__price__from__type\">\/  Jour<\/small><\/span><\/div>    <\/div>\n  <\/div>\n  <a class=\"n2r__list__item__link\" href=\"https:\/\/www.riartturistic.com\/fr\/hebergement-en-detail\/louer-appartement-estels-6-calonge-23038\/\">Plus<\/a>\n  <a class=\"n2r__list__item__wishlistmodifybutton n2r__wishlistmodifybutton\" data-n2r-url=\"https:\/\/www.riartturistic.com\/wp-json\/n2r\/v1\/wishlistmodify\"><\/a><\/div>    <\/div>\n    <div class=\"n2r__list__map \">\n  <div class=\"n2r__sticky\">\n    <div id=\"n2r__list__map__googlemaps\" class=\"n2r__googlemaps\" data-n2r-scrollwheel=\"0\" data-n2r-markerclustererimage=\"https:\/\/www.riartturistic.com\/wp-content\/plugins\/net2rent-wp-plugin\/\/assets\/js\/googlemaps\/images\/m\"   data-n2r-markerimage=\"https:\/\/www.riartturistic.com\/wp-content\/plugins\/net2rent-wp-plugin\/\/assets\/images\/map_position.png\" data-n2r-markers=\"[{&quot;id&quot;:&quot;23038&quot;,&quot;latitude&quot;:41.840266999999997,&quot;longitude&quot;:3.0924700000000001,&quot;link&quot;:&quot;https:\\\/\\\/www.riartturistic.com\\\/fr\\\/hebergement-en-detail\\\/louer-appartement-estels-6-calonge-23038\\\/&quot;,&quot;infoWindow&quot;:{&quot;image&quot;:&quot;https:\\\/\\\/files.net2rent.com\\\/pfiles\\\/295\\\/23038\\\/626875-m.jpg&quot;,&quot;title&quot;:&quot;APPARTEMENT SPACIEUX AVEC TERRASSE \\u00c0 100 M DE LA PLAGE \\u00c0 TORRE VALENTINA&quot;,&quot;description&quot;:&quot;\\u003Cdiv\\u003E\\u003Cdiv class=\\&quot;n2r__list__item__feature n2r__list__item__feature--rooms\\&quot; title=\\&quot;3 chambres \\u00e0 coucher\\&quot;\\u003E\\u003Ci class=\\&quot;n2r_room\\&quot;\\u003E\\u003C\\\/i\\u003E 3\\u003C\\\/div\\u003E\\u003Cdiv class=\\&quot;n2r__list__item__feature n2r__list__item__feature--capacity\\&quot; title=\\&quot;6 pax\\&quot;\\u003E\\u003Ci class=\\&quot;n2r_people\\&quot;\\u003E\\u003C\\\/i\\u003E 6\\u003C\\\/div\\u003E\\u003C\\\/div\\u003E\\u003Cdiv\\u003E\\u003Cdiv class=\\&quot;n2r__list__item__price\\&quot;\\u003E\\u003Cspan class=\\&quot;n2r__list__item__price__from\\&quot;\\u003ED\\u00e9s 115,83 \\u20ac \\u003Csmall class=\\&quot;n2r__list__item__price__from__type\\&quot;\\u003E\\\/  Jour\\u003C\\\/small\\u003E\\u003C\\\/span\\u003E\\u003C\\\/div\\u003E\\u003C\\\/div\\u003E&quot;}}]\" ><\/div>\n  <\/div>\n\n<\/div>  <\/div>\n  <div class=\"n2r__pagination\">\n  <div class=\"n2r__pagination__summary\">\n    1 Article    -\n    Page 1 sur 1  <\/div>\n  <div class=\"separator\"><\/div>\n  <\/div><\/div><\/div>\n\t\t\t\t\t\t<\/div>\n\t\t\t\t\t<\/div>\n\t\t<\/div>\n\t\t\t\t\t<\/div>\n\t\t<\/section>\n\t\t\t\t<\/div>\n\t\t","protected":false},"excerpt":{"rendered":"<p>Un environnement unique sur la Costa Brava La meilleure s\u00e9lection d&rsquo;h\u00e9bergements \u00e0 Calonge &amp; Palam\u00f3s D\u00e9couvrez notre s\u00e9lection de locations de vacances \u00e0 Calonge et Palam\u00f3s, destinations de la Costa Brava qui allient mer et montagne dans un cadre unique. Des appartements confortables aux villas avec jardin et piscine priv\u00e9e, vous trouverez l&rsquo;h\u00e9bergement id\u00e9al pour [&hellip;]<\/p>\n","protected":false},"author":1,"featured_media":912,"parent":937,"menu_order":0,"comment_status":"closed","ping_status":"closed","template":"","meta":{"footnotes":""},"class_list":["post-1001","page","type-page","status-publish","has-post-thumbnail","hentry"],"yoast_head":"<!-- This site is optimized with the Yoast SEO plugin v27.4 - https:\/\/yoast.com\/product\/yoast-seo-wordpress\/ -->\n<title>Locations d&#039;appartements \u00e0 Calonge | H\u00e9bergements \u00e0 Calonge<\/title>\n<meta name=\"description\" content=\"Locations d&#039;appartements \u00e0 Calonge, dans la r\u00e9gion de Calonge i Palam\u00f3s. Trouvez l&#039;h\u00e9bergement id\u00e9al pour vos vacances sur la Costa Brava avec Riart Tur\u00edstic.\" \/>\n<meta name=\"robots\" content=\"index, follow, max-snippet:-1, max-image-preview:large, max-video-preview:-1\" \/>\n<link rel=\"canonical\" href=\"https:\/\/www.riartturistic.com\/fr\/hebergement\/calonge-palamos\/\" \/>\n<meta property=\"og:locale\" content=\"fr_FR\" \/>\n<meta property=\"og:type\" content=\"article\" \/>\n<meta property=\"og:title\" content=\"Locations d&#039;appartements \u00e0 Calonge | H\u00e9bergements \u00e0 Calonge\" \/>\n<meta property=\"og:description\" content=\"Locations d&#039;appartements \u00e0 Calonge, dans la r\u00e9gion de Calonge i Palam\u00f3s. Trouvez l&#039;h\u00e9bergement id\u00e9al pour vos vacances sur la Costa Brava avec Riart Tur\u00edstic.\" \/>\n<meta property=\"og:url\" content=\"https:\/\/www.riartturistic.com\/fr\/hebergement\/calonge-palamos\/\" \/>\n<meta property=\"og:site_name\" content=\"Riart Tur\u00edstic - Alquiler Vacacional en Calonge, Sant Antoni y Torre Valentina\" \/>\n<meta property=\"article:publisher\" content=\"https:\/\/www.facebook.com\/finquesriart\" \/>\n<meta property=\"article:modified_time\" content=\"2026-04-21T08:32:33+00:00\" \/>\n<meta property=\"og:image\" content=\"https:\/\/www.riartturistic.com\/wp-content\/uploads\/2025\/10\/rrss-riart.jpg\" \/>\n\t<meta property=\"og:image:width\" content=\"1280\" \/>\n\t<meta property=\"og:image:height\" content=\"720\" \/>\n\t<meta property=\"og:image:type\" content=\"image\/jpeg\" \/>\n<meta name=\"twitter:card\" content=\"summary_large_image\" \/>\n<meta name=\"twitter:label1\" content=\"Dur\u00e9e de lecture estim\u00e9e\" \/>\n\t<meta name=\"twitter:data1\" content=\"1 minute\" \/>\n<script type=\"application\/ld+json\" class=\"yoast-schema-graph\">{\"@context\":\"https:\\\/\\\/schema.org\",\"@graph\":[{\"@type\":\"WebPage\",\"@id\":\"https:\\\/\\\/www.riartturistic.com\\\/fr\\\/hebergement\\\/calonge-palamos\\\/\",\"url\":\"https:\\\/\\\/www.riartturistic.com\\\/fr\\\/hebergement\\\/calonge-palamos\\\/\",\"name\":\"Locations d'appartements \u00e0 Calonge | H\u00e9bergements \u00e0 Calonge\",\"isPartOf\":{\"@id\":\"https:\\\/\\\/www.riartturistic.com\\\/fr\\\/#website\"},\"primaryImageOfPage\":{\"@id\":\"https:\\\/\\\/www.riartturistic.com\\\/fr\\\/hebergement\\\/calonge-palamos\\\/#primaryimage\"},\"image\":{\"@id\":\"https:\\\/\\\/www.riartturistic.com\\\/fr\\\/hebergement\\\/calonge-palamos\\\/#primaryimage\"},\"thumbnailUrl\":\"https:\\\/\\\/www.riartturistic.com\\\/wp-content\\\/uploads\\\/2025\\\/10\\\/rrss-riart.jpg\",\"datePublished\":\"2025-09-16T15:14:52+00:00\",\"dateModified\":\"2026-04-21T08:32:33+00:00\",\"description\":\"Locations d'appartements \u00e0 Calonge, dans la r\u00e9gion de Calonge i Palam\u00f3s. Trouvez l'h\u00e9bergement id\u00e9al pour vos vacances sur la Costa Brava avec Riart Tur\u00edstic.\",\"breadcrumb\":{\"@id\":\"https:\\\/\\\/www.riartturistic.com\\\/fr\\\/hebergement\\\/calonge-palamos\\\/#breadcrumb\"},\"inLanguage\":\"fr-FR\",\"potentialAction\":[{\"@type\":\"ReadAction\",\"target\":[\"https:\\\/\\\/www.riartturistic.com\\\/fr\\\/hebergement\\\/calonge-palamos\\\/\"]}]},{\"@type\":\"BreadcrumbList\",\"@id\":\"https:\\\/\\\/www.riartturistic.com\\\/fr\\\/hebergement\\\/calonge-palamos\\\/#breadcrumb\",\"itemListElement\":[{\"@type\":\"ListItem\",\"position\":1,\"name\":\"Inicio\",\"item\":\"https:\\\/\\\/www.riartturistic.com\\\/fr\\\/\"},{\"@type\":\"ListItem\",\"position\":2,\"name\":\"H\u00e9bergement\",\"item\":\"https:\\\/\\\/www.riartturistic.com\\\/fr\\\/alojamientos\\\/\"},{\"@type\":\"ListItem\",\"position\":3,\"name\":\"Calonge &amp; Palam\u00f3s\"}]},{\"@type\":\"WebSite\",\"@id\":\"https:\\\/\\\/www.riartturistic.com\\\/fr\\\/#website\",\"url\":\"https:\\\/\\\/www.riartturistic.com\\\/fr\\\/\",\"name\":\"Riart Tur\u00edstic - Alquiler Vacacional en Calonge, Sant Antoni y Torre Valentina\",\"description\":\"Riart Tur\u00edstic - Alquiler Vacacional en Calonge, Sant Antoni y Torre Valentina\",\"publisher\":{\"@id\":\"https:\\\/\\\/www.riartturistic.com\\\/fr\\\/#organization\"},\"alternateName\":\"Riart Tur\u00edstic\",\"potentialAction\":[{\"@type\":\"SearchAction\",\"target\":{\"@type\":\"EntryPoint\",\"urlTemplate\":\"https:\\\/\\\/www.riartturistic.com\\\/resultados-de-busqueda\\\/?search_text={search_term_string}\"},\"query-input\":{\"@type\":\"PropertyValueSpecification\",\"valueRequired\":true,\"valueName\":\"search_term_string\"}}],\"inLanguage\":\"fr-FR\"},{\"@type\":\"Organization\",\"@id\":\"https:\\\/\\\/www.riartturistic.com\\\/fr\\\/#organization\",\"name\":\"Finques Riart - Alquiler Vacacional en Calonge, Sant Antoni y Palam\u00f3s\",\"url\":\"https:\\\/\\\/www.riartturistic.com\\\/fr\\\/\",\"logo\":{\"@type\":\"ImageObject\",\"inLanguage\":\"fr-FR\",\"@id\":\"https:\\\/\\\/www.riartturistic.com\\\/fr\\\/#\\\/schema\\\/logo\\\/image\\\/\",\"url\":\"https:\\\/\\\/www.riartturistic.com\\\/wp-content\\\/uploads\\\/2025\\\/11\\\/RIARTuristic-claim-negatiu-sense-fons-4.png\",\"contentUrl\":\"https:\\\/\\\/www.riartturistic.com\\\/wp-content\\\/uploads\\\/2025\\\/11\\\/RIARTuristic-claim-negatiu-sense-fons-4.png\",\"width\":1200,\"height\":256,\"caption\":\"Finques Riart - Alquiler Vacacional en Calonge, Sant Antoni y Palam\u00f3s\"},\"image\":{\"@id\":\"https:\\\/\\\/www.riartturistic.com\\\/fr\\\/#\\\/schema\\\/logo\\\/image\\\/\"},\"sameAs\":[\"https:\\\/\\\/www.facebook.com\\\/finquesriart\",\"https:\\\/\\\/www.instagram.com\\\/ceigrupfinquesriart\\\/\"]}]}<\/script>\n<!-- \/ Yoast SEO plugin. -->","yoast_head_json":{"title":"Locations d'appartements \u00e0 Calonge | H\u00e9bergements \u00e0 Calonge","description":"Locations d'appartements \u00e0 Calonge, dans la r\u00e9gion de Calonge i Palam\u00f3s. Trouvez l'h\u00e9bergement id\u00e9al pour vos vacances sur la Costa Brava avec Riart Tur\u00edstic.","robots":{"index":"index","follow":"follow","max-snippet":"max-snippet:-1","max-image-preview":"max-image-preview:large","max-video-preview":"max-video-preview:-1"},"canonical":"https:\/\/www.riartturistic.com\/fr\/hebergement\/calonge-palamos\/","og_locale":"fr_FR","og_type":"article","og_title":"Locations d'appartements \u00e0 Calonge | H\u00e9bergements \u00e0 Calonge","og_description":"Locations d'appartements \u00e0 Calonge, dans la r\u00e9gion de Calonge i Palam\u00f3s. Trouvez l'h\u00e9bergement id\u00e9al pour vos vacances sur la Costa Brava avec Riart Tur\u00edstic.","og_url":"https:\/\/www.riartturistic.com\/fr\/hebergement\/calonge-palamos\/","og_site_name":"Riart Tur\u00edstic - Alquiler Vacacional en Calonge, Sant Antoni y Torre Valentina","article_publisher":"https:\/\/www.facebook.com\/finquesriart","article_modified_time":"2026-04-21T08:32:33+00:00","og_image":[{"width":1280,"height":720,"url":"https:\/\/www.riartturistic.com\/wp-content\/uploads\/2025\/10\/rrss-riart.jpg","type":"image\/jpeg"}],"twitter_card":"summary_large_image","twitter_misc":{"Dur\u00e9e de lecture estim\u00e9e":"1 minute"},"schema":{"@context":"https:\/\/schema.org","@graph":[{"@type":"WebPage","@id":"https:\/\/www.riartturistic.com\/fr\/hebergement\/calonge-palamos\/","url":"https:\/\/www.riartturistic.com\/fr\/hebergement\/calonge-palamos\/","name":"Locations d'appartements \u00e0 Calonge | H\u00e9bergements \u00e0 Calonge","isPartOf":{"@id":"https:\/\/www.riartturistic.com\/fr\/#website"},"primaryImageOfPage":{"@id":"https:\/\/www.riartturistic.com\/fr\/hebergement\/calonge-palamos\/#primaryimage"},"image":{"@id":"https:\/\/www.riartturistic.com\/fr\/hebergement\/calonge-palamos\/#primaryimage"},"thumbnailUrl":"https:\/\/www.riartturistic.com\/wp-content\/uploads\/2025\/10\/rrss-riart.jpg","datePublished":"2025-09-16T15:14:52+00:00","dateModified":"2026-04-21T08:32:33+00:00","description":"Locations d'appartements \u00e0 Calonge, dans la r\u00e9gion de Calonge i Palam\u00f3s. Trouvez l'h\u00e9bergement id\u00e9al pour vos vacances sur la Costa Brava avec Riart Tur\u00edstic.","breadcrumb":{"@id":"https:\/\/www.riartturistic.com\/fr\/hebergement\/calonge-palamos\/#breadcrumb"},"inLanguage":"fr-FR","potentialAction":[{"@type":"ReadAction","target":["https:\/\/www.riartturistic.com\/fr\/hebergement\/calonge-palamos\/"]}]},{"@type":"BreadcrumbList","@id":"https:\/\/www.riartturistic.com\/fr\/hebergement\/calonge-palamos\/#breadcrumb","itemListElement":[{"@type":"ListItem","position":1,"name":"Inicio","item":"https:\/\/www.riartturistic.com\/fr\/"},{"@type":"ListItem","position":2,"name":"H\u00e9bergement","item":"https:\/\/www.riartturistic.com\/fr\/alojamientos\/"},{"@type":"ListItem","position":3,"name":"Calonge &amp; Palam\u00f3s"}]},{"@type":"WebSite","@id":"https:\/\/www.riartturistic.com\/fr\/#website","url":"https:\/\/www.riartturistic.com\/fr\/","name":"Riart Tur\u00edstic - Alquiler Vacacional en Calonge, Sant Antoni y Torre Valentina","description":"Riart Tur\u00edstic - Alquiler Vacacional en Calonge, Sant Antoni y Torre Valentina","publisher":{"@id":"https:\/\/www.riartturistic.com\/fr\/#organization"},"alternateName":"Riart Tur\u00edstic","potentialAction":[{"@type":"SearchAction","target":{"@type":"EntryPoint","urlTemplate":"https:\/\/www.riartturistic.com\/resultados-de-busqueda\/?search_text={search_term_string}"},"query-input":{"@type":"PropertyValueSpecification","valueRequired":true,"valueName":"search_term_string"}}],"inLanguage":"fr-FR"},{"@type":"Organization","@id":"https:\/\/www.riartturistic.com\/fr\/#organization","name":"Finques Riart - Alquiler Vacacional en Calonge, Sant Antoni y Palam\u00f3s","url":"https:\/\/www.riartturistic.com\/fr\/","logo":{"@type":"ImageObject","inLanguage":"fr-FR","@id":"https:\/\/www.riartturistic.com\/fr\/#\/schema\/logo\/image\/","url":"https:\/\/www.riartturistic.com\/wp-content\/uploads\/2025\/11\/RIARTuristic-claim-negatiu-sense-fons-4.png","contentUrl":"https:\/\/www.riartturistic.com\/wp-content\/uploads\/2025\/11\/RIARTuristic-claim-negatiu-sense-fons-4.png","width":1200,"height":256,"caption":"Finques Riart - Alquiler Vacacional en Calonge, Sant Antoni y Palam\u00f3s"},"image":{"@id":"https:\/\/www.riartturistic.com\/fr\/#\/schema\/logo\/image\/"},"sameAs":["https:\/\/www.facebook.com\/finquesriart","https:\/\/www.instagram.com\/ceigrupfinquesriart\/"]}]}},"_links":{"self":[{"href":"https:\/\/www.riartturistic.com\/fr\/wp-json\/wp\/v2\/pages\/1001","targetHints":{"allow":["GET"]}}],"collection":[{"href":"https:\/\/www.riartturistic.com\/fr\/wp-json\/wp\/v2\/pages"}],"about":[{"href":"https:\/\/www.riartturistic.com\/fr\/wp-json\/wp\/v2\/types\/page"}],"author":[{"embeddable":true,"href":"https:\/\/www.riartturistic.com\/fr\/wp-json\/wp\/v2\/users\/1"}],"replies":[{"embeddable":true,"href":"https:\/\/www.riartturistic.com\/fr\/wp-json\/wp\/v2\/comments?post=1001"}],"version-history":[{"count":2,"href":"https:\/\/www.riartturistic.com\/fr\/wp-json\/wp\/v2\/pages\/1001\/revisions"}],"predecessor-version":[{"id":2987,"href":"https:\/\/www.riartturistic.com\/fr\/wp-json\/wp\/v2\/pages\/1001\/revisions\/2987"}],"up":[{"embeddable":true,"href":"https:\/\/www.riartturistic.com\/fr\/wp-json\/wp\/v2\/pages\/937"}],"wp:featuredmedia":[{"embeddable":true,"href":"https:\/\/www.riartturistic.com\/fr\/wp-json\/wp\/v2\/media\/912"}],"wp:attachment":[{"href":"https:\/\/www.riartturistic.com\/fr\/wp-json\/wp\/v2\/media?parent=1001"}],"curies":[{"name":"wp","href":"https:\/\/api.w.org\/{rel}","templated":true}]}}