{"id":997,"date":"2025-09-16T17:14:52","date_gmt":"2025-09-16T15:14:52","guid":{"rendered":"https:\/\/www.riartturistic.com\/allotjaments\/calonge\/"},"modified":"2026-04-21T10:30:22","modified_gmt":"2026-04-21T08:30:22","slug":"calonge-palamos","status":"publish","type":"page","link":"https:\/\/www.riartturistic.com\/ca\/allotjaments\/calonge-palamos\/","title":{"rendered":"Calonge &amp; Palam\u00f3s"},"content":{"rendered":"\t\t<div data-elementor-type=\"wp-page\" data-elementor-id=\"997\" class=\"elementor elementor-997 elementor-379\" data-elementor-post-type=\"page\">\n\t\t\t\t\t\t<section class=\"elementor-section elementor-top-section elementor-element elementor-element-750ae32 elementor-section-boxed elementor-section-height-default elementor-section-height-default\" data-id=\"750ae32\" data-element_type=\"section\" data-e-type=\"section\">\n\t\t\t\t\t\t<div class=\"elementor-container elementor-column-gap-default\">\n\t\t\t\t\t<div class=\"elementor-column elementor-col-100 elementor-top-column elementor-element elementor-element-56e5c6a\" data-id=\"56e5c6a\" data-element_type=\"column\" data-e-type=\"column\">\n\t\t\t<div class=\"elementor-widget-wrap elementor-element-populated\">\n\t\t\t\t\t\t<div class=\"elementor-element elementor-element-35bfc8f elementor-widget elementor-widget-heading\" data-id=\"35bfc8f\" data-element_type=\"widget\" data-e-type=\"widget\" data-widget_type=\"heading.default\">\n\t\t\t\t\t<h3 class=\"elementor-heading-title elementor-size-default\"><span class=\"mini-titular\">Un entorn \u00fanic a la Costa Brava<\/span><\/h3>\t\t\t\t<\/div>\n\t\t\t\t<div class=\"elementor-element elementor-element-f1bcc5e elementor-widget elementor-widget-heading\" data-id=\"f1bcc5e\" data-element_type=\"widget\" data-e-type=\"widget\" data-widget_type=\"heading.default\">\n\t\t\t\t\t<h2 class=\"elementor-heading-title elementor-size-default\">La millor selecci\u00f3 d'Allotjaments a <strong>Calonge &amp; Palam\u00f3s<\/strong><\/h2>\t\t\t\t<\/div>\n\t\t\t\t<div class=\"elementor-element elementor-element-f0ed300 elementor-widget elementor-widget-text-editor\" data-id=\"f0ed300\" data-element_type=\"widget\" data-e-type=\"widget\" data-widget_type=\"text-editor.default\">\n\t\t\t\t\t\t\t\t\t<p>Explora la nostra oferta de <strong>lloguer vacances a Calonge &amp; Palam\u00f3s<\/strong>, una destinaci\u00f3 de la <strong>Costa Brava<\/strong> que combina mar i muntanya en un entorn \u00fanic. Des <strong>d&#8217;apartaments acollidors<\/strong> fins a <strong>viles amb jard\u00ed i piscina privada<\/strong>, aqu\u00ed trobar\u00e0s el lloc perfecte per a les properes vacances. Calonge \u00e9s conegut pel seu imponent <strong>castell medieval<\/strong>, els seus carrers plens d&#8217;hist\u00f2ria i la tranquil\u00b7litat dels paisatges interiors. A pocs minuts amb cotxe, podr\u00e0s gaudir tamb\u00e9 de les platges de Sant Antoni de Calonge i de cales amagades on relaxar-te en aig\u00fces cristal\u00b7lines.<\/p>\n<p>Tria un <strong>allotjament a Calonge o Palam\u00f3s<\/strong> i viu unes vacances a la teva mida: rutes de senderisme entre vinyes, activitats a l&#8217;aire lliure, gastronomia local i la proximitat d&#8217;encantadors pobles costaners. Un dest\u00ed ideal tant per a fam\u00edlies com per als que busquen un respir en plena natura.<\/p>\n\t\t\t\t\t\t\t\t<\/div>\n\t\t\t\t\t<\/div>\n\t\t<\/div>\n\t\t\t\t\t<\/div>\n\t\t<\/section>\n\t\t\t\t<section class=\"elementor-section elementor-top-section elementor-element elementor-element-e5db07e elementor-section-full_width elementor-section-height-default elementor-section-height-default\" data-id=\"e5db07e\" data-element_type=\"section\" data-e-type=\"section\">\n\t\t\t\t\t\t<div class=\"elementor-container elementor-column-gap-default\">\n\t\t\t\t\t<div class=\"elementor-column elementor-col-100 elementor-top-column elementor-element elementor-element-db11d46\" data-id=\"db11d46\" data-element_type=\"column\" data-e-type=\"column\">\n\t\t\t<div class=\"elementor-widget-wrap elementor-element-populated\">\n\t\t\t\t\t\t<div class=\"elementor-element elementor-element-93cdc55 elementor-widget elementor-widget-shortcode\" data-id=\"93cdc55\" data-element_type=\"widget\" data-e-type=\"widget\" data-widget_type=\"shortcode.default\">\n\t\t\t\t\t\t\t<div class=\"elementor-shortcode\">\n<div class=\"n2r__list grid\" data-n2r-searchparams=\"\">\n      <div class=\"n2r__list__header\">\n              <a href=\"#\" class=\"n2r__btn n2r__btn--mobileicon n2r__btn--filters\" data-toggleclass=\"filters\" data-target-parent=\".n2r__list\">Obrir filtres<\/a>\n            <select name=\"orderby\" class=\"n2r__select\" aria-label=\"Ordenar resultats\">\n        <option value=\"\/ca\/wp-json\/wp\/v2\/pages\/997?orderby=\"> Ordenar resultats<\/option>\n        <option value=\"\/ca\/wp-json\/wp\/v2\/pages\/997?orderby=pricedesc\" > Preu: Major a menor        <option value=\"\/ca\/wp-json\/wp\/v2\/pages\/997?orderby=priceasc\" > Preu: Menor a major      <\/select>\n      <span class=\"separator\"><\/span>\n              <a href=\"\" class=\"n2r__btn n2r__btn--mobileicon n2r__btn--map\" data-toggleclass=\"map\" data-target-parent=\".n2r__list\" data-activated-text=\"Amagar mapa\" data-deactivated-text=\"Mostra el mapa\">Mostra el mapa<\/a>\n              <div class=\"n2r__btngroup n2r__btngroup--viewmode\">\n        <a href=\"\" class=\"n2r__btn n2r__btn--grid active\" data-viewmode=\"grid\" aria-label=\"Grid view\"><\/a>\n        <a href=\"\" class=\"n2r__btn n2r__btn--list \" data-viewmode=\"list\" aria-label=\"List view\"><\/a>\n      <\/div>\n    <\/div>\n  <div class=\"n2r__list__filters\">\n  <header>\n    Filtrar recerca    <a href=\"#\" class=\"n2r__btn--close\" data-toggleclass=\"filters\" data-target-parent=\".n2r__list\" aria-label=\"Tancar\"><\/a>\n  <\/header>\n  <form method=\"get\" action=\"\/ca\/wp-json\/wp\/v2\/pages\/997?_f=1\" role=\"form\" autocomplete=\"off\">\n    <input type=\"hidden\" aria-hidden=\"true\" name=\"commercialization_type\" value=\"rental\">\n\n                <div class=\"n2r__list__filters__field\">\n              <label for=\"n2r-filters-search-text-79284\">Cercar<\/label>\n              <input type=\"text\" name=\"search_text\" id=\"n2r-filters-search-text-79284\" class=\"n2r__input\" value=\"\">\n            <\/div>\n                          <div class=\"n2r__list__filters__field\">\n                <label for=\"n2r-filters-city-79284\">Ciutat<\/label>\n                <select name=\"city\" id=\"n2r-filters-city-79284\" class=\"n2r__select\">\n                  <option value=\"\">Tots<\/option>\n                  <option value=\"CALONGE\" >CALONGE<\/option><option value=\"SANT ANTONI DE CALONGE\" >SANT ANTONI DE CALONGE<\/option><option value=\"Sant Antoni de Calonge\" >Sant Antoni de Calonge<\/option><option value=\"TORRE VALENTINA - CALONGE\" >TORRE VALENTINA - CALONGE<\/option>                <\/select>\n              <\/div>\n                          <div class=\"n2r__list__filters__field\">\n                <label for=\"n2r-filters-zone-79284\">Zona<\/label>\n                <select name=\"zone\" id=\"n2r-filters-zone-79284\" class=\"n2r__select\" data-remoteurl=\"https:\/\/www.riartturistic.com\/wp-json\/n2r\/v1\/zones\">\n                  <option value=\"\">Tots<\/option>\n                  <option value=\"COSTA BRAVA\" >COSTA BRAVA<\/option><option value=\"Costa Brava\" >Costa Brava<\/option>                <\/select>\n              <\/div>\n                          <div class=\"n2r__list__filters__field \">\n                <label for=\"n2r-filters-type-79284\">Tipus d'edificaci\u00f3<\/label>\n                <select name=\"type\" id=\"n2r-filters-type-79284\" class=\"n2r__select\">\n                  <option value=\"\">Tipus d'edificaci\u00f3<\/option>\n                  <option value=\"apartment\" >Apartament<\/option><option value=\"parking\" >Aparcament<\/option>                <\/select>\n              <\/div>\n                          <div class=\"n2r__list__filters__field\">\n                <label for=\"n2r-filters-category-79284\" Categoria<\/label>\n                  <select name=\"category\" id=\"n2r-filters-category-79284\" class=\"n2r__select\">\n                    <option value=\"\">Tots<\/option>\n                    <option value=\"630\" >TURISTIC<\/option><option value=\"631\" >LLARGA-ESTADA<\/option><option value=\"633\" >ALTRES ALLOTJAMENTS<\/option>                  <\/select>\n              <\/div>\n                        <div class=\"n2r__list__filters__field n2r__datepickercontainer\">\n              <label for=\"n2r-filters-dates-79284\">Selecciona les dates<\/label>\n              <input type=\"text\" id=\"n2r-filters-dates-79284\" class=\"n2r__input n2r-daterangepicker-component\" data-checkin=\"\" data-checkout=\"\" data-language=\"ca\">\n              <input type=\"hidden\" aria-hidden=\"true\" name=\"checkin\" value=\"\">\n              <input type=\"hidden\" aria-hidden=\"true\" name=\"checkout\" value=\"\">\n            <\/div>\n                      <div class=\"n2r__list__filters__field n2r__list__filters__field--small\">\n              <label for=\"n2r-filters-adults-79284\">Adults<\/label>\n                            <input class=\"n2r__input\" name=\"adults\" id=\"n2r-filters-adults-79284\" type=\"number\" min=\"1\" max=\"15\" value=\"1\">\n            <\/div>\n                      <div class=\"n2r__list__filters__field n2r__list__filters__field--small\">\n              <label for=\"n2r-filters-children-79284\">Nens<\/label>\n                            <input class=\"n2r__input\" name=\"children\" id=\"n2r-filters-children-79284\" type=\"number\" min=\"0\" max=\"15\" value=\"0\">\n            <\/div>\n                      <div class=\"n2r__list__filters__field\">\n              <label for=\"flexible\">\n                <input type=\"hidden\" aria-hidden=\"true\" name=\"flexible\" value=\"\">\n                <input type=\"checkbox\" name=\"flexible\" value=\"1\" >\n                S\u00f3c flexible en dates              <\/label>\n            <\/div>\n                      <div class=\"n2r__list__filters__field\">\n              <label for=\"n2r-filters-rooms-min-79284\">Habitacions<\/label>\n              <div class=\"n2r__radio\">\n                <input type=\"hidden\" aria-hidden=\"true\" name=\"min_room_number\" id=\"n2r-filters-rooms-min-79284\" value=\"\">\n                                  <div class=\"n2r__radio__item \" data-value=\"1\">+1<\/div>\n                                  <div class=\"n2r__radio__item \" data-value=\"2\">+2<\/div>\n                                  <div class=\"n2r__radio__item \" data-value=\"3\">+3<\/div>\n                                  <div class=\"n2r__radio__item \" data-value=\"4\">+4<\/div>\n                                  <div class=\"n2r__radio__item \" data-value=\"5\">+5<\/div>\n                              <\/div>\n            <\/div>\n                      <div class=\"n2r__list__filters__field\">\n              <label for=\"n2r-filters-toilets-min-79284\">Lavabos<\/label>\n              <div class=\"n2r__radio\">\n                <input type=\"hidden\" id=\"n2r-filters-toilets-min-79284\" aria-hidden=\"true\" name=\"min_toilets_number\" value=\"\">\n                                  <div class=\"n2r__radio__item \" data-value=\"1\">+1<\/div>\n                                  <div class=\"n2r__radio__item \" data-value=\"2\">+2<\/div>\n                                  <div class=\"n2r__radio__item \" data-value=\"3\">+3<\/div>\n                              <\/div>\n            <\/div>\n                      <div class=\"n2r__list__filters__field\">\n              <label for=\"n2r-filters-property-meters-min-79284\">Metres de l'immoble<\/label>\n              <select name=\"property_meters_min\" id=\"n2r-filters-property-meters-min-79284\" class=\"n2r__select\">\n                <option value=\"\">Sense l\u00edmit<\/option>\n                                  <option value=\"50\" >\n                    50m2                  <\/option>\n                                  <option value=\"60\" >\n                    60m2                  <\/option>\n                                  <option value=\"70\" >\n                    70m2                  <\/option>\n                                  <option value=\"80\" >\n                    80m2                  <\/option>\n                                  <option value=\"90\" >\n                    90m2                  <\/option>\n                                  <option value=\"100\" >\n                    100m2                  <\/option>\n                                  <option value=\"125\" >\n                    125m2                  <\/option>\n                                  <option value=\"150\" >\n                    150m2                  <\/option>\n                                  <option value=\"175\" >\n                    175m2                  <\/option>\n                                  <option value=\"200\" >\n                    200m2                  <\/option>\n                                  <option value=\"250\" >\n                    250m2                  <\/option>\n                                  <option value=\"300\" >\n                    300m2                  <\/option>\n                                  <option value=\"400\" >\n                    400m2                  <\/option>\n                                  <option value=\"500\" >\n                    500m2                  <\/option>\n                              <\/select>\n            <\/div>\n                      <div class=\"n2r__list__filters__field\">\n              <label for=\"n2r-filters-price-min-79284\">Preu<\/label>\n              <select name=\"sell_price_min\" id=\"n2r-filters-price-min-79284\" class=\"n2r__select\">\n                <option value=\"\">Minimum<\/option>\n                                  <option value=\"60000\" >60.000 \u20ac<\/option>\n                                  <option value=\"90000\" >90.000 \u20ac<\/option>\n                                  <option value=\"120000\" >120.000 \u20ac<\/option>\n                                  <option value=\"150000\" >150.000 \u20ac<\/option>\n                                  <option value=\"180000\" >180.000 \u20ac<\/option>\n                                  <option value=\"210000\" >210.000 \u20ac<\/option>\n                                  <option value=\"250000\" >250.000 \u20ac<\/option>\n                                  <option value=\"300000\" >300.000 \u20ac<\/option>\n                                  <option value=\"350000\" >350.000 \u20ac<\/option>\n                                  <option value=\"400000\" >400.000 \u20ac<\/option>\n                                  <option value=\"500000\" >500.000 \u20ac<\/option>\n                                  <option value=\"600000\" >600.000 \u20ac<\/option>\n                                  <option value=\"800000\" >800.000 \u20ac<\/option>\n                                  <option value=\"1000000\" >1.000.000 \u20ac<\/option>\n                                  <option value=\"1500000\" >1.500.000 \u20ac<\/option>\n                                  <option value=\"2000000\" >2.000.000 \u20ac<\/option>\n                                  <option value=\"3000000\" >3.000.000 \u20ac<\/option>\n                              <\/select>\n            <\/div>\n            <div class=\"n2r__list__filters__field\">\n              <select name=\"sell_price_max\" id=\"n2r-filters-price-max-79284\" class=\"n2r__select\">\n                <option value=\"\">Maximum<\/option>\n                                  <option value=\"60000\" >60.000 \u20ac<\/option>\n                                  <option value=\"90000\" >90.000 \u20ac<\/option>\n                                  <option value=\"120000\" >120.000 \u20ac<\/option>\n                                  <option value=\"150000\" >150.000 \u20ac<\/option>\n                                  <option value=\"180000\" >180.000 \u20ac<\/option>\n                                  <option value=\"210000\" >210.000 \u20ac<\/option>\n                                  <option value=\"250000\" >250.000 \u20ac<\/option>\n                                  <option value=\"300000\" >300.000 \u20ac<\/option>\n                                  <option value=\"350000\" >350.000 \u20ac<\/option>\n                                  <option value=\"400000\" >400.000 \u20ac<\/option>\n                                  <option value=\"500000\" >500.000 \u20ac<\/option>\n                                  <option value=\"600000\" >600.000 \u20ac<\/option>\n                                  <option value=\"800000\" >800.000 \u20ac<\/option>\n                                  <option value=\"1000000\" >1.000.000 \u20ac<\/option>\n                                  <option value=\"1500000\" >1.500.000 \u20ac<\/option>\n                                  <option value=\"2000000\" >2.000.000 \u20ac<\/option>\n                                  <option value=\"3000000\" >3.000.000 \u20ac<\/option>\n                              <\/select>\n            <\/div>\n            <div class=\"n2r__list__filters__field\">\n        <label>M\u00e9s caracter\u00edstiques<\/label>\n                  <label class=\"n2r__btn n2r__btn--outline n2r__btn--checkbox\">\n            <input type=\"hidden\" aria-hidden=\"true\" name=\"pets\" value=\"\">\n            <input type=\"checkbox\" class=\"n2r__checkbox\" name=\"pets\" value=\"1\" >\n            Mascotes          <\/label>\n                  <label class=\"n2r__btn n2r__btn--outline n2r__btn--checkbox\">\n            <input type=\"hidden\" aria-hidden=\"true\" name=\"lift\" value=\"\">\n            <input type=\"checkbox\" class=\"n2r__checkbox\" name=\"lift\" value=\"1\" >\n            Ascensor          <\/label>\n                  <label class=\"n2r__btn n2r__btn--outline n2r__btn--checkbox\">\n            <input type=\"hidden\" aria-hidden=\"true\" name=\"pool\" value=\"\">\n            <input type=\"checkbox\" class=\"n2r__checkbox\" name=\"pool\" value=\"1\" >\n            Piscina          <\/label>\n                  <label class=\"n2r__btn n2r__btn--outline n2r__btn--checkbox\">\n            <input type=\"hidden\" aria-hidden=\"true\" name=\"parking_garage\" value=\"\">\n            <input type=\"checkbox\" class=\"n2r__checkbox\" name=\"parking_garage\" value=\"1\" >\n            Aparcament          <\/label>\n                  <label class=\"n2r__btn n2r__btn--outline n2r__btn--checkbox\">\n            <input type=\"hidden\" aria-hidden=\"true\" name=\"garden\" value=\"\">\n            <input type=\"checkbox\" class=\"n2r__checkbox\" name=\"garden\" value=\"1\" >\n            Jard\u00ed          <\/label>\n                  <label class=\"n2r__btn n2r__btn--outline n2r__btn--checkbox\">\n            <input type=\"hidden\" aria-hidden=\"true\" name=\"wifi\" value=\"\">\n            <input type=\"checkbox\" class=\"n2r__checkbox\" name=\"wifi\" value=\"1\" >\n            WIFI          <\/label>\n                  <label class=\"n2r__btn n2r__btn--outline n2r__btn--checkbox\">\n            <input type=\"hidden\" aria-hidden=\"true\" name=\"air_conditioning\" value=\"\">\n            <input type=\"checkbox\" class=\"n2r__checkbox\" name=\"air_conditioning\" value=\"1\" >\n            Aire condicionat          <\/label>\n                  <label class=\"n2r__btn n2r__btn--outline n2r__btn--checkbox\">\n            <input type=\"hidden\" aria-hidden=\"true\" name=\"barbecue\" value=\"\">\n            <input type=\"checkbox\" class=\"n2r__checkbox\" name=\"barbecue\" value=\"1\" >\n            Barbacoa          <\/label>\n                  <label class=\"n2r__btn n2r__btn--outline n2r__btn--checkbox\">\n            <input type=\"hidden\" aria-hidden=\"true\" name=\"terrace\" value=\"\">\n            <input type=\"checkbox\" class=\"n2r__checkbox\" name=\"terrace\" value=\"1\" >\n            Terrassa          <\/label>\n              <\/div>\n        <footer>\n      <button type=\"submit\" class=\"n2r__btn n2r__btn--search\">Cercar<\/button>\n    <\/footer>\n  <\/form>\n<\/div>  <div class=\"n2r__row\">\n    <div class=\"n2r__list__items\">\n      <div class=\"n2r__list__item n2r__clickable   n2r__safeandclean\" data-id=\"23038\">\n    <div class=\"n2r__list__item__gallery n2r__slider\">\n    <div class=\"slide-item\"><img data-lazy=\"https:\/\/files.net2rent.com\/pfiles\/295\/23038\/626875-m.jpg\" alt=\"L23.6 ESTELS  6 Apartament COSTA BRAVA CALONGE\" title=\"L23.6 ESTELS  6 Apartament COSTA BRAVA CALONGE\"><\/div><div class=\"slide-item\"><img data-lazy=\"https:\/\/files.net2rent.com\/pfiles\/295\/23038\/626879-m.jpg\" alt=\"L23.6 ESTELS  6 Apartament COSTA BRAVA CALONGE\" title=\"L23.6 ESTELS  6 Apartament COSTA BRAVA CALONGE\"><\/div><div class=\"slide-item\"><img data-lazy=\"https:\/\/files.net2rent.com\/pfiles\/295\/23038\/626872-m.jpg\" alt=\"L23.6 ESTELS  6 Apartament COSTA BRAVA CALONGE\" title=\"L23.6 ESTELS  6 Apartament COSTA BRAVA CALONGE\"><\/div><div class=\"slide-item\"><img data-lazy=\"https:\/\/files.net2rent.com\/pfiles\/295\/23038\/626868-m.jpg\" alt=\"L23.6 ESTELS  6 Apartament COSTA BRAVA CALONGE\" title=\"L23.6 ESTELS  6 Apartament COSTA BRAVA CALONGE\"><\/div><div class=\"slide-item\"><img data-lazy=\"https:\/\/files.net2rent.com\/pfiles\/295\/23038\/626883-m.jpg\" alt=\"L23.6 ESTELS  6 Apartament COSTA BRAVA CALONGE\" title=\"L23.6 ESTELS  6 Apartament COSTA BRAVA CALONGE\"><\/div><div class=\"slide-item\"><img data-lazy=\"https:\/\/files.net2rent.com\/pfiles\/295\/23038\/639512-m.jpg\" alt=\"L23.6 ESTELS  6 Apartament COSTA BRAVA CALONGE\" title=\"L23.6 ESTELS  6 Apartament COSTA BRAVA CALONGE\"><\/div><div class=\"slide-item\"><img data-lazy=\"https:\/\/files.net2rent.com\/pfiles\/295\/23038\/626881-m.jpg\" alt=\"L23.6 ESTELS  6 Apartament COSTA BRAVA CALONGE\" title=\"L23.6 ESTELS  6 Apartament COSTA BRAVA CALONGE\"><\/div><div class=\"slide-item\"><img data-lazy=\"https:\/\/files.net2rent.com\/pfiles\/295\/23038\/626882-m.jpg\" alt=\"L23.6 ESTELS  6 Apartament COSTA BRAVA CALONGE\" title=\"L23.6 ESTELS  6 Apartament COSTA BRAVA CALONGE\"><\/div><div class=\"slide-item\"><img data-lazy=\"https:\/\/files.net2rent.com\/pfiles\/295\/23038\/626880-m.jpg\" alt=\"L23.6 ESTELS  6 Apartament COSTA BRAVA CALONGE\" title=\"L23.6 ESTELS  6 Apartament COSTA BRAVA CALONGE\"><\/div><div class=\"slide-item\"><img data-lazy=\"https:\/\/files.net2rent.com\/pfiles\/295\/23038\/626861-m.jpg\" alt=\"L23.6 ESTELS  6 Apartament COSTA BRAVA CALONGE\" title=\"L23.6 ESTELS  6 Apartament COSTA BRAVA CALONGE\"><\/div><div class=\"slide-item\"><img data-lazy=\"https:\/\/files.net2rent.com\/pfiles\/295\/23038\/626878-m.jpg\" alt=\"L23.6 ESTELS  6 Apartament COSTA BRAVA CALONGE\" title=\"L23.6 ESTELS  6 Apartament COSTA BRAVA CALONGE\"><\/div><div class=\"slide-item\"><img data-lazy=\"https:\/\/files.net2rent.com\/pfiles\/295\/23038\/626863-m.jpg\" alt=\"L23.6 ESTELS  6 Apartament COSTA BRAVA CALONGE\" title=\"L23.6 ESTELS  6 Apartament COSTA BRAVA CALONGE\"><\/div><div class=\"slide-item\"><img data-lazy=\"https:\/\/files.net2rent.com\/pfiles\/295\/23038\/626876-m.jpg\" alt=\"L23.6 ESTELS  6 Apartament COSTA BRAVA CALONGE\" title=\"L23.6 ESTELS  6 Apartament COSTA BRAVA CALONGE\"><\/div>  <\/div>\n\n  <div class=\"n2r__list__item__info\">\n    <div class=\"n2r__list__item__title\">\n      <h2 class=\"n2r__list__item__name\">\n        <a href=\"https:\/\/www.riartturistic.com\/ca\/allotjament-en-detall\/lloguer-apartament-estels-6-calonge-23038\/\">ESPAI\u00d3S APARTAMENT AMB TERRASSA A 100 M DE LA PLATJA A TORRE VALENTINA<\/a>\n      <\/h2>\n          <\/div>\n    <div class=\"n2r__list__item__title\">\n      <div class=\"n2r__list__item__reference\">Ref: L23.6<\/div>\n      <div class=\"n2r__list__item__turisticreference\">002319<\/div>      <div class=\"n2r__list__item__city\">CALONGE<\/div>\n              <div class=\"n2r__list__item__rating\">\n          <div class=\"n2r__rating\">\n            <div class=\"n2r__rating__complete\" style=\"width:0%\"><\/div>\n          <\/div>\n        <\/div>\n          <\/div>\n    <div class=\"n2r__list__item__features\">\n      <div class=\"n2r__list__item__feature n2r__list__item__feature--rooms\" title=\"3 habitacions\"><i class=\"n2r_room\"><\/i> 3<\/div><div class=\"n2r__list__item__feature n2r__list__item__feature--capacity\" title=\"6 pax\"><i class=\"n2r_people\"><\/i> 6<\/div><div class=\"n2r__list__item__feature n2r__list__item__feature--bathrooms\" title=\"2 lavabos\"><i class=\"n2r_toilet\"><\/i> 2<\/div><div class=\"n2r__list__item__feature n2r__list__item__feature--parking\" title=\"Aparcament\"><i class=\"n2r_parking\"><\/i> <\/div>    <\/div>\n    <div class=\"n2r__list__item__description\">ELS ESTELS \u00e9s un ampli apartament situat a prop de la platja, a la tranquil\u00b7la zona de Torre Valentina (Calonge i Sant Antoni). Situat a la 2a planta, disposa d\u2019un llumin\u00f3s sal\u00f3-menjador amb terrassa amb mobles d\u2019exterior. L\u2019allotjament compta amb 3 dormitoris (dos dobles amb llits individuals i un amb llit niu), tots amb el seu petit balc\u00f3, cuina totalment equipada, 1 bany complet amb banyera i un lavabo de cortesia. Inclou pla\u00e7a de p\u00e0rquing al garatge subterrani i traster per a bicicletes o accessoris de platja. Edifici sense ascensor.\r\nIMPORTANT\r\n\u00d8\u00a0 Llen\u00e7ols, tovalloles i productes de neteja o d\u2019higiene\u00a0personal no estan inclosos \u00a0(disposem de lloguer de roba).\r\n\u00d8\u00a0 No s\u2019accepten animals de companyia. \r\n\u00d8\u00a0 S&#039;han de respectar les normes de la comunitat.<\/div>\n    <div class=\"n2r__list__item__footer\">\n      <div class=\"n2r__list__item__price\"><span class=\"n2r__list__item__price__from\">Des de 115,83 \u20ac <small class=\"n2r__list__item__price__from__type\">\/  Dia<\/small><\/span><\/div>    <\/div>\n  <\/div>\n  <a class=\"n2r__list__item__link\" href=\"https:\/\/www.riartturistic.com\/ca\/allotjament-en-detall\/lloguer-apartament-estels-6-calonge-23038\/\">M\u00e9s detalls<\/a>\n  <a class=\"n2r__list__item__wishlistmodifybutton n2r__wishlistmodifybutton\" data-n2r-url=\"https:\/\/www.riartturistic.com\/wp-json\/n2r\/v1\/wishlistmodify\"><\/a><\/div>    <\/div>\n    <div class=\"n2r__list__map \">\n  <div class=\"n2r__sticky\">\n    <div id=\"n2r__list__map__googlemaps\" class=\"n2r__googlemaps\" data-n2r-scrollwheel=\"0\" data-n2r-markerclustererimage=\"https:\/\/www.riartturistic.com\/wp-content\/plugins\/net2rent-wp-plugin\/\/assets\/js\/googlemaps\/images\/m\"   data-n2r-markerimage=\"https:\/\/www.riartturistic.com\/wp-content\/plugins\/net2rent-wp-plugin\/\/assets\/images\/map_position.png\" data-n2r-markers=\"[{&quot;id&quot;:&quot;23038&quot;,&quot;latitude&quot;:41.840266999999997,&quot;longitude&quot;:3.0924700000000001,&quot;link&quot;:&quot;https:\\\/\\\/www.riartturistic.com\\\/ca\\\/allotjament-en-detall\\\/lloguer-apartament-estels-6-calonge-23038\\\/&quot;,&quot;infoWindow&quot;:{&quot;image&quot;:&quot;https:\\\/\\\/files.net2rent.com\\\/pfiles\\\/295\\\/23038\\\/626875-m.jpg&quot;,&quot;title&quot;:&quot;ESPAI\\u00d3S APARTAMENT AMB TERRASSA A 100 M DE LA PLATJA A TORRE VALENTINA&quot;,&quot;description&quot;:&quot;\\u003Cdiv\\u003E\\u003Cdiv class=\\&quot;n2r__list__item__feature n2r__list__item__feature--rooms\\&quot; title=\\&quot;3 habitacions\\&quot;\\u003E\\u003Ci class=\\&quot;n2r_room\\&quot;\\u003E\\u003C\\\/i\\u003E 3\\u003C\\\/div\\u003E\\u003Cdiv class=\\&quot;n2r__list__item__feature n2r__list__item__feature--capacity\\&quot; title=\\&quot;6 pax\\&quot;\\u003E\\u003Ci class=\\&quot;n2r_people\\&quot;\\u003E\\u003C\\\/i\\u003E 6\\u003C\\\/div\\u003E\\u003C\\\/div\\u003E\\u003Cdiv\\u003E\\u003Cdiv class=\\&quot;n2r__list__item__price\\&quot;\\u003E\\u003Cspan class=\\&quot;n2r__list__item__price__from\\&quot;\\u003EDes de 115,83 \\u20ac \\u003Csmall class=\\&quot;n2r__list__item__price__from__type\\&quot;\\u003E\\\/  Dia\\u003C\\\/small\\u003E\\u003C\\\/span\\u003E\\u003C\\\/div\\u003E\\u003C\\\/div\\u003E&quot;}}]\" ><\/div>\n  <\/div>\n\n<\/div>  <\/div>\n  <div class=\"n2r__pagination\">\n  <div class=\"n2r__pagination__summary\">\n    1 Element    -\n    P\u00e0gina 1 de 1  <\/div>\n  <div class=\"separator\"><\/div>\n  <\/div><\/div><\/div>\n\t\t\t\t\t\t<\/div>\n\t\t\t\t\t<\/div>\n\t\t<\/div>\n\t\t\t\t\t<\/div>\n\t\t<\/section>\n\t\t\t\t<\/div>\n\t\t","protected":false},"excerpt":{"rendered":"<p>Un entorn \u00fanic a la Costa Brava La millor selecci\u00f3 d&#8217;Allotjaments a Calonge &amp; Palam\u00f3s Explora la nostra oferta de lloguer vacances a Calonge &amp; Palam\u00f3s, una destinaci\u00f3 de la Costa Brava que combina mar i muntanya en un entorn \u00fanic. Des d&#8217;apartaments acollidors fins a viles amb jard\u00ed i piscina privada, aqu\u00ed trobar\u00e0s el [&hellip;]<\/p>\n","protected":false},"author":1,"featured_media":811,"parent":929,"menu_order":0,"comment_status":"closed","ping_status":"closed","template":"","meta":{"footnotes":""},"class_list":["post-997","page","type-page","status-publish","has-post-thumbnail","hentry"],"yoast_head":"<!-- This site is optimized with the Yoast SEO plugin v27.4 - https:\/\/yoast.com\/product\/yoast-seo-wordpress\/ -->\n<title>Lloguer apartaments Calonge | Allotjaments a Calonge<\/title>\n<meta name=\"description\" content=\"Lloguer apartaments Calonge a la zona de Calonge i Palam\u00f3s. Troba allotjaments ideals per a les teves vacances a la Costa Brava amb Riart Tur\u00edstic.\" \/>\n<meta name=\"robots\" content=\"index, follow, max-snippet:-1, max-image-preview:large, max-video-preview:-1\" \/>\n<link rel=\"canonical\" href=\"https:\/\/www.riartturistic.com\/ca\/allotjaments\/calonge-palamos\/\" \/>\n<meta property=\"og:locale\" content=\"ca_ES\" \/>\n<meta property=\"og:type\" content=\"article\" \/>\n<meta property=\"og:title\" content=\"Lloguer apartaments Calonge | Allotjaments a Calonge\" \/>\n<meta property=\"og:description\" content=\"Lloguer apartaments Calonge a la zona de Calonge i Palam\u00f3s. Troba allotjaments ideals per a les teves vacances a la Costa Brava amb Riart Tur\u00edstic.\" \/>\n<meta property=\"og:url\" content=\"https:\/\/www.riartturistic.com\/ca\/allotjaments\/calonge-palamos\/\" \/>\n<meta property=\"og:site_name\" content=\"Riart Tur\u00edstic - Alquiler Vacacional en Calonge, Sant Antoni y Torre Valentina\" \/>\n<meta property=\"article:publisher\" content=\"https:\/\/www.facebook.com\/finquesriart\" \/>\n<meta property=\"article:modified_time\" content=\"2026-04-21T08:30:22+00:00\" \/>\n<meta property=\"og:image\" content=\"https:\/\/www.riartturistic.com\/wp-content\/uploads\/2025\/10\/rrss-riart.jpg\" \/>\n\t<meta property=\"og:image:width\" content=\"1280\" \/>\n\t<meta property=\"og:image:height\" content=\"720\" \/>\n\t<meta property=\"og:image:type\" content=\"image\/jpeg\" \/>\n<meta name=\"twitter:card\" content=\"summary_large_image\" \/>\n<meta name=\"twitter:label1\" content=\"Temps estimat de lectura\" \/>\n\t<meta name=\"twitter:data1\" content=\"1 minut\" \/>\n<script type=\"application\/ld+json\" class=\"yoast-schema-graph\">{\"@context\":\"https:\\\/\\\/schema.org\",\"@graph\":[{\"@type\":\"WebPage\",\"@id\":\"https:\\\/\\\/www.riartturistic.com\\\/ca\\\/allotjaments\\\/calonge-palamos\\\/\",\"url\":\"https:\\\/\\\/www.riartturistic.com\\\/ca\\\/allotjaments\\\/calonge-palamos\\\/\",\"name\":\"Lloguer apartaments Calonge | Allotjaments a Calonge\",\"isPartOf\":{\"@id\":\"https:\\\/\\\/www.riartturistic.com\\\/ca\\\/#website\"},\"primaryImageOfPage\":{\"@id\":\"https:\\\/\\\/www.riartturistic.com\\\/ca\\\/allotjaments\\\/calonge-palamos\\\/#primaryimage\"},\"image\":{\"@id\":\"https:\\\/\\\/www.riartturistic.com\\\/ca\\\/allotjaments\\\/calonge-palamos\\\/#primaryimage\"},\"thumbnailUrl\":\"https:\\\/\\\/www.riartturistic.com\\\/wp-content\\\/uploads\\\/2025\\\/10\\\/rrss-riart.jpg\",\"datePublished\":\"2025-09-16T15:14:52+00:00\",\"dateModified\":\"2026-04-21T08:30:22+00:00\",\"description\":\"Lloguer apartaments Calonge a la zona de Calonge i Palam\u00f3s. Troba allotjaments ideals per a les teves vacances a la Costa Brava amb Riart Tur\u00edstic.\",\"breadcrumb\":{\"@id\":\"https:\\\/\\\/www.riartturistic.com\\\/ca\\\/allotjaments\\\/calonge-palamos\\\/#breadcrumb\"},\"inLanguage\":\"ca\",\"potentialAction\":[{\"@type\":\"ReadAction\",\"target\":[\"https:\\\/\\\/www.riartturistic.com\\\/ca\\\/allotjaments\\\/calonge-palamos\\\/\"]}]},{\"@type\":\"BreadcrumbList\",\"@id\":\"https:\\\/\\\/www.riartturistic.com\\\/ca\\\/allotjaments\\\/calonge-palamos\\\/#breadcrumb\",\"itemListElement\":[{\"@type\":\"ListItem\",\"position\":1,\"name\":\"Inicio\",\"item\":\"https:\\\/\\\/www.riartturistic.com\\\/ca\\\/\"},{\"@type\":\"ListItem\",\"position\":2,\"name\":\"Allotjaments\",\"item\":\"https:\\\/\\\/www.riartturistic.com\\\/ca\\\/alojamientos\\\/\"},{\"@type\":\"ListItem\",\"position\":3,\"name\":\"Calonge &amp; Palam\u00f3s\"}]},{\"@type\":\"WebSite\",\"@id\":\"https:\\\/\\\/www.riartturistic.com\\\/ca\\\/#website\",\"url\":\"https:\\\/\\\/www.riartturistic.com\\\/ca\\\/\",\"name\":\"Riart Tur\u00edstic - Alquiler Vacacional en Calonge, Sant Antoni y Torre Valentina\",\"description\":\"Riart Tur\u00edstic - Alquiler Vacacional en Calonge, Sant Antoni y Torre Valentina\",\"publisher\":{\"@id\":\"https:\\\/\\\/www.riartturistic.com\\\/ca\\\/#organization\"},\"alternateName\":\"Riart Tur\u00edstic\",\"potentialAction\":[{\"@type\":\"SearchAction\",\"target\":{\"@type\":\"EntryPoint\",\"urlTemplate\":\"https:\\\/\\\/www.riartturistic.com\\\/resultados-de-busqueda\\\/?search_text={search_term_string}\"},\"query-input\":{\"@type\":\"PropertyValueSpecification\",\"valueRequired\":true,\"valueName\":\"search_term_string\"}}],\"inLanguage\":\"ca\"},{\"@type\":\"Organization\",\"@id\":\"https:\\\/\\\/www.riartturistic.com\\\/ca\\\/#organization\",\"name\":\"Finques Riart - Alquiler Vacacional en Calonge, Sant Antoni y Palam\u00f3s\",\"url\":\"https:\\\/\\\/www.riartturistic.com\\\/ca\\\/\",\"logo\":{\"@type\":\"ImageObject\",\"inLanguage\":\"ca\",\"@id\":\"https:\\\/\\\/www.riartturistic.com\\\/ca\\\/#\\\/schema\\\/logo\\\/image\\\/\",\"url\":\"https:\\\/\\\/www.riartturistic.com\\\/wp-content\\\/uploads\\\/2025\\\/11\\\/RIARTuristic-claim-negatiu-sense-fons.png\",\"contentUrl\":\"https:\\\/\\\/www.riartturistic.com\\\/wp-content\\\/uploads\\\/2025\\\/11\\\/RIARTuristic-claim-negatiu-sense-fons.png\",\"width\":1200,\"height\":256,\"caption\":\"Finques Riart - Alquiler Vacacional en Calonge, Sant Antoni y Palam\u00f3s\"},\"image\":{\"@id\":\"https:\\\/\\\/www.riartturistic.com\\\/ca\\\/#\\\/schema\\\/logo\\\/image\\\/\"},\"sameAs\":[\"https:\\\/\\\/www.facebook.com\\\/finquesriart\",\"https:\\\/\\\/www.instagram.com\\\/ceigrupfinquesriart\\\/\"]}]}<\/script>\n<!-- \/ Yoast SEO plugin. -->","yoast_head_json":{"title":"Lloguer apartaments Calonge | Allotjaments a Calonge","description":"Lloguer apartaments Calonge a la zona de Calonge i Palam\u00f3s. Troba allotjaments ideals per a les teves vacances a la Costa Brava amb Riart Tur\u00edstic.","robots":{"index":"index","follow":"follow","max-snippet":"max-snippet:-1","max-image-preview":"max-image-preview:large","max-video-preview":"max-video-preview:-1"},"canonical":"https:\/\/www.riartturistic.com\/ca\/allotjaments\/calonge-palamos\/","og_locale":"ca_ES","og_type":"article","og_title":"Lloguer apartaments Calonge | Allotjaments a Calonge","og_description":"Lloguer apartaments Calonge a la zona de Calonge i Palam\u00f3s. Troba allotjaments ideals per a les teves vacances a la Costa Brava amb Riart Tur\u00edstic.","og_url":"https:\/\/www.riartturistic.com\/ca\/allotjaments\/calonge-palamos\/","og_site_name":"Riart Tur\u00edstic - Alquiler Vacacional en Calonge, Sant Antoni y Torre Valentina","article_publisher":"https:\/\/www.facebook.com\/finquesriart","article_modified_time":"2026-04-21T08:30:22+00:00","og_image":[{"width":1280,"height":720,"url":"https:\/\/www.riartturistic.com\/wp-content\/uploads\/2025\/10\/rrss-riart.jpg","type":"image\/jpeg"}],"twitter_card":"summary_large_image","twitter_misc":{"Temps estimat de lectura":"1 minut"},"schema":{"@context":"https:\/\/schema.org","@graph":[{"@type":"WebPage","@id":"https:\/\/www.riartturistic.com\/ca\/allotjaments\/calonge-palamos\/","url":"https:\/\/www.riartturistic.com\/ca\/allotjaments\/calonge-palamos\/","name":"Lloguer apartaments Calonge | Allotjaments a Calonge","isPartOf":{"@id":"https:\/\/www.riartturistic.com\/ca\/#website"},"primaryImageOfPage":{"@id":"https:\/\/www.riartturistic.com\/ca\/allotjaments\/calonge-palamos\/#primaryimage"},"image":{"@id":"https:\/\/www.riartturistic.com\/ca\/allotjaments\/calonge-palamos\/#primaryimage"},"thumbnailUrl":"https:\/\/www.riartturistic.com\/wp-content\/uploads\/2025\/10\/rrss-riart.jpg","datePublished":"2025-09-16T15:14:52+00:00","dateModified":"2026-04-21T08:30:22+00:00","description":"Lloguer apartaments Calonge a la zona de Calonge i Palam\u00f3s. Troba allotjaments ideals per a les teves vacances a la Costa Brava amb Riart Tur\u00edstic.","breadcrumb":{"@id":"https:\/\/www.riartturistic.com\/ca\/allotjaments\/calonge-palamos\/#breadcrumb"},"inLanguage":"ca","potentialAction":[{"@type":"ReadAction","target":["https:\/\/www.riartturistic.com\/ca\/allotjaments\/calonge-palamos\/"]}]},{"@type":"BreadcrumbList","@id":"https:\/\/www.riartturistic.com\/ca\/allotjaments\/calonge-palamos\/#breadcrumb","itemListElement":[{"@type":"ListItem","position":1,"name":"Inicio","item":"https:\/\/www.riartturistic.com\/ca\/"},{"@type":"ListItem","position":2,"name":"Allotjaments","item":"https:\/\/www.riartturistic.com\/ca\/alojamientos\/"},{"@type":"ListItem","position":3,"name":"Calonge &amp; Palam\u00f3s"}]},{"@type":"WebSite","@id":"https:\/\/www.riartturistic.com\/ca\/#website","url":"https:\/\/www.riartturistic.com\/ca\/","name":"Riart Tur\u00edstic - Alquiler Vacacional en Calonge, Sant Antoni y Torre Valentina","description":"Riart Tur\u00edstic - Alquiler Vacacional en Calonge, Sant Antoni y Torre Valentina","publisher":{"@id":"https:\/\/www.riartturistic.com\/ca\/#organization"},"alternateName":"Riart Tur\u00edstic","potentialAction":[{"@type":"SearchAction","target":{"@type":"EntryPoint","urlTemplate":"https:\/\/www.riartturistic.com\/resultados-de-busqueda\/?search_text={search_term_string}"},"query-input":{"@type":"PropertyValueSpecification","valueRequired":true,"valueName":"search_term_string"}}],"inLanguage":"ca"},{"@type":"Organization","@id":"https:\/\/www.riartturistic.com\/ca\/#organization","name":"Finques Riart - Alquiler Vacacional en Calonge, Sant Antoni y Palam\u00f3s","url":"https:\/\/www.riartturistic.com\/ca\/","logo":{"@type":"ImageObject","inLanguage":"ca","@id":"https:\/\/www.riartturistic.com\/ca\/#\/schema\/logo\/image\/","url":"https:\/\/www.riartturistic.com\/wp-content\/uploads\/2025\/11\/RIARTuristic-claim-negatiu-sense-fons.png","contentUrl":"https:\/\/www.riartturistic.com\/wp-content\/uploads\/2025\/11\/RIARTuristic-claim-negatiu-sense-fons.png","width":1200,"height":256,"caption":"Finques Riart - Alquiler Vacacional en Calonge, Sant Antoni y Palam\u00f3s"},"image":{"@id":"https:\/\/www.riartturistic.com\/ca\/#\/schema\/logo\/image\/"},"sameAs":["https:\/\/www.facebook.com\/finquesriart","https:\/\/www.instagram.com\/ceigrupfinquesriart\/"]}]}},"_links":{"self":[{"href":"https:\/\/www.riartturistic.com\/ca\/wp-json\/wp\/v2\/pages\/997","targetHints":{"allow":["GET"]}}],"collection":[{"href":"https:\/\/www.riartturistic.com\/ca\/wp-json\/wp\/v2\/pages"}],"about":[{"href":"https:\/\/www.riartturistic.com\/ca\/wp-json\/wp\/v2\/types\/page"}],"author":[{"embeddable":true,"href":"https:\/\/www.riartturistic.com\/ca\/wp-json\/wp\/v2\/users\/1"}],"replies":[{"embeddable":true,"href":"https:\/\/www.riartturistic.com\/ca\/wp-json\/wp\/v2\/comments?post=997"}],"version-history":[{"count":1,"href":"https:\/\/www.riartturistic.com\/ca\/wp-json\/wp\/v2\/pages\/997\/revisions"}],"predecessor-version":[{"id":2984,"href":"https:\/\/www.riartturistic.com\/ca\/wp-json\/wp\/v2\/pages\/997\/revisions\/2984"}],"up":[{"embeddable":true,"href":"https:\/\/www.riartturistic.com\/ca\/wp-json\/wp\/v2\/pages\/929"}],"wp:featuredmedia":[{"embeddable":true,"href":"https:\/\/www.riartturistic.com\/ca\/wp-json\/wp\/v2\/media\/811"}],"wp:attachment":[{"href":"https:\/\/www.riartturistic.com\/ca\/wp-json\/wp\/v2\/media?parent=997"}],"curies":[{"name":"wp","href":"https:\/\/api.w.org\/{rel}","templated":true}]}}