{"id":929,"date":"2025-08-26T13:18:16","date_gmt":"2025-08-26T11:18:16","guid":{"rendered":"https:\/\/www.riartturistic.com\/allotjaments\/"},"modified":"2026-03-16T15:51:46","modified_gmt":"2026-03-16T14:51:46","slug":"allotjaments","status":"publish","type":"page","link":"https:\/\/www.riartturistic.com\/ca\/allotjaments\/","title":{"rendered":"Allotjaments"},"content":{"rendered":"\t\t<div data-elementor-type=\"wp-page\" data-elementor-id=\"929\" class=\"elementor elementor-929 elementor-95\" data-elementor-post-type=\"page\">\n\t\t\t\t\t\t<section class=\"elementor-section elementor-top-section elementor-element elementor-element-b33423c elementor-section-boxed elementor-section-height-default elementor-section-height-default\" data-id=\"b33423c\" data-element_type=\"section\" data-e-type=\"section\" data-settings=\"{&quot;background_background&quot;:&quot;classic&quot;}\">\n\t\t\t\t\t\t<div class=\"elementor-container elementor-column-gap-default\">\n\t\t\t\t\t<div class=\"elementor-column elementor-col-100 elementor-top-column elementor-element elementor-element-3e4cf2a\" data-id=\"3e4cf2a\" data-element_type=\"column\" data-e-type=\"column\">\n\t\t\t<div class=\"elementor-widget-wrap elementor-element-populated\">\n\t\t\t\t\t\t<div class=\"elementor-element elementor-element-dd4c3ca elementor-widget elementor-widget-heading\" data-id=\"dd4c3ca\" data-element_type=\"widget\" data-e-type=\"widget\" data-widget_type=\"heading.default\">\n\t\t\t\t\t<h3 class=\"elementor-heading-title elementor-size-default\"><span class=\"mini-titular\">Lloguer Vacacional<\/span><\/h3>\t\t\t\t<\/div>\n\t\t\t\t<div class=\"elementor-element elementor-element-84818cc elementor-widget elementor-widget-heading\" data-id=\"84818cc\" data-element_type=\"widget\" data-e-type=\"widget\" data-widget_type=\"heading.default\">\n\t\t\t\t\t<h2 class=\"elementor-heading-title elementor-size-default\">La millor selecci\u00f3 <strong>d'allotjaments<\/strong><\/h2>\t\t\t\t<\/div>\n\t\t\t\t<div class=\"elementor-element elementor-element-d171df1 elementor-widget elementor-widget-text-editor\" data-id=\"d171df1\" data-element_type=\"widget\" data-e-type=\"widget\" data-widget_type=\"text-editor.default\">\n\t\t\t\t\t\t\t\t\t<p>A <strong>Riart Tur\u00edstic<\/strong> posem a la teva disposici\u00f3 una \u00e0mplia selecci\u00f3 d\u2019allotjaments tur\u00edstics a <strong>Calonge, Sant Antoni i Torre Valentina<\/strong>, tres de les destinacions m\u00e9s atractives de la <strong>Costa Brava<\/strong>. Tant si busques un apartament davant del mar, un conjunt exclusiu amb piscina per gaudir en fam\u00edlia o un estudi per a desconnectar en parella amb totes les comoditats, aqu\u00ed trobar\u00e0s l\u2019opci\u00f3 perfecta per a les teves vacances.<\/p>\n\t\t\t\t\t\t\t\t<\/div>\n\t\t\t\t\t<\/div>\n\t\t<\/div>\n\t\t\t\t\t<\/div>\n\t\t<\/section>\n\t\t\t\t<section class=\"elementor-section elementor-top-section elementor-element elementor-element-634c48d elementor-section-full_width elementor-section-height-default elementor-section-height-default\" data-id=\"634c48d\" data-element_type=\"section\" data-e-type=\"section\">\n\t\t\t\t\t\t<div class=\"elementor-container elementor-column-gap-no\">\n\t\t\t\t\t<div class=\"elementor-column elementor-col-100 elementor-top-column elementor-element elementor-element-f88f46b\" data-id=\"f88f46b\" data-element_type=\"column\" data-e-type=\"column\">\n\t\t\t<div class=\"elementor-widget-wrap elementor-element-populated\">\n\t\t\t\t\t\t<div class=\"elementor-element elementor-element-4c89afe elementor-widget elementor-widget-shortcode\" data-id=\"4c89afe\" data-element_type=\"widget\" data-e-type=\"widget\" data-widget_type=\"shortcode.default\">\n\t\t\t\t\t\t\t<div class=\"elementor-shortcode\">\n<div class=\"n2r__list grid\" data-n2r-searchparams=\"\">\n      <div class=\"n2r__list__header\">\n              <a href=\"#\" class=\"n2r__btn n2r__btn--mobileicon n2r__btn--filters\" data-toggleclass=\"filters\" data-target-parent=\".n2r__list\">Obrir filtres<\/a>\n            <select name=\"orderby\" class=\"n2r__select\" aria-label=\"Ordenar resultats\">\n        <option value=\"\/ca\/wp-json\/wp\/v2\/pages\/929?orderby=\"> Ordenar resultats<\/option>\n        <option value=\"\/ca\/wp-json\/wp\/v2\/pages\/929?orderby=pricedesc\" > Preu: Major a menor        <option value=\"\/ca\/wp-json\/wp\/v2\/pages\/929?orderby=priceasc\" > Preu: Menor a major      <\/select>\n      <span class=\"separator\"><\/span>\n              <a href=\"\" class=\"n2r__btn n2r__btn--mobileicon n2r__btn--map\" data-toggleclass=\"map\" data-target-parent=\".n2r__list\" data-activated-text=\"Amagar mapa\" data-deactivated-text=\"Mostra el mapa\">Mostra el mapa<\/a>\n              <div class=\"n2r__btngroup n2r__btngroup--viewmode\">\n        <a href=\"\" class=\"n2r__btn n2r__btn--grid active\" data-viewmode=\"grid\" aria-label=\"Grid view\"><\/a>\n        <a href=\"\" class=\"n2r__btn n2r__btn--list \" data-viewmode=\"list\" aria-label=\"List view\"><\/a>\n      <\/div>\n    <\/div>\n  <div class=\"n2r__list__filters\">\n  <header>\n    Filtrar recerca    <a href=\"#\" class=\"n2r__btn--close\" data-toggleclass=\"filters\" data-target-parent=\".n2r__list\" aria-label=\"Tancar\"><\/a>\n  <\/header>\n  <form method=\"get\" action=\"\/ca\/wp-json\/wp\/v2\/pages\/929?_f=1\" role=\"form\" autocomplete=\"off\">\n    <input type=\"hidden\" aria-hidden=\"true\" name=\"commercialization_type\" value=\"rental\">\n\n                <div class=\"n2r__list__filters__field\">\n              <label for=\"n2r-filters-search-text-71510\">Cercar<\/label>\n              <input type=\"text\" name=\"search_text\" id=\"n2r-filters-search-text-71510\" class=\"n2r__input\" value=\"\">\n            <\/div>\n                          <div class=\"n2r__list__filters__field\">\n                <label for=\"n2r-filters-city-71510\">Ciutat<\/label>\n                <select name=\"city\" id=\"n2r-filters-city-71510\" class=\"n2r__select\">\n                  <option value=\"\">Tots<\/option>\n                  <option value=\"CALONGE\" >CALONGE<\/option><option value=\"SANT ANTONI DE CALONGE\" >SANT ANTONI DE CALONGE<\/option><option value=\"Sant Antoni de Calonge\" >Sant Antoni de Calonge<\/option><option value=\"TORRE VALENTINA - CALONGE\" >TORRE VALENTINA - CALONGE<\/option>                <\/select>\n              <\/div>\n                          <div class=\"n2r__list__filters__field\">\n                <label for=\"n2r-filters-zone-71510\">Zona<\/label>\n                <select name=\"zone\" id=\"n2r-filters-zone-71510\" class=\"n2r__select\" data-remoteurl=\"https:\/\/www.riartturistic.com\/wp-json\/n2r\/v1\/zones\">\n                  <option value=\"\">Tots<\/option>\n                  <option value=\"COSTA BRAVA\" >COSTA BRAVA<\/option><option value=\"Costa Brava\" >Costa Brava<\/option>                <\/select>\n              <\/div>\n                          <div class=\"n2r__list__filters__field \">\n                <label for=\"n2r-filters-type-71510\">Tipus d'edificaci\u00f3<\/label>\n                <select name=\"type\" id=\"n2r-filters-type-71510\" class=\"n2r__select\">\n                  <option value=\"\">Tipus d'edificaci\u00f3<\/option>\n                  <option value=\"apartment\" >Apartament<\/option><option value=\"parking\" >Aparcament<\/option>                <\/select>\n              <\/div>\n                          <div class=\"n2r__list__filters__field\">\n                <label for=\"n2r-filters-category-71510\" Categoria<\/label>\n                  <select name=\"category\" id=\"n2r-filters-category-71510\" class=\"n2r__select\">\n                    <option value=\"\">Tots<\/option>\n                    <option value=\"630\" >TURISTIC<\/option><option value=\"631\" >LLARGA-ESTADA<\/option><option value=\"633\" >ALTRES ALLOTJAMENTS<\/option>                  <\/select>\n              <\/div>\n                        <div class=\"n2r__list__filters__field n2r__datepickercontainer\">\n              <label for=\"n2r-filters-dates-71510\">Selecciona les dates<\/label>\n              <input type=\"text\" id=\"n2r-filters-dates-71510\" class=\"n2r__input n2r-daterangepicker-component\" data-checkin=\"\" data-checkout=\"\" data-language=\"ca\">\n              <input type=\"hidden\" aria-hidden=\"true\" name=\"checkin\" value=\"\">\n              <input type=\"hidden\" aria-hidden=\"true\" name=\"checkout\" value=\"\">\n            <\/div>\n                      <div class=\"n2r__list__filters__field n2r__list__filters__field--small\">\n              <label for=\"n2r-filters-adults-71510\">Adults<\/label>\n                            <input class=\"n2r__input\" name=\"adults\" id=\"n2r-filters-adults-71510\" type=\"number\" min=\"1\" max=\"15\" value=\"1\">\n            <\/div>\n                      <div class=\"n2r__list__filters__field n2r__list__filters__field--small\">\n              <label for=\"n2r-filters-children-71510\">Nens<\/label>\n                            <input class=\"n2r__input\" name=\"children\" id=\"n2r-filters-children-71510\" type=\"number\" min=\"0\" max=\"15\" value=\"0\">\n            <\/div>\n                      <div class=\"n2r__list__filters__field\">\n              <label for=\"flexible\">\n                <input type=\"hidden\" aria-hidden=\"true\" name=\"flexible\" value=\"\">\n                <input type=\"checkbox\" name=\"flexible\" value=\"1\" >\n                S\u00f3c flexible en dates              <\/label>\n            <\/div>\n                      <div class=\"n2r__list__filters__field\">\n              <label for=\"n2r-filters-rooms-min-71510\">Habitacions<\/label>\n              <div class=\"n2r__radio\">\n                <input type=\"hidden\" aria-hidden=\"true\" name=\"min_room_number\" id=\"n2r-filters-rooms-min-71510\" value=\"\">\n                                  <div class=\"n2r__radio__item \" data-value=\"1\">+1<\/div>\n                                  <div class=\"n2r__radio__item \" data-value=\"2\">+2<\/div>\n                                  <div class=\"n2r__radio__item \" data-value=\"3\">+3<\/div>\n                                  <div class=\"n2r__radio__item \" data-value=\"4\">+4<\/div>\n                                  <div class=\"n2r__radio__item \" data-value=\"5\">+5<\/div>\n                              <\/div>\n            <\/div>\n                      <div class=\"n2r__list__filters__field\">\n              <label for=\"n2r-filters-toilets-min-71510\">Lavabos<\/label>\n              <div class=\"n2r__radio\">\n                <input type=\"hidden\" id=\"n2r-filters-toilets-min-71510\" aria-hidden=\"true\" name=\"min_toilets_number\" value=\"\">\n                                  <div class=\"n2r__radio__item \" data-value=\"1\">+1<\/div>\n                                  <div class=\"n2r__radio__item \" data-value=\"2\">+2<\/div>\n                                  <div class=\"n2r__radio__item \" data-value=\"3\">+3<\/div>\n                              <\/div>\n            <\/div>\n                      <div class=\"n2r__list__filters__field\">\n              <label for=\"n2r-filters-price-min-71510\">Preu<\/label>\n              <select name=\"sell_price_min\" id=\"n2r-filters-price-min-71510\" class=\"n2r__select\">\n                <option value=\"\">Minimum<\/option>\n                                  <option value=\"60000\" >60.000 \u20ac<\/option>\n                                  <option value=\"90000\" >90.000 \u20ac<\/option>\n                                  <option value=\"120000\" >120.000 \u20ac<\/option>\n                                  <option value=\"150000\" >150.000 \u20ac<\/option>\n                                  <option value=\"180000\" >180.000 \u20ac<\/option>\n                                  <option value=\"210000\" >210.000 \u20ac<\/option>\n                                  <option value=\"250000\" >250.000 \u20ac<\/option>\n                                  <option value=\"300000\" >300.000 \u20ac<\/option>\n                                  <option value=\"350000\" >350.000 \u20ac<\/option>\n                                  <option value=\"400000\" >400.000 \u20ac<\/option>\n                                  <option value=\"500000\" >500.000 \u20ac<\/option>\n                                  <option value=\"600000\" >600.000 \u20ac<\/option>\n                                  <option value=\"800000\" >800.000 \u20ac<\/option>\n                                  <option value=\"1000000\" >1.000.000 \u20ac<\/option>\n                                  <option value=\"1500000\" >1.500.000 \u20ac<\/option>\n                                  <option value=\"2000000\" >2.000.000 \u20ac<\/option>\n                                  <option value=\"3000000\" >3.000.000 \u20ac<\/option>\n                              <\/select>\n            <\/div>\n            <div class=\"n2r__list__filters__field\">\n              <select name=\"sell_price_max\" id=\"n2r-filters-price-max-71510\" class=\"n2r__select\">\n                <option value=\"\">Maximum<\/option>\n                                  <option value=\"60000\" >60.000 \u20ac<\/option>\n                                  <option value=\"90000\" >90.000 \u20ac<\/option>\n                                  <option value=\"120000\" >120.000 \u20ac<\/option>\n                                  <option value=\"150000\" >150.000 \u20ac<\/option>\n                                  <option value=\"180000\" >180.000 \u20ac<\/option>\n                                  <option value=\"210000\" >210.000 \u20ac<\/option>\n                                  <option value=\"250000\" >250.000 \u20ac<\/option>\n                                  <option value=\"300000\" >300.000 \u20ac<\/option>\n                                  <option value=\"350000\" >350.000 \u20ac<\/option>\n                                  <option value=\"400000\" >400.000 \u20ac<\/option>\n                                  <option value=\"500000\" >500.000 \u20ac<\/option>\n                                  <option value=\"600000\" >600.000 \u20ac<\/option>\n                                  <option value=\"800000\" >800.000 \u20ac<\/option>\n                                  <option value=\"1000000\" >1.000.000 \u20ac<\/option>\n                                  <option value=\"1500000\" >1.500.000 \u20ac<\/option>\n                                  <option value=\"2000000\" >2.000.000 \u20ac<\/option>\n                                  <option value=\"3000000\" >3.000.000 \u20ac<\/option>\n                              <\/select>\n            <\/div>\n            <div class=\"n2r__list__filters__field\">\n        <label>M\u00e9s caracter\u00edstiques<\/label>\n                  <label class=\"n2r__btn n2r__btn--outline n2r__btn--checkbox\">\n            <input type=\"hidden\" aria-hidden=\"true\" name=\"pets\" value=\"\">\n            <input type=\"checkbox\" class=\"n2r__checkbox\" name=\"pets\" value=\"1\" >\n            Mascotes          <\/label>\n                  <label class=\"n2r__btn n2r__btn--outline n2r__btn--checkbox\">\n            <input type=\"hidden\" aria-hidden=\"true\" name=\"lift\" value=\"\">\n            <input type=\"checkbox\" class=\"n2r__checkbox\" name=\"lift\" value=\"1\" >\n            Ascensor          <\/label>\n                  <label class=\"n2r__btn n2r__btn--outline n2r__btn--checkbox\">\n            <input type=\"hidden\" aria-hidden=\"true\" name=\"pool\" value=\"\">\n            <input type=\"checkbox\" class=\"n2r__checkbox\" name=\"pool\" value=\"1\" >\n            Piscina          <\/label>\n                  <label class=\"n2r__btn n2r__btn--outline n2r__btn--checkbox\">\n            <input type=\"hidden\" aria-hidden=\"true\" name=\"parking_garage\" value=\"\">\n            <input type=\"checkbox\" class=\"n2r__checkbox\" name=\"parking_garage\" value=\"1\" >\n            Aparcament          <\/label>\n                  <label class=\"n2r__btn n2r__btn--outline n2r__btn--checkbox\">\n            <input type=\"hidden\" aria-hidden=\"true\" name=\"garden\" value=\"\">\n            <input type=\"checkbox\" class=\"n2r__checkbox\" name=\"garden\" value=\"1\" >\n            Jard\u00ed          <\/label>\n                  <label class=\"n2r__btn n2r__btn--outline n2r__btn--checkbox\">\n            <input type=\"hidden\" aria-hidden=\"true\" name=\"wifi\" value=\"\">\n            <input type=\"checkbox\" class=\"n2r__checkbox\" name=\"wifi\" value=\"1\" >\n            WIFI          <\/label>\n                  <label class=\"n2r__btn n2r__btn--outline n2r__btn--checkbox\">\n            <input type=\"hidden\" aria-hidden=\"true\" name=\"air_conditioning\" value=\"\">\n            <input type=\"checkbox\" class=\"n2r__checkbox\" name=\"air_conditioning\" value=\"1\" >\n            Aire condicionat          <\/label>\n                  <label class=\"n2r__btn n2r__btn--outline n2r__btn--checkbox\">\n            <input type=\"hidden\" aria-hidden=\"true\" name=\"barbecue\" value=\"\">\n            <input type=\"checkbox\" class=\"n2r__checkbox\" name=\"barbecue\" value=\"1\" >\n            Barbacoa          <\/label>\n                  <label class=\"n2r__btn n2r__btn--outline n2r__btn--checkbox\">\n            <input type=\"hidden\" aria-hidden=\"true\" name=\"terrace\" value=\"\">\n            <input type=\"checkbox\" class=\"n2r__checkbox\" name=\"terrace\" value=\"1\" >\n            Terrassa          <\/label>\n              <\/div>\n        <footer>\n      <button type=\"submit\" class=\"n2r__btn n2r__btn--search\">Cercar<\/button>\n    <\/footer>\n  <\/form>\n<\/div>  <div class=\"n2r__row\">\n    <div class=\"n2r__list__items\">\n      <div class=\"n2r__list__item n2r__clickable   n2r__safeandclean\" data-id=\"23021\">\n  <span class=\"n2r__list__item__icon n2r__list__item__icon--withvideo\" title=\"T\u00e9 v\u00eddeo\"><i class=\"fas fa-video\"><\/i><\/span>  <div class=\"n2r__list__item__gallery n2r__slider\">\n    <div class=\"slide-item\"><img data-lazy=\"https:\/\/files.net2rent.com\/pfiles\/295\/23021\/606532-Lt-o-m.jpg\" alt=\"L01.01 CARMANTO  BAIXOS 1 Apartament Costa Brava TORRE VALENTINA - CALONGE\" title=\"L01.01 CARMANTO  BAIXOS 1 Apartament Costa Brava TORRE VALENTINA - CALONGE\"><\/div><div class=\"slide-item\"><img data-lazy=\"https:\/\/files.net2rent.com\/pfiles\/295\/23021\/606531-wt-o-m.jpg\" alt=\"L01.01 CARMANTO  BAIXOS 1 Apartament Costa Brava TORRE VALENTINA - CALONGE\" title=\"L01.01 CARMANTO  BAIXOS 1 Apartament Costa Brava TORRE VALENTINA - CALONGE\"><\/div><div class=\"slide-item\"><img data-lazy=\"https:\/\/files.net2rent.com\/pfiles\/295\/23021\/606529-fh-o-m.jpg\" alt=\"L01.01 CARMANTO  BAIXOS 1 Apartament Costa Brava TORRE VALENTINA - CALONGE\" title=\"L01.01 CARMANTO  BAIXOS 1 Apartament Costa Brava TORRE VALENTINA - CALONGE\"><\/div><div class=\"slide-item\"><img data-lazy=\"https:\/\/files.net2rent.com\/pfiles\/295\/23021\/606530-HV-o-m.jpg\" alt=\"L01.01 CARMANTO  BAIXOS 1 Apartament Costa Brava TORRE VALENTINA - CALONGE\" title=\"L01.01 CARMANTO  BAIXOS 1 Apartament Costa Brava TORRE VALENTINA - CALONGE\"><\/div><div class=\"slide-item\"><img data-lazy=\"https:\/\/files.net2rent.com\/pfiles\/295\/23021\/606528-6I-o-m.jpg\" alt=\"L01.01 CARMANTO  BAIXOS 1 Apartament Costa Brava TORRE VALENTINA - CALONGE\" title=\"L01.01 CARMANTO  BAIXOS 1 Apartament Costa Brava TORRE VALENTINA - CALONGE\"><\/div><div class=\"slide-item\"><img data-lazy=\"https:\/\/files.net2rent.com\/pfiles\/295\/23021\/606533-IY-o-m.jpg\" alt=\"L01.01 CARMANTO  BAIXOS 1 Apartament Costa Brava TORRE VALENTINA - CALONGE\" title=\"L01.01 CARMANTO  BAIXOS 1 Apartament Costa Brava TORRE VALENTINA - CALONGE\"><\/div><div class=\"slide-item\"><img data-lazy=\"https:\/\/img.youtube.com\/vi\/hYGbEVb_SLo\/0.jpg\" alt=\"L01.01 CARMANTO  BAIXOS 1 Apartament Costa Brava TORRE VALENTINA - CALONGE\" title=\"L01.01 CARMANTO  BAIXOS 1 Apartament Costa Brava TORRE VALENTINA - CALONGE\"><\/div><div class=\"slide-item\"><img data-lazy=\"https:\/\/files.net2rent.com\/pfiles\/295\/23021\/634374-Vu-o-m.jpg\" alt=\"L01.01 CARMANTO  BAIXOS 1 Apartament Costa Brava TORRE VALENTINA - CALONGE\" title=\"L01.01 CARMANTO  BAIXOS 1 Apartament Costa Brava TORRE VALENTINA - CALONGE\"><\/div>  <\/div>\n\n  <div class=\"n2r__list__item__info\">\n    <div class=\"n2r__list__item__title\">\n      <h2 class=\"n2r__list__item__name\">\n        <a href=\"https:\/\/www.riartturistic.com\/ca\/allotjament-en-detall\/lloguer-apartament-carmanto-baixos-1-torre-valentina-calonge-23021\/\">APARTAMENT A PROP DE LA PLATJA, PLANTA BAIXA AMB JARD\u00cd PRIVAT - IDEAL FAM\u00cdLIES<\/a>\n      <\/h2>\n          <\/div>\n    <div class=\"n2r__list__item__title\">\n      <div class=\"n2r__list__item__reference\">Ref: L01.01<\/div>\n      <div class=\"n2r__list__item__turisticreference\">002308<\/div>      <div class=\"n2r__list__item__city\">TORRE VALENTINA - CALONGE<\/div>\n              <div class=\"n2r__list__item__rating\">\n          <div class=\"n2r__rating\">\n            <div class=\"n2r__rating__complete\" style=\"width:0%\"><\/div>\n          <\/div>\n        <\/div>\n          <\/div>\n    <div class=\"n2r__list__item__features\">\n      <div class=\"n2r__list__item__feature n2r__list__item__feature--rooms\" title=\"2 habitacions\"><i class=\"n2r_room\"><\/i> 2<\/div><div class=\"n2r__list__item__feature n2r__list__item__feature--capacity\" title=\"4 pax\"><i class=\"n2r_people\"><\/i> 4<\/div><div class=\"n2r__list__item__feature n2r__list__item__feature--bathrooms\" title=\"1 lavabos\"><i class=\"n2r_toilet\"><\/i> 1<\/div><div class=\"n2r__list__item__feature n2r__list__item__feature--parking\" title=\"Aparcament\"><i class=\"n2r_parking\"><\/i> <\/div>    <\/div>\n    <div class=\"n2r__list__item__description\">L&#039;Apartament CarmAnto es troba a l&#039;Urbanitzaci\u00f3 de Torre Valentina, a nom\u00e9s uns passos del mar, en un entorn tranquil per gaudir de l\u2019estiu a Calonge i Sant Antoni.\r\nAquests Apartaments, recen reformats i amb un disseny modern, ofereixen una \u00e0mplia sala d&#039;estar-menjador, una cuina moderna amb tots els electrodom\u00e8sticos i estris necessaris, dues habitacions dobles (un llit de matrimoni i dos llits individuals) i el bany amb una gran dutxa.\u00a0 \u00a0 \u00a0 El preu inclou una pla\u00e7a de p\u00e0rquing privada i wifi.\r\nIMPORTANT\r\n\u00d8\u00a0 Llen\u00e7ols, tovalloles i productes de neteja o d\u2019higiene\u00a0personal no estan inclosos \u00a0(disposem de lloguer de roba).\r\n\u00d8\u00a0 No s\u2019accepten animals de companyia. \r\n\u00d8\u00a0 S&#039;han de respectar les normes de la comunitat.\r\n\u00a0\r\n\u00a0\r\n<\/div>\n    <div class=\"n2r__list__item__footer\">\n      <div class=\"n2r__list__item__price\"><span class=\"n2r__list__item__price__from\">Des de 63,33 \u20ac <small class=\"n2r__list__item__price__from__type\">\/  Dia<\/small><\/span><\/div>    <\/div>\n  <\/div>\n  <a class=\"n2r__list__item__link\" href=\"https:\/\/www.riartturistic.com\/ca\/allotjament-en-detall\/lloguer-apartament-carmanto-baixos-1-torre-valentina-calonge-23021\/\">M\u00e9s detalls<\/a>\n  <a class=\"n2r__list__item__wishlistmodifybutton n2r__wishlistmodifybutton\" data-n2r-url=\"https:\/\/www.riartturistic.com\/wp-json\/n2r\/v1\/wishlistmodify\"><\/a><\/div><div class=\"n2r__list__item n2r__clickable   n2r__safeandclean\" data-id=\"25675\">\n    <div class=\"n2r__list__item__gallery n2r__slider\">\n    <div class=\"slide-item\"><img data-lazy=\"https:\/\/files.net2rent.com\/pfiles\/295\/25675\/606847-ah-o-m.jpg\" alt=\"L02.18 SANTA MARIA  18 Apartament COSTA BRAVA TORRE VALENTINA - CALONGE\" title=\"L02.18 SANTA MARIA  18 Apartament COSTA BRAVA TORRE VALENTINA - CALONGE\"><\/div><div class=\"slide-item\"><img data-lazy=\"https:\/\/files.net2rent.com\/pfiles\/295\/25675\/606848-KD-o-m.jpg\" alt=\"L02.18 SANTA MARIA  18 Apartament COSTA BRAVA TORRE VALENTINA - CALONGE\" title=\"L02.18 SANTA MARIA  18 Apartament COSTA BRAVA TORRE VALENTINA - CALONGE\"><\/div><div class=\"slide-item\"><img data-lazy=\"https:\/\/files.net2rent.com\/pfiles\/295\/25675\/606852-ab-o-m.jpg\" alt=\"L02.18 SANTA MARIA  18 Apartament COSTA BRAVA TORRE VALENTINA - CALONGE\" title=\"L02.18 SANTA MARIA  18 Apartament COSTA BRAVA TORRE VALENTINA - CALONGE\"><\/div><div class=\"slide-item\"><img data-lazy=\"https:\/\/files.net2rent.com\/pfiles\/295\/25675\/606856-K0-o-m.jpg\" alt=\"L02.18 SANTA MARIA  18 Apartament COSTA BRAVA TORRE VALENTINA - CALONGE\" title=\"L02.18 SANTA MARIA  18 Apartament COSTA BRAVA TORRE VALENTINA - CALONGE\"><\/div><div class=\"slide-item\"><img data-lazy=\"https:\/\/files.net2rent.com\/pfiles\/295\/25675\/606850-lP-o-m.jpg\" alt=\"L02.18 SANTA MARIA  18 Apartament COSTA BRAVA TORRE VALENTINA - CALONGE\" title=\"L02.18 SANTA MARIA  18 Apartament COSTA BRAVA TORRE VALENTINA - CALONGE\"><\/div><div class=\"slide-item\"><img data-lazy=\"https:\/\/files.net2rent.com\/pfiles\/295\/25675\/606853-4x-o-m.jpg\" alt=\"L02.18 SANTA MARIA  18 Apartament COSTA BRAVA TORRE VALENTINA - CALONGE\" title=\"L02.18 SANTA MARIA  18 Apartament COSTA BRAVA TORRE VALENTINA - CALONGE\"><\/div><div class=\"slide-item\"><img data-lazy=\"https:\/\/files.net2rent.com\/pfiles\/295\/25675\/606854-cX-o-m.jpg\" alt=\"L02.18 SANTA MARIA  18 Apartament COSTA BRAVA TORRE VALENTINA - CALONGE\" title=\"L02.18 SANTA MARIA  18 Apartament COSTA BRAVA TORRE VALENTINA - CALONGE\"><\/div><div class=\"slide-item\"><img data-lazy=\"https:\/\/files.net2rent.com\/pfiles\/295\/25675\/606851-P6-o-m.jpg\" alt=\"L02.18 SANTA MARIA  18 Apartament COSTA BRAVA TORRE VALENTINA - CALONGE\" title=\"L02.18 SANTA MARIA  18 Apartament COSTA BRAVA TORRE VALENTINA - CALONGE\"><\/div><div class=\"slide-item\"><img data-lazy=\"https:\/\/files.net2rent.com\/pfiles\/295\/25675\/606849-cS-o-m.jpg\" alt=\"L02.18 SANTA MARIA  18 Apartament COSTA BRAVA TORRE VALENTINA - CALONGE\" title=\"L02.18 SANTA MARIA  18 Apartament COSTA BRAVA TORRE VALENTINA - CALONGE\"><\/div>  <\/div>\n\n  <div class=\"n2r__list__item__info\">\n    <div class=\"n2r__list__item__title\">\n      <h2 class=\"n2r__list__item__name\">\n        <a href=\"https:\/\/www.riartturistic.com\/ca\/allotjament-en-detall\/lloguer-apartament-santa-maria-18-torre-valentina-calonge-25675\/\">&gt;&gt;EXCEL\u00b7L\u00c8NCIA ARRAN DE MAR &lt;&lt;      1\u00aa L\u00cdNIA DE PLATJA     -   CALONGE -    COSTA BRAVA<\/a>\n      <\/h2>\n          <\/div>\n    <div class=\"n2r__list__item__title\">\n      <div class=\"n2r__list__item__reference\">Ref: L02.18<\/div>\n      <div class=\"n2r__list__item__turisticreference\">000654<\/div>      <div class=\"n2r__list__item__city\">TORRE VALENTINA - CALONGE<\/div>\n              <div class=\"n2r__list__item__rating\">\n          <div class=\"n2r__rating\">\n            <div class=\"n2r__rating__complete\" style=\"width:0%\"><\/div>\n          <\/div>\n        <\/div>\n          <\/div>\n    <div class=\"n2r__list__item__features\">\n      <div class=\"n2r__list__item__feature n2r__list__item__feature--rooms\" title=\"3 habitacions\"><i class=\"n2r_room\"><\/i> 3<\/div><div class=\"n2r__list__item__feature n2r__list__item__feature--capacity\" title=\"6 pax\"><i class=\"n2r_people\"><\/i> 6<\/div><div class=\"n2r__list__item__feature n2r__list__item__feature--bathrooms\" title=\"1 lavabos\"><i class=\"n2r_toilet\"><\/i> 1<\/div><div class=\"n2r__list__item__feature n2r__list__item__feature--garage\" title=\"Garatge\"><i class=\"n2r_garage\"><\/i> <\/div>    <\/div>\n    <div class=\"n2r__list__item__description\">Apartament Santa Maria de 3 dormitoris, Gaudeix d\u2019un apartament d\u00faplex modern i amb estil davant del mar, al passeig mar\u00edtim de Torre Valentina, a Calonge i Sant Antoni. Ideal per a fam\u00edlies de fins a 6 persones que busquen comoditat, espai i vistes excepcionals.\r\n\r\nL\u2019apartament t\u00e9 tres habitacions: una amb llit doble i vistes al mar, una amb dos llits individuals i una tercera multifuncional amb llit abatible, escriptori i espai flexible. Disposa d\u2019un bany modern amb dutxa.\r\nEl sal\u00f3-menjador llumin\u00f3s, amb sof\u00e0 chaise-longue, s\u2019obre a una gran terrassa amb vistes a la badia de Torre Valentina. La cuina equipada amb rentavaixella i finestra passa-plats \u00e9s perfecta per gaudir dels \u00e0pats en fam\u00edlia.\r\nEntre els serveis hi ha wifi, calefacci\u00f3, tancaments d\u2019alumini, persianes el\u00e8ctriques, terra de gres amb efecte fusta, pla\u00e7a de garatge i ascensor.\r\nIMPORTANT\r\n\u00b7\u00a0\u00a0\u00a0\u00a0\u00a0\u00a0 Llen\u00e7ols, tovalloles i productes de neteja o d\u2019higiene personal \u00a0no estan inclosos (disposem de lloguer de roba).\r\n\u00b7\u00a0\u00a0\u00a0\u00a0\u00a0\u00a0 No s\u2019accepten animals de companyia. \r\n\u00b7\u00a0\u00a0\u00a0\u00a0\u00a0\u00a0 S&#039;han de respectar les normes de la comunitat.<\/div>\n    <div class=\"n2r__list__item__footer\">\n      <div class=\"n2r__list__item__price\"><span class=\"n2r__list__item__price__from\">Des de 83,33 \u20ac <small class=\"n2r__list__item__price__from__type\">\/  Dia<\/small><\/span><\/div>    <\/div>\n  <\/div>\n  <a class=\"n2r__list__item__link\" href=\"https:\/\/www.riartturistic.com\/ca\/allotjament-en-detall\/lloguer-apartament-santa-maria-18-torre-valentina-calonge-25675\/\">M\u00e9s detalls<\/a>\n  <a class=\"n2r__list__item__wishlistmodifybutton n2r__wishlistmodifybutton\" data-n2r-url=\"https:\/\/www.riartturistic.com\/wp-json\/n2r\/v1\/wishlistmodify\"><\/a><\/div><div class=\"n2r__list__item n2r__clickable   n2r__safeandclean\" data-id=\"23022\">\n  <span class=\"n2r__list__item__icon n2r__list__item__icon--with3dtour\" title=\"T\u00e9 passeig virtual\">360\u00ba<\/span>  <div class=\"n2r__list__item__gallery n2r__slider\">\n    <div class=\"slide-item\"><img data-lazy=\"https:\/\/files.net2rent.com\/pfiles\/295\/23022\/606874-Fo-o-m.jpg\" alt=\"L02.22 SANTA MARIA 22 Apartament COSTA BRAVA TORRE VALENTINA - CALONGE\" title=\"L02.22 SANTA MARIA 22 Apartament COSTA BRAVA TORRE VALENTINA - CALONGE\"><\/div><div class=\"slide-item\"><img data-lazy=\"https:\/\/files.net2rent.com\/pfiles\/295\/23022\/606869-m8-o-m.jpg\" alt=\"L02.22 SANTA MARIA 22 Apartament COSTA BRAVA TORRE VALENTINA - CALONGE\" title=\"L02.22 SANTA MARIA 22 Apartament COSTA BRAVA TORRE VALENTINA - CALONGE\"><\/div><div class=\"slide-item\"><img data-lazy=\"https:\/\/files.net2rent.com\/pfiles\/295\/23022\/606871-Wn-o-m.jpg\" alt=\"L02.22 SANTA MARIA 22 Apartament COSTA BRAVA TORRE VALENTINA - CALONGE\" title=\"L02.22 SANTA MARIA 22 Apartament COSTA BRAVA TORRE VALENTINA - CALONGE\"><\/div><div class=\"slide-item\"><img data-lazy=\"https:\/\/files.net2rent.com\/pfiles\/295\/23022\/606875-fU-o-m.jpg\" alt=\"L02.22 SANTA MARIA 22 Apartament COSTA BRAVA TORRE VALENTINA - CALONGE\" title=\"L02.22 SANTA MARIA 22 Apartament COSTA BRAVA TORRE VALENTINA - CALONGE\"><\/div><div class=\"slide-item\"><img data-lazy=\"https:\/\/files.net2rent.com\/pfiles\/295\/23022\/606873-7j-o-m.jpg\" alt=\"L02.22 SANTA MARIA 22 Apartament COSTA BRAVA TORRE VALENTINA - CALONGE\" title=\"L02.22 SANTA MARIA 22 Apartament COSTA BRAVA TORRE VALENTINA - CALONGE\"><\/div><div class=\"slide-item\"><img data-lazy=\"https:\/\/files.net2rent.com\/pfiles\/295\/23022\/606870-TA-o-m.jpg\" alt=\"L02.22 SANTA MARIA 22 Apartament COSTA BRAVA TORRE VALENTINA - CALONGE\" title=\"L02.22 SANTA MARIA 22 Apartament COSTA BRAVA TORRE VALENTINA - CALONGE\"><\/div><div class=\"slide-item\"><img data-lazy=\"https:\/\/files.net2rent.com\/pfiles\/295\/23022\/606872-5z-o-m.jpg\" alt=\"L02.22 SANTA MARIA 22 Apartament COSTA BRAVA TORRE VALENTINA - CALONGE\" title=\"L02.22 SANTA MARIA 22 Apartament COSTA BRAVA TORRE VALENTINA - CALONGE\"><\/div><div class=\"slide-item\"><img data-lazy=\"https:\/\/api.net2rent.com\/assets\/img\/gallery\/preview-3dtour.jpg\" alt=\"L02.22 SANTA MARIA 22 Apartament COSTA BRAVA TORRE VALENTINA - CALONGE\" title=\"L02.22 SANTA MARIA 22 Apartament COSTA BRAVA TORRE VALENTINA - CALONGE\"><\/div>  <\/div>\n\n  <div class=\"n2r__list__item__info\">\n    <div class=\"n2r__list__item__title\">\n      <h2 class=\"n2r__list__item__name\">\n        <a href=\"https:\/\/www.riartturistic.com\/ca\/allotjament-en-detall\/lloguer-apartament-santa-maria-22-torre-valentina-calonge-23022\/\">APARTAMENT AMB ENCANT I VISTES IMPRESSIONTS AL MAR, TORRE-VALENTINA\u2013CALONGE<\/a>\n      <\/h2>\n          <\/div>\n    <div class=\"n2r__list__item__title\">\n      <div class=\"n2r__list__item__reference\">Ref: L02.22<\/div>\n      <div class=\"n2r__list__item__turisticreference\">000675<\/div>      <div class=\"n2r__list__item__city\">TORRE VALENTINA - CALONGE<\/div>\n              <div class=\"n2r__list__item__rating\">\n          <div class=\"n2r__rating\">\n            <div class=\"n2r__rating__complete\" style=\"width:0%\"><\/div>\n          <\/div>\n        <\/div>\n          <\/div>\n    <div class=\"n2r__list__item__features\">\n      <div class=\"n2r__list__item__feature n2r__list__item__feature--rooms\" title=\"2 habitacions\"><i class=\"n2r_room\"><\/i> 2<\/div><div class=\"n2r__list__item__feature n2r__list__item__feature--capacity\" title=\"4 pax\"><i class=\"n2r_people\"><\/i> 4<\/div><div class=\"n2r__list__item__feature n2r__list__item__feature--bathrooms\" title=\"2 lavabos\"><i class=\"n2r_toilet\"><\/i> 2<\/div><div class=\"n2r__list__item__feature n2r__list__item__feature--garage\" title=\"Garatge\"><i class=\"n2r_garage\"><\/i> <\/div>    <\/div>\n    <div class=\"n2r__list__item__description\">Santa Maria, Aquest llumin\u00f3s apartament de dos dormitoris destaca per les seves agradables vistes al mar i a una zona enjardinada. Disposa de garatge i calefacci\u00f3, ideals per a estades durant tot l\u2019any. Des del mateix punt pots accedir al cam\u00ed de ronda de la Costa Brava, practicar p\u00e0del surf o caiac a les cales properes i descobrir restaurants amb encant i bona cuina local.\r\nIMPORTANT\r\n\u00b7\u00a0\u00a0\u00a0\u00a0\u00a0\u00a0 Llen\u00e7ols, tovalloles i productes de neteja o d\u2019higiene personal \u00a0no estan inclosos (disposem de lloguer de roba).\r\n\u00b7\u00a0\u00a0\u00a0\u00a0\u00a0\u00a0 No s\u2019accepten animals de companyia. \r\n\u00b7\u00a0\u00a0\u00a0\u00a0\u00a0\u00a0 S&#039;han de respectar les normes de la comunitat.\r\n<\/div>\n    <div class=\"n2r__list__item__footer\">\n      <div class=\"n2r__list__item__price\"><span class=\"n2r__list__item__price__from\">Des de 76,67 \u20ac <small class=\"n2r__list__item__price__from__type\">\/  Dia<\/small><\/span><\/div>    <\/div>\n  <\/div>\n  <a class=\"n2r__list__item__link\" href=\"https:\/\/www.riartturistic.com\/ca\/allotjament-en-detall\/lloguer-apartament-santa-maria-22-torre-valentina-calonge-23022\/\">M\u00e9s detalls<\/a>\n  <a class=\"n2r__list__item__wishlistmodifybutton n2r__wishlistmodifybutton\" data-n2r-url=\"https:\/\/www.riartturistic.com\/wp-json\/n2r\/v1\/wishlistmodify\"><\/a><\/div><div class=\"n2r__list__item n2r__clickable   n2r__safeandclean\" data-id=\"25475\">\n  <span class=\"n2r__list__item__icon n2r__list__item__icon--withvideo\" title=\"T\u00e9 v\u00eddeo\"><i class=\"fas fa-video\"><\/i><\/span>  <div class=\"n2r__list__item__gallery n2r__slider\">\n    <div class=\"slide-item\"><img data-lazy=\"https:\/\/files.net2rent.com\/pfiles\/295\/25475\/613098-NI-o-m.jpg\" alt=\"L04.226 MARITIM  II-26 Apartament COSTA BRAVA TORRE VALENTINA - CALONGE\" title=\"L04.226 MARITIM  II-26 Apartament COSTA BRAVA TORRE VALENTINA - CALONGE\"><\/div><div class=\"slide-item\"><img data-lazy=\"https:\/\/files.net2rent.com\/pfiles\/295\/25475\/611202-NY-o-m.jpg\" alt=\"L04.226 MARITIM  II-26 Apartament COSTA BRAVA TORRE VALENTINA - CALONGE\" title=\"L04.226 MARITIM  II-26 Apartament COSTA BRAVA TORRE VALENTINA - CALONGE\"><\/div><div class=\"slide-item\"><img data-lazy=\"https:\/\/files.net2rent.com\/pfiles\/295\/25475\/611198-6B-o-m.jpg\" alt=\"L04.226 MARITIM  II-26 Apartament COSTA BRAVA TORRE VALENTINA - CALONGE\" title=\"L04.226 MARITIM  II-26 Apartament COSTA BRAVA TORRE VALENTINA - CALONGE\"><\/div><div class=\"slide-item\"><img data-lazy=\"https:\/\/files.net2rent.com\/pfiles\/295\/25475\/611197-bQ-o-m.jpg\" alt=\"L04.226 MARITIM  II-26 Apartament COSTA BRAVA TORRE VALENTINA - CALONGE\" title=\"L04.226 MARITIM  II-26 Apartament COSTA BRAVA TORRE VALENTINA - CALONGE\"><\/div><div class=\"slide-item\"><img data-lazy=\"https:\/\/files.net2rent.com\/pfiles\/295\/25475\/611205-tL-o-m.jpg\" alt=\"L04.226 MARITIM  II-26 Apartament COSTA BRAVA TORRE VALENTINA - CALONGE\" title=\"L04.226 MARITIM  II-26 Apartament COSTA BRAVA TORRE VALENTINA - CALONGE\"><\/div><div class=\"slide-item\"><img data-lazy=\"https:\/\/files.net2rent.com\/pfiles\/295\/25475\/611199-zf-o-m.jpg\" alt=\"L04.226 MARITIM  II-26 Apartament COSTA BRAVA TORRE VALENTINA - CALONGE\" title=\"L04.226 MARITIM  II-26 Apartament COSTA BRAVA TORRE VALENTINA - CALONGE\"><\/div><div class=\"slide-item\"><img data-lazy=\"https:\/\/files.net2rent.com\/pfiles\/295\/25475\/611200-5d-o-m.jpg\" alt=\"L04.226 MARITIM  II-26 Apartament COSTA BRAVA TORRE VALENTINA - CALONGE\" title=\"L04.226 MARITIM  II-26 Apartament COSTA BRAVA TORRE VALENTINA - CALONGE\"><\/div><div class=\"slide-item\"><img data-lazy=\"https:\/\/files.net2rent.com\/pfiles\/295\/25475\/611195-qa-o-m.jpg\" alt=\"L04.226 MARITIM  II-26 Apartament COSTA BRAVA TORRE VALENTINA - CALONGE\" title=\"L04.226 MARITIM  II-26 Apartament COSTA BRAVA TORRE VALENTINA - CALONGE\"><\/div><div class=\"slide-item\"><img data-lazy=\"https:\/\/files.net2rent.com\/pfiles\/295\/25475\/611196-JP-o-m.jpg\" alt=\"L04.226 MARITIM  II-26 Apartament COSTA BRAVA TORRE VALENTINA - CALONGE\" title=\"L04.226 MARITIM  II-26 Apartament COSTA BRAVA TORRE VALENTINA - CALONGE\"><\/div><div class=\"slide-item\"><img data-lazy=\"https:\/\/files.net2rent.com\/pfiles\/295\/25475\/611201-kE-o-m.jpg\" alt=\"L04.226 MARITIM  II-26 Apartament COSTA BRAVA TORRE VALENTINA - CALONGE\" title=\"L04.226 MARITIM  II-26 Apartament COSTA BRAVA TORRE VALENTINA - CALONGE\"><\/div><div class=\"slide-item\"><img data-lazy=\"https:\/\/files.net2rent.com\/pfiles\/295\/25475\/611203-cF-o-m.jpg\" alt=\"L04.226 MARITIM  II-26 Apartament COSTA BRAVA TORRE VALENTINA - CALONGE\" title=\"L04.226 MARITIM  II-26 Apartament COSTA BRAVA TORRE VALENTINA - CALONGE\"><\/div><div class=\"slide-item\"><img data-lazy=\"https:\/\/files.net2rent.com\/pfiles\/295\/25475\/611204-uP-o-m.jpg\" alt=\"L04.226 MARITIM  II-26 Apartament COSTA BRAVA TORRE VALENTINA - CALONGE\" title=\"L04.226 MARITIM  II-26 Apartament COSTA BRAVA TORRE VALENTINA - CALONGE\"><\/div><div class=\"slide-item\"><img data-lazy=\"https:\/\/img.youtube.com\/vi\/hxxgpTaNtUg\/0.jpg\" alt=\"L04.226 MARITIM  II-26 Apartament COSTA BRAVA TORRE VALENTINA - CALONGE\" title=\"L04.226 MARITIM  II-26 Apartament COSTA BRAVA TORRE VALENTINA - CALONGE\"><\/div>  <\/div>\n\n  <div class=\"n2r__list__item__info\">\n    <div class=\"n2r__list__item__title\">\n      <h2 class=\"n2r__list__item__name\">\n        <a href=\"https:\/\/www.riartturistic.com\/ca\/allotjament-en-detall\/lloguer-apartament-maritim-ii-26-torre-valentina-calonge-25475\/\">APARTAMENT DE VACANCES AMB VISTES PANOR\u00c0MIQUES DE LA SORTIDA DEL SOL SOBRE EL MAR<\/a>\n      <\/h2>\n          <\/div>\n    <div class=\"n2r__list__item__title\">\n      <div class=\"n2r__list__item__reference\">Ref: L04.226<\/div>\n      <div class=\"n2r__list__item__turisticreference\">000676<\/div>      <div class=\"n2r__list__item__city\">TORRE VALENTINA - CALONGE<\/div>\n              <div class=\"n2r__list__item__rating\">\n          <div class=\"n2r__rating\">\n            <div class=\"n2r__rating__complete\" style=\"width:0%\"><\/div>\n          <\/div>\n        <\/div>\n          <\/div>\n    <div class=\"n2r__list__item__features\">\n      <div class=\"n2r__list__item__feature n2r__list__item__feature--rooms\" title=\"2 habitacions\"><i class=\"n2r_room\"><\/i> 2<\/div><div class=\"n2r__list__item__feature n2r__list__item__feature--capacity\" title=\"4 pax\"><i class=\"n2r_people\"><\/i> 4<\/div><div class=\"n2r__list__item__feature n2r__list__item__feature--bathrooms\" title=\"2 lavabos\"><i class=\"n2r_toilet\"><\/i> 2<\/div><div class=\"n2r__list__item__feature n2r__list__item__feature--parking\" title=\"Aparcament\"><i class=\"n2r_parking\"><\/i> <\/div>    <\/div>\n    <div class=\"n2r__list__item__description\">Aquest apartament est\u00e0 situat al &quot;Conjunt Mar\u00edtim&quot;, a la Badia de Torre Valentina, a Calonge i Sant Antoni. Amb amplis jardins comunitaris i dues piscines, i amb acc\u00e9s directe a la platja, promet una estada ideal per a la ment i l\u2019\u00e0nima: tranquil\u00b7litat, rep\u00f2s i activitats amb brisa mediterr\u00e0nia.\r\nEl sal\u00f3-menjador \u00e9s un espai acollidor gr\u00e0cies al disseny, que combina mobles de fusta clara amb el terra de parquet, i una sortida a una gran terrassa amb magn\u00edfiques vistes a la platja de Torre Valentina i a tota la badia de Sant Antoni i Palam\u00f3s.\r\nDisposa de dues habitacions dobles: una suite amb llit de matrimoni, bany amb dutxa i sortida a la terrassa; i l\u2019altra, amb dos llits individuals i un segon bany amb dutxa. La cuina, totalment reformada el 2024, compta amb electrodom\u00e8stics de primera qualitat i alta efici\u00e8ncia energ\u00e8tica.\r\nL\u2019apartament disposa d\u2019aparcament al garatge del mateix edifici i d\u2019internet wifi gratu\u00eft. La comunitat compta amb ascensor i servei de consergeria les 24 hores durant l\u2019estiu.\r\n<\/div>\n    <div class=\"n2r__list__item__footer\">\n      <div class=\"n2r__list__item__price\"><span class=\"n2r__list__item__price__from\">Des de 103,45 \u20ac <small class=\"n2r__list__item__price__from__type\">\/  Dia<\/small><\/span><\/div>    <\/div>\n  <\/div>\n  <a class=\"n2r__list__item__link\" href=\"https:\/\/www.riartturistic.com\/ca\/allotjament-en-detall\/lloguer-apartament-maritim-ii-26-torre-valentina-calonge-25475\/\">M\u00e9s detalls<\/a>\n  <a class=\"n2r__list__item__wishlistmodifybutton n2r__wishlistmodifybutton\" data-n2r-url=\"https:\/\/www.riartturistic.com\/wp-json\/n2r\/v1\/wishlistmodify\"><\/a><\/div><div class=\"n2r__list__item n2r__clickable   n2r__safeandclean\" data-id=\"25681\">\n    <div class=\"n2r__list__item__gallery n2r__slider\">\n    <div class=\"slide-item\"><img data-lazy=\"https:\/\/files.net2rent.com\/pfiles\/295\/25681\/616677-m.jpg\" alt=\"L15.52 SAGUER  5-2 Apartament  Sant Antoni de Calonge\" title=\"L15.52 SAGUER  5-2 Apartament  Sant Antoni de Calonge\"><\/div><div class=\"slide-item\"><img data-lazy=\"https:\/\/files.net2rent.com\/pfiles\/295\/25681\/616678-m.jpg\" alt=\"L15.52 SAGUER  5-2 Apartament  Sant Antoni de Calonge\" title=\"L15.52 SAGUER  5-2 Apartament  Sant Antoni de Calonge\"><\/div><div class=\"slide-item\"><img data-lazy=\"https:\/\/files.net2rent.com\/pfiles\/295\/25681\/616676-m.jpg\" alt=\"L15.52 SAGUER  5-2 Apartament  Sant Antoni de Calonge\" title=\"L15.52 SAGUER  5-2 Apartament  Sant Antoni de Calonge\"><\/div><div class=\"slide-item\"><img data-lazy=\"https:\/\/files.net2rent.com\/pfiles\/295\/25681\/616679-m.jpg\" alt=\"L15.52 SAGUER  5-2 Apartament  Sant Antoni de Calonge\" title=\"L15.52 SAGUER  5-2 Apartament  Sant Antoni de Calonge\"><\/div><div class=\"slide-item\"><img data-lazy=\"https:\/\/files.net2rent.com\/pfiles\/295\/25681\/616680-m.jpg\" alt=\"L15.52 SAGUER  5-2 Apartament  Sant Antoni de Calonge\" title=\"L15.52 SAGUER  5-2 Apartament  Sant Antoni de Calonge\"><\/div><div class=\"slide-item\"><img data-lazy=\"https:\/\/files.net2rent.com\/pfiles\/295\/25681\/616684-m.jpg\" alt=\"L15.52 SAGUER  5-2 Apartament  Sant Antoni de Calonge\" title=\"L15.52 SAGUER  5-2 Apartament  Sant Antoni de Calonge\"><\/div><div class=\"slide-item\"><img data-lazy=\"https:\/\/files.net2rent.com\/pfiles\/295\/25681\/616682-m.jpg\" alt=\"L15.52 SAGUER  5-2 Apartament  Sant Antoni de Calonge\" title=\"L15.52 SAGUER  5-2 Apartament  Sant Antoni de Calonge\"><\/div><div class=\"slide-item\"><img data-lazy=\"https:\/\/files.net2rent.com\/pfiles\/295\/25681\/616681-m.jpg\" alt=\"L15.52 SAGUER  5-2 Apartament  Sant Antoni de Calonge\" title=\"L15.52 SAGUER  5-2 Apartament  Sant Antoni de Calonge\"><\/div>  <\/div>\n\n  <div class=\"n2r__list__item__info\">\n    <div class=\"n2r__list__item__title\">\n      <h2 class=\"n2r__list__item__name\">\n        <a href=\"https:\/\/www.riartturistic.com\/ca\/allotjament-en-detall\/lloguer-apartament-saguer-5-2-sant-antoni-de-calonge-25681\/\">QUAN EL MAR \u00c9S CASA TEVA: MAGNIFIC APARTAMENT D\u2019ESTIU DAVANT DE LA BADIA<\/a>\n      <\/h2>\n          <\/div>\n    <div class=\"n2r__list__item__title\">\n      <div class=\"n2r__list__item__reference\">Ref: L15.52<\/div>\n      <div class=\"n2r__list__item__turisticreference\">000653<\/div>      <div class=\"n2r__list__item__city\">SANT ANTONI DE CALONGE<\/div>\n              <div class=\"n2r__list__item__rating\">\n          <div class=\"n2r__rating\">\n            <div class=\"n2r__rating__complete\" style=\"width:0%\"><\/div>\n          <\/div>\n        <\/div>\n          <\/div>\n    <div class=\"n2r__list__item__features\">\n      <div class=\"n2r__list__item__feature n2r__list__item__feature--rooms\" title=\"2 habitacions\"><i class=\"n2r_room\"><\/i> 2<\/div><div class=\"n2r__list__item__feature n2r__list__item__feature--capacity\" title=\"4 pax\"><i class=\"n2r_people\"><\/i> 4<\/div><div class=\"n2r__list__item__feature n2r__list__item__feature--bathrooms\" title=\"1 lavabos\"><i class=\"n2r_toilet\"><\/i> 1<\/div>    <\/div>\n    <div class=\"n2r__list__item__description\">Aquest apartament de lloguer de temporada \u00e9s l\u2019opci\u00f3 ideal per gaudir plenament de l\u2019estiu a la Costa Brava. Situat en primera l\u00ednia de mar, al passeig mar\u00edtim de Sant Antoni de Calonge, ofereix unes vistes panor\u00e0miques excepcionals sobre tota la badia, convertint-se en un escenari privilegiat per viure el mar cada dia, des de la sortida del sol fins als capvespres.Situat en una planta superior d\u2019un edifici amb ascensor, l\u2019habitatge ofereix privacitat, molta llum natural i una sensaci\u00f3 constant d\u2019amplitud. Ha estat recentment reformat i presenta un disseny modern i funcional, amb una decoraci\u00f3 cuidada i acabats de qualitat que combinen marbre i parquet, aportant un estil elegant i actual.El sal\u00f3-menjador destaca per la seva amplitud i per la connexi\u00f3 directa amb una terrassa frontal equipada amb mobiliari d\u2019exterior, ideal per relaxar-se, llegir o compartir \u00e0pats amb el mar de fons.L\u2019apartament disposa de dues habitacions dobles. L\u2019habitaci\u00f3 principal compta amb llit de matrimoni, armaris encastats i acc\u00e9s a una terrassa posterior, mentre que la segona habitaci\u00f3 ofereix dos llits individuals.La cuina \u00e9s independent i est\u00e0 totalment equipada amb electrodom\u00e8stics moderns. El bany \u00e9s complet i disposa d\u2019un pr\u00e0ctic plat de dutxa.\r\nIMPORTANT\r\n\u00d8\u00a0 Despeses d&#039;electricitat i aigua, llen\u00e7ols, tovalloles i productes de neteja no estan inclosos\u00a0\u00a0(disposem de lloguer de roba).\r\n\u00d8\u00a0 No s\u2019accepten animals de companyia. \r\n\u00d8\u00a0 S&#039;han de respectar les normes de la comunitat.<\/div>\n    <div class=\"n2r__list__item__footer\">\n      <div class=\"n2r__list__item__price\"><span class=\"n2r__list__item__price__from\">Des de 80,55 \u20ac <small class=\"n2r__list__item__price__from__type\">\/  Dia<\/small><\/span><\/div>    <\/div>\n  <\/div>\n  <a class=\"n2r__list__item__link\" href=\"https:\/\/www.riartturistic.com\/ca\/allotjament-en-detall\/lloguer-apartament-saguer-5-2-sant-antoni-de-calonge-25681\/\">M\u00e9s detalls<\/a>\n  <a class=\"n2r__list__item__wishlistmodifybutton n2r__wishlistmodifybutton\" data-n2r-url=\"https:\/\/www.riartturistic.com\/wp-json\/n2r\/v1\/wishlistmodify\"><\/a><\/div><div class=\"n2r__list__item n2r__clickable   n2r__safeandclean\" data-id=\"26556\">\n    <div class=\"n2r__list__item__gallery n2r__slider\">\n    <div class=\"slide-item\"><img data-lazy=\"https:\/\/files.net2rent.com\/pfiles\/295\/26556\/611778-qw-o-m.jpg\" alt=\"L05.66 SERRALLONGA  6-F Apartament COSTA BRAVA SANT ANTONI DE CALONGE\" title=\"L05.66 SERRALLONGA  6-F Apartament COSTA BRAVA SANT ANTONI DE CALONGE\"><\/div><div class=\"slide-item\"><img data-lazy=\"https:\/\/files.net2rent.com\/pfiles\/295\/26556\/611782-Q6-o-m.jpg\" alt=\"L05.66 SERRALLONGA  6-F Apartament COSTA BRAVA SANT ANTONI DE CALONGE\" title=\"L05.66 SERRALLONGA  6-F Apartament COSTA BRAVA SANT ANTONI DE CALONGE\"><\/div><div class=\"slide-item\"><img data-lazy=\"https:\/\/files.net2rent.com\/pfiles\/295\/26556\/611783-w8-o-m.jpg\" alt=\"L05.66 SERRALLONGA  6-F Apartament COSTA BRAVA SANT ANTONI DE CALONGE\" title=\"L05.66 SERRALLONGA  6-F Apartament COSTA BRAVA SANT ANTONI DE CALONGE\"><\/div><div class=\"slide-item\"><img data-lazy=\"https:\/\/files.net2rent.com\/pfiles\/295\/26556\/611784-KL-o-m.jpg\" alt=\"L05.66 SERRALLONGA  6-F Apartament COSTA BRAVA SANT ANTONI DE CALONGE\" title=\"L05.66 SERRALLONGA  6-F Apartament COSTA BRAVA SANT ANTONI DE CALONGE\"><\/div><div class=\"slide-item\"><img data-lazy=\"https:\/\/files.net2rent.com\/pfiles\/295\/26556\/611779-PC-o-m.jpg\" alt=\"L05.66 SERRALLONGA  6-F Apartament COSTA BRAVA SANT ANTONI DE CALONGE\" title=\"L05.66 SERRALLONGA  6-F Apartament COSTA BRAVA SANT ANTONI DE CALONGE\"><\/div><div class=\"slide-item\"><img data-lazy=\"https:\/\/files.net2rent.com\/pfiles\/295\/26556\/611785-Jc-o-m.jpg\" alt=\"L05.66 SERRALLONGA  6-F Apartament COSTA BRAVA SANT ANTONI DE CALONGE\" title=\"L05.66 SERRALLONGA  6-F Apartament COSTA BRAVA SANT ANTONI DE CALONGE\"><\/div><div class=\"slide-item\"><img data-lazy=\"https:\/\/files.net2rent.com\/pfiles\/295\/26556\/611775-xv-o-m.jpg\" alt=\"L05.66 SERRALLONGA  6-F Apartament COSTA BRAVA SANT ANTONI DE CALONGE\" title=\"L05.66 SERRALLONGA  6-F Apartament COSTA BRAVA SANT ANTONI DE CALONGE\"><\/div><div class=\"slide-item\"><img data-lazy=\"https:\/\/files.net2rent.com\/pfiles\/295\/26556\/611777-9r-o-m.jpg\" alt=\"L05.66 SERRALLONGA  6-F Apartament COSTA BRAVA SANT ANTONI DE CALONGE\" title=\"L05.66 SERRALLONGA  6-F Apartament COSTA BRAVA SANT ANTONI DE CALONGE\"><\/div><div class=\"slide-item\"><img data-lazy=\"https:\/\/files.net2rent.com\/pfiles\/295\/26556\/611776-jB-o-m.jpg\" alt=\"L05.66 SERRALLONGA  6-F Apartament COSTA BRAVA SANT ANTONI DE CALONGE\" title=\"L05.66 SERRALLONGA  6-F Apartament COSTA BRAVA SANT ANTONI DE CALONGE\"><\/div><div class=\"slide-item\"><img data-lazy=\"https:\/\/files.net2rent.com\/pfiles\/295\/26556\/611774-gR-o-m.jpg\" alt=\"L05.66 SERRALLONGA  6-F Apartament COSTA BRAVA SANT ANTONI DE CALONGE\" title=\"L05.66 SERRALLONGA  6-F Apartament COSTA BRAVA SANT ANTONI DE CALONGE\"><\/div><div class=\"slide-item\"><img data-lazy=\"https:\/\/files.net2rent.com\/pfiles\/295\/26556\/611773-ji-o-m.jpg\" alt=\"L05.66 SERRALLONGA  6-F Apartament COSTA BRAVA SANT ANTONI DE CALONGE\" title=\"L05.66 SERRALLONGA  6-F Apartament COSTA BRAVA SANT ANTONI DE CALONGE\"><\/div>  <\/div>\n\n  <div class=\"n2r__list__item__info\">\n    <div class=\"n2r__list__item__title\">\n      <h2 class=\"n2r__list__item__name\">\n        <a href=\"https:\/\/www.riartturistic.com\/ca\/allotjament-en-detall\/lloguer-apartament-serrallonga-6-f-sant-antoni-de-calonge-26556\/\">APARTAMENT 1ERA L\u00cdNIA, AMB UN ENCANTADOR DISSENY MAR\u00cdTIM I VISTES ESPECTACULARS<\/a>\n      <\/h2>\n          <\/div>\n    <div class=\"n2r__list__item__title\">\n      <div class=\"n2r__list__item__reference\">Ref: L05.66<\/div>\n      <div class=\"n2r__list__item__turisticreference\">026213<\/div>      <div class=\"n2r__list__item__city\">SANT ANTONI DE CALONGE<\/div>\n              <div class=\"n2r__list__item__rating\">\n          <div class=\"n2r__rating\">\n            <div class=\"n2r__rating__complete\" style=\"width:0%\"><\/div>\n          <\/div>\n        <\/div>\n          <\/div>\n    <div class=\"n2r__list__item__features\">\n      <div class=\"n2r__list__item__feature n2r__list__item__feature--rooms\" title=\"2 habitacions\"><i class=\"n2r_room\"><\/i> 2<\/div><div class=\"n2r__list__item__feature n2r__list__item__feature--capacity\" title=\"4 pax\"><i class=\"n2r_people\"><\/i> 4<\/div><div class=\"n2r__list__item__feature n2r__list__item__feature--bathrooms\" title=\"1 lavabos\"><i class=\"n2r_toilet\"><\/i> 1<\/div><div class=\"n2r__list__item__feature n2r__list__item__feature--parking\" title=\"Aparcament\"><i class=\"n2r_parking\"><\/i> <\/div>    <\/div>\n    <div class=\"n2r__list__item__description\">Serrallonga, situat al passeig mar\u00edtim de Sant Antoni de Calonge, des d\u2019un 6\u00e8 pis ofereix unes vistes fant\u00e0stiques a tota la badia. Disposa de mobiliari de qualitat i detalls decoratius en tonalitats terra, blaus i verds. L\u2019ampli sal\u00f3-menjador compta amb sof\u00e0, televisi\u00f3 de pantalla plana i acc\u00e9s a una gran terrassa amb espectaculars vistes al mar, equipada amb taula, cadires i una hamaca relax.\r\nLa cuina \u00e9s independent i totalment equipada. L\u2019habitatge inclou una habitaci\u00f3 principal amb llit de matrimoni i acc\u00e9s directe a la terrassa, i una segona habitaci\u00f3 doble amb dos llits individuals; ambdues disposen d\u2019armaris de gran capacitat. El bany \u00e9s complet i amb plat de dutxa.\r\nA m\u00e9s, l\u2019apartament ofereix rentadora, calefacci\u00f3, persianes el\u00e8ctriques i pla\u00e7a d\u2019aparcament al mateix immoble.\r\nIMPORTANT\r\n\u00d8\u00a0 Llen\u00e7ols, tovalloles i productes de neteja o d\u2019higiene\u00a0personal no estan inclosos \u00a0(disposem de lloguer de roba).\r\n\u00d8\u00a0 No s\u2019accepten animals de companyia. \r\n\u00d8\u00a0 S&#039;han de respectar les normes de la comunitat.<\/div>\n    <div class=\"n2r__list__item__footer\">\n      <div class=\"n2r__list__item__price\"><span class=\"n2r__list__item__price__from\">Des de 76,67 \u20ac <small class=\"n2r__list__item__price__from__type\">\/  Dia<\/small><\/span><\/div>    <\/div>\n  <\/div>\n  <a class=\"n2r__list__item__link\" href=\"https:\/\/www.riartturistic.com\/ca\/allotjament-en-detall\/lloguer-apartament-serrallonga-6-f-sant-antoni-de-calonge-26556\/\">M\u00e9s detalls<\/a>\n  <a class=\"n2r__list__item__wishlistmodifybutton n2r__wishlistmodifybutton\" data-n2r-url=\"https:\/\/www.riartturistic.com\/wp-json\/n2r\/v1\/wishlistmodify\"><\/a><\/div><div class=\"n2r__list__item n2r__clickable   n2r__safeandclean\" data-id=\"23027\">\n    <div class=\"n2r__list__item__gallery n2r__slider\">\n    <div class=\"slide-item\"><img data-lazy=\"https:\/\/files.net2rent.com\/pfiles\/295\/23027\/616593-m.jpg\" alt=\"L15.51 SAGUER 5-1 Apartament  SANT ANTONI DE CALONGE\" title=\"L15.51 SAGUER 5-1 Apartament  SANT ANTONI DE CALONGE\"><\/div><div class=\"slide-item\"><img data-lazy=\"https:\/\/files.net2rent.com\/pfiles\/295\/23027\/616590-m.jpg\" alt=\"L15.51 SAGUER 5-1 Apartament  SANT ANTONI DE CALONGE\" title=\"L15.51 SAGUER 5-1 Apartament  SANT ANTONI DE CALONGE\"><\/div><div class=\"slide-item\"><img data-lazy=\"https:\/\/files.net2rent.com\/pfiles\/295\/23027\/616591-m.jpg\" alt=\"L15.51 SAGUER 5-1 Apartament  SANT ANTONI DE CALONGE\" title=\"L15.51 SAGUER 5-1 Apartament  SANT ANTONI DE CALONGE\"><\/div><div class=\"slide-item\"><img data-lazy=\"https:\/\/files.net2rent.com\/pfiles\/295\/23027\/616594-m.jpg\" alt=\"L15.51 SAGUER 5-1 Apartament  SANT ANTONI DE CALONGE\" title=\"L15.51 SAGUER 5-1 Apartament  SANT ANTONI DE CALONGE\"><\/div><div class=\"slide-item\"><img data-lazy=\"https:\/\/files.net2rent.com\/pfiles\/295\/23027\/616595-m.jpg\" alt=\"L15.51 SAGUER 5-1 Apartament  SANT ANTONI DE CALONGE\" title=\"L15.51 SAGUER 5-1 Apartament  SANT ANTONI DE CALONGE\"><\/div><div class=\"slide-item\"><img data-lazy=\"https:\/\/files.net2rent.com\/pfiles\/295\/23027\/616599-m.jpg\" alt=\"L15.51 SAGUER 5-1 Apartament  SANT ANTONI DE CALONGE\" title=\"L15.51 SAGUER 5-1 Apartament  SANT ANTONI DE CALONGE\"><\/div><div class=\"slide-item\"><img data-lazy=\"https:\/\/files.net2rent.com\/pfiles\/295\/23027\/616600-m.jpg\" alt=\"L15.51 SAGUER 5-1 Apartament  SANT ANTONI DE CALONGE\" title=\"L15.51 SAGUER 5-1 Apartament  SANT ANTONI DE CALONGE\"><\/div><div class=\"slide-item\"><img data-lazy=\"https:\/\/files.net2rent.com\/pfiles\/295\/23027\/616598-m.jpg\" alt=\"L15.51 SAGUER 5-1 Apartament  SANT ANTONI DE CALONGE\" title=\"L15.51 SAGUER 5-1 Apartament  SANT ANTONI DE CALONGE\"><\/div><div class=\"slide-item\"><img data-lazy=\"https:\/\/files.net2rent.com\/pfiles\/295\/23027\/616597-m.jpg\" alt=\"L15.51 SAGUER 5-1 Apartament  SANT ANTONI DE CALONGE\" title=\"L15.51 SAGUER 5-1 Apartament  SANT ANTONI DE CALONGE\"><\/div><div class=\"slide-item\"><img data-lazy=\"https:\/\/files.net2rent.com\/pfiles\/295\/23027\/616596-m.jpg\" alt=\"L15.51 SAGUER 5-1 Apartament  SANT ANTONI DE CALONGE\" title=\"L15.51 SAGUER 5-1 Apartament  SANT ANTONI DE CALONGE\"><\/div><div class=\"slide-item\"><img data-lazy=\"https:\/\/files.net2rent.com\/pfiles\/295\/23027\/616601-m.jpg\" alt=\"L15.51 SAGUER 5-1 Apartament  SANT ANTONI DE CALONGE\" title=\"L15.51 SAGUER 5-1 Apartament  SANT ANTONI DE CALONGE\"><\/div><div class=\"slide-item\"><img data-lazy=\"https:\/\/files.net2rent.com\/pfiles\/295\/23027\/616592-m.jpg\" alt=\"L15.51 SAGUER 5-1 Apartament  SANT ANTONI DE CALONGE\" title=\"L15.51 SAGUER 5-1 Apartament  SANT ANTONI DE CALONGE\"><\/div>  <\/div>\n\n  <div class=\"n2r__list__item__info\">\n    <div class=\"n2r__list__item__title\">\n      <h2 class=\"n2r__list__item__name\">\n        <a href=\"https:\/\/www.riartturistic.com\/ca\/allotjament-en-detall\/lloguer-apartament-saguer-5-1-sant-antoni-de-calonge-23027\/\">ESPECTACULAR APARTAMENT, ELEG\u00c0NCIA I VISTES, GAUDEIX DEL MAR SENTINT-TE COM A CASA<\/a>\n      <\/h2>\n          <\/div>\n    <div class=\"n2r__list__item__title\">\n      <div class=\"n2r__list__item__reference\">Ref: L15.51<\/div>\n      <div class=\"n2r__list__item__turisticreference\">000652<\/div>      <div class=\"n2r__list__item__city\">SANT ANTONI DE CALONGE<\/div>\n              <div class=\"n2r__list__item__rating\">\n          <div class=\"n2r__rating\">\n            <div class=\"n2r__rating__complete\" style=\"width:0%\"><\/div>\n          <\/div>\n        <\/div>\n          <\/div>\n    <div class=\"n2r__list__item__features\">\n      <div class=\"n2r__list__item__feature n2r__list__item__feature--rooms\" title=\"4 habitacions\"><i class=\"n2r_room\"><\/i> 4<\/div><div class=\"n2r__list__item__feature n2r__list__item__feature--capacity\" title=\"8 pax\"><i class=\"n2r_people\"><\/i> 8<\/div><div class=\"n2r__list__item__feature n2r__list__item__feature--bathrooms\" title=\"2 lavabos\"><i class=\"n2r_toilet\"><\/i> 2<\/div>    <\/div>\n    <div class=\"n2r__list__item__description\">Descobreix aquest magn\u00edfic apartament a l&#039;edifici Saguer, a primera l\u00ednia de mar, on la llum, les vistes i el disseny es fusionen per crear un espai \u00fanic. Gaudeix d&#039;impressionants vistes panor\u00e0miques des de la terrassa i el sal\u00f3, que abracen tota la badia, del port de Palam\u00f3s fins a Torre Valentina.\u00a0Decorat amb molt de gust, presenta un estil modern i acollidor, amb una inspiraci\u00f3 mar\u00edtima que aporta un ambient llumin\u00f3s i relaxant. Disposa de 4 dormitoris dobles, ampli sal\u00f3-menjador amb sortida a una gran terrassa cantonera, cuina independent totalment equipada i 2 banys complets. Acabats de qualitat superior, parquet, persianes el\u00e8ctriques i edifici amb ascensor. Ubicaci\u00f3 immillorable, al costat del passeig mar\u00edtim i a prop de tots els serveis.\r\nIMPORTANT\r\n\u00d8\u00a0 Despeses d&#039;electricitat i aigua, llen\u00e7ols, tovalloles i productes de neteja no estan inclosos \u00a0(disposem de lloguer de roba).\r\n\u00d8\u00a0 No s\u2019accepten animals de companyia. \r\n\u00d8\u00a0 S&#039;han de respectar les normes de la comunitat.\r\n<\/div>\n    <div class=\"n2r__list__item__footer\">\n      <div class=\"n2r__list__item__price\"><span class=\"n2r__list__item__price__from\">Des de 116,65 \u20ac <small class=\"n2r__list__item__price__from__type\">\/  Dia<\/small><\/span><\/div>    <\/div>\n  <\/div>\n  <a class=\"n2r__list__item__link\" href=\"https:\/\/www.riartturistic.com\/ca\/allotjament-en-detall\/lloguer-apartament-saguer-5-1-sant-antoni-de-calonge-23027\/\">M\u00e9s detalls<\/a>\n  <a class=\"n2r__list__item__wishlistmodifybutton n2r__wishlistmodifybutton\" data-n2r-url=\"https:\/\/www.riartturistic.com\/wp-json\/n2r\/v1\/wishlistmodify\"><\/a><\/div><div class=\"n2r__list__item n2r__clickable   n2r__safeandclean\" data-id=\"26535\">\n    <div class=\"n2r__list__item__gallery n2r__slider\">\n    <div class=\"slide-item\"><img data-lazy=\"https:\/\/files.net2rent.com\/pfiles\/295\/26535\/614886-V3-o-m.jpg\" alt=\"L01.21 CARMANTO 2 - 1 Apartament COSTA BRAVA TORRE VALENTINA - CALONGE\" title=\"L01.21 CARMANTO 2 - 1 Apartament COSTA BRAVA TORRE VALENTINA - CALONGE\"><\/div><div class=\"slide-item\"><img data-lazy=\"https:\/\/files.net2rent.com\/pfiles\/295\/26535\/606598-7S-o-m.jpg\" alt=\"L01.21 CARMANTO 2 - 1 Apartament COSTA BRAVA TORRE VALENTINA - CALONGE\" title=\"L01.21 CARMANTO 2 - 1 Apartament COSTA BRAVA TORRE VALENTINA - CALONGE\"><\/div><div class=\"slide-item\"><img data-lazy=\"https:\/\/files.net2rent.com\/pfiles\/295\/26535\/606581-m3-o-m.jpg\" alt=\"L01.21 CARMANTO 2 - 1 Apartament COSTA BRAVA TORRE VALENTINA - CALONGE\" title=\"L01.21 CARMANTO 2 - 1 Apartament COSTA BRAVA TORRE VALENTINA - CALONGE\"><\/div><div class=\"slide-item\"><img data-lazy=\"https:\/\/files.net2rent.com\/pfiles\/295\/26535\/614887-7H-o-m.jpg\" alt=\"L01.21 CARMANTO 2 - 1 Apartament COSTA BRAVA TORRE VALENTINA - CALONGE\" title=\"L01.21 CARMANTO 2 - 1 Apartament COSTA BRAVA TORRE VALENTINA - CALONGE\"><\/div><div class=\"slide-item\"><img data-lazy=\"https:\/\/files.net2rent.com\/pfiles\/295\/26535\/606583-mG-o-m.jpg\" alt=\"L01.21 CARMANTO 2 - 1 Apartament COSTA BRAVA TORRE VALENTINA - CALONGE\" title=\"L01.21 CARMANTO 2 - 1 Apartament COSTA BRAVA TORRE VALENTINA - CALONGE\"><\/div><div class=\"slide-item\"><img data-lazy=\"https:\/\/files.net2rent.com\/pfiles\/295\/26535\/606582-mm-o-m.jpg\" alt=\"L01.21 CARMANTO 2 - 1 Apartament COSTA BRAVA TORRE VALENTINA - CALONGE\" title=\"L01.21 CARMANTO 2 - 1 Apartament COSTA BRAVA TORRE VALENTINA - CALONGE\"><\/div><div class=\"slide-item\"><img data-lazy=\"https:\/\/files.net2rent.com\/pfiles\/295\/26535\/614888-7F-o-m.jpg\" alt=\"L01.21 CARMANTO 2 - 1 Apartament COSTA BRAVA TORRE VALENTINA - CALONGE\" title=\"L01.21 CARMANTO 2 - 1 Apartament COSTA BRAVA TORRE VALENTINA - CALONGE\"><\/div><div class=\"slide-item\"><img data-lazy=\"https:\/\/files.net2rent.com\/pfiles\/295\/26535\/606585-3J-o-m.jpg\" alt=\"L01.21 CARMANTO 2 - 1 Apartament COSTA BRAVA TORRE VALENTINA - CALONGE\" title=\"L01.21 CARMANTO 2 - 1 Apartament COSTA BRAVA TORRE VALENTINA - CALONGE\"><\/div><div class=\"slide-item\"><img data-lazy=\"https:\/\/files.net2rent.com\/pfiles\/295\/26535\/606584-Sn-o-m.jpg\" alt=\"L01.21 CARMANTO 2 - 1 Apartament COSTA BRAVA TORRE VALENTINA - CALONGE\" title=\"L01.21 CARMANTO 2 - 1 Apartament COSTA BRAVA TORRE VALENTINA - CALONGE\"><\/div>  <\/div>\n\n  <div class=\"n2r__list__item__info\">\n    <div class=\"n2r__list__item__title\">\n      <h2 class=\"n2r__list__item__name\">\n        <a href=\"https:\/\/www.riartturistic.com\/ca\/allotjament-en-detall\/lloguer-apartament-carmanto-2-1-torre-valentina-calonge-26535\/\">APARTAMENT EN URBANITZACI\u00d3 RESIDENCIAL, A POCS METRES DE LA PLATJA I AMB VISTES AL MAR<\/a>\n      <\/h2>\n          <\/div>\n    <div class=\"n2r__list__item__title\">\n      <div class=\"n2r__list__item__reference\">Ref: L01.21<\/div>\n      <div class=\"n2r__list__item__turisticreference\">002312<\/div>      <div class=\"n2r__list__item__city\">TORRE VALENTINA - CALONGE<\/div>\n              <div class=\"n2r__list__item__rating\">\n          <div class=\"n2r__rating\">\n            <div class=\"n2r__rating__complete\" style=\"width:0%\"><\/div>\n          <\/div>\n        <\/div>\n          <\/div>\n    <div class=\"n2r__list__item__features\">\n      <div class=\"n2r__list__item__feature n2r__list__item__feature--rooms\" title=\"2 habitacions\"><i class=\"n2r_room\"><\/i> 2<\/div><div class=\"n2r__list__item__feature n2r__list__item__feature--capacity\" title=\"4 pax\"><i class=\"n2r_people\"><\/i> 4<\/div><div class=\"n2r__list__item__feature n2r__list__item__feature--bathrooms\" title=\"1 lavabos\"><i class=\"n2r_toilet\"><\/i> 1<\/div><div class=\"n2r__list__item__feature n2r__list__item__feature--parking\" title=\"Aparcament\"><i class=\"n2r_parking\"><\/i> <\/div>    <\/div>\n    <div class=\"n2r__list__item__description\">L&#039;Apartament CarmAnto es troba a l&#039;urbanitzaci\u00f3 de Torre Valentina, a nom\u00e9s uns passos del mar en un entorn tranquil per gaudir de l\u2019estiu a Calonge i Sant Antoni.\r\nAquests Apartaments, recen reformats i amb un disseny modern, ofereixen una \u00e0mplia sala d&#039;estar-menjador, una cuina moderna amb tots els electrodom\u00e8sticos i estris necessaris, dues habitacions dobles (un llit de matrimoni i dos llits individuals) i el bany amb una gran dutxa. El preu inclou una pla\u00e7a de p\u00e0rquing privada i wifi.\u00a0\r\nIMPORTANT\r\n\u00d8\u00a0 Llen\u00e7ols, tovalloles i productes de neteja o d\u2019higiene\u00a0personal no estan inclosos \u00a0(disposem de lloguer de roba).\r\n\u00d8\u00a0 No s\u2019accepten animals de companyia. \r\n\u00d8\u00a0 S&#039;han de respectar les normes de la comunitat.\r\n\r\n\u00a0\r\n<\/div>\n    <div class=\"n2r__list__item__footer\">\n      <div class=\"n2r__list__item__price\"><span class=\"n2r__list__item__price__from\">Des de 63,33 \u20ac <small class=\"n2r__list__item__price__from__type\">\/  Dia<\/small><\/span><\/div>    <\/div>\n  <\/div>\n  <a class=\"n2r__list__item__link\" href=\"https:\/\/www.riartturistic.com\/ca\/allotjament-en-detall\/lloguer-apartament-carmanto-2-1-torre-valentina-calonge-26535\/\">M\u00e9s detalls<\/a>\n  <a class=\"n2r__list__item__wishlistmodifybutton n2r__wishlistmodifybutton\" data-n2r-url=\"https:\/\/www.riartturistic.com\/wp-json\/n2r\/v1\/wishlistmodify\"><\/a><\/div><div class=\"n2r__list__item n2r__clickable   n2r__safeandclean\" data-id=\"26552\">\n    <div class=\"n2r__list__item__gallery n2r__slider\">\n    <div class=\"slide-item\"><img data-lazy=\"https:\/\/files.net2rent.com\/pfiles\/295\/26552\/616046-Xz-o-m.jpg\" alt=\"L03.341 MARINA  III  4-A Apartament COSTA BRAVA SANT ANTONI DE CALONGE\" title=\"L03.341 MARINA  III  4-A Apartament COSTA BRAVA SANT ANTONI DE CALONGE\"><\/div><div class=\"slide-item\"><img data-lazy=\"https:\/\/files.net2rent.com\/pfiles\/295\/26552\/616043-5e-o-m.jpg\" alt=\"L03.341 MARINA  III  4-A Apartament COSTA BRAVA SANT ANTONI DE CALONGE\" title=\"L03.341 MARINA  III  4-A Apartament COSTA BRAVA SANT ANTONI DE CALONGE\"><\/div><div class=\"slide-item\"><img data-lazy=\"https:\/\/files.net2rent.com\/pfiles\/295\/26552\/616044-CM-o-m.jpg\" alt=\"L03.341 MARINA  III  4-A Apartament COSTA BRAVA SANT ANTONI DE CALONGE\" title=\"L03.341 MARINA  III  4-A Apartament COSTA BRAVA SANT ANTONI DE CALONGE\"><\/div><div class=\"slide-item\"><img data-lazy=\"https:\/\/files.net2rent.com\/pfiles\/295\/26552\/616051-B8-o-m.jpg\" alt=\"L03.341 MARINA  III  4-A Apartament COSTA BRAVA SANT ANTONI DE CALONGE\" title=\"L03.341 MARINA  III  4-A Apartament COSTA BRAVA SANT ANTONI DE CALONGE\"><\/div><div class=\"slide-item\"><img data-lazy=\"https:\/\/files.net2rent.com\/pfiles\/295\/26552\/616050-3D-o-m.jpg\" alt=\"L03.341 MARINA  III  4-A Apartament COSTA BRAVA SANT ANTONI DE CALONGE\" title=\"L03.341 MARINA  III  4-A Apartament COSTA BRAVA SANT ANTONI DE CALONGE\"><\/div><div class=\"slide-item\"><img data-lazy=\"https:\/\/files.net2rent.com\/pfiles\/295\/26552\/616053-dA-o-m.jpg\" alt=\"L03.341 MARINA  III  4-A Apartament COSTA BRAVA SANT ANTONI DE CALONGE\" title=\"L03.341 MARINA  III  4-A Apartament COSTA BRAVA SANT ANTONI DE CALONGE\"><\/div><div class=\"slide-item\"><img data-lazy=\"https:\/\/files.net2rent.com\/pfiles\/295\/26552\/616052-KU-o-m.jpg\" alt=\"L03.341 MARINA  III  4-A Apartament COSTA BRAVA SANT ANTONI DE CALONGE\" title=\"L03.341 MARINA  III  4-A Apartament COSTA BRAVA SANT ANTONI DE CALONGE\"><\/div><div class=\"slide-item\"><img data-lazy=\"https:\/\/files.net2rent.com\/pfiles\/295\/26552\/616054-4r-o-m.jpg\" alt=\"L03.341 MARINA  III  4-A Apartament COSTA BRAVA SANT ANTONI DE CALONGE\" title=\"L03.341 MARINA  III  4-A Apartament COSTA BRAVA SANT ANTONI DE CALONGE\"><\/div><div class=\"slide-item\"><img data-lazy=\"https:\/\/files.net2rent.com\/pfiles\/295\/26552\/616055-Cr-o-m.jpg\" alt=\"L03.341 MARINA  III  4-A Apartament COSTA BRAVA SANT ANTONI DE CALONGE\" title=\"L03.341 MARINA  III  4-A Apartament COSTA BRAVA SANT ANTONI DE CALONGE\"><\/div><div class=\"slide-item\"><img data-lazy=\"https:\/\/files.net2rent.com\/pfiles\/295\/26552\/616048-21-o-m.jpg\" alt=\"L03.341 MARINA  III  4-A Apartament COSTA BRAVA SANT ANTONI DE CALONGE\" title=\"L03.341 MARINA  III  4-A Apartament COSTA BRAVA SANT ANTONI DE CALONGE\"><\/div><div class=\"slide-item\"><img data-lazy=\"https:\/\/files.net2rent.com\/pfiles\/295\/26552\/616056-04-o-m.jpg\" alt=\"L03.341 MARINA  III  4-A Apartament COSTA BRAVA SANT ANTONI DE CALONGE\" title=\"L03.341 MARINA  III  4-A Apartament COSTA BRAVA SANT ANTONI DE CALONGE\"><\/div>  <\/div>\n\n  <div class=\"n2r__list__item__info\">\n    <div class=\"n2r__list__item__title\">\n      <h2 class=\"n2r__list__item__name\">\n        <a href=\"https:\/\/www.riartturistic.com\/ca\/allotjament-en-detall\/lloguer-apartament-marina-iii-4-a-40-sant-antoni-de-calonge-26552\/\">APARTAMENT FAMILIAR A 100 METRES DE LA PLATJA I AMB VISTES AL MAR<\/a>\n      <\/h2>\n          <\/div>\n    <div class=\"n2r__list__item__title\">\n      <div class=\"n2r__list__item__reference\">Ref: L03.341<\/div>\n      <div class=\"n2r__list__item__turisticreference\">000665<\/div>      <div class=\"n2r__list__item__city\">SANT ANTONI DE CALONGE<\/div>\n              <div class=\"n2r__list__item__rating\">\n          <div class=\"n2r__rating\">\n            <div class=\"n2r__rating__complete\" style=\"width:0%\"><\/div>\n          <\/div>\n        <\/div>\n          <\/div>\n    <div class=\"n2r__list__item__features\">\n      <div class=\"n2r__list__item__feature n2r__list__item__feature--rooms\" title=\"2 habitacions\"><i class=\"n2r_room\"><\/i> 2<\/div><div class=\"n2r__list__item__feature n2r__list__item__feature--capacity\" title=\"4 pax\"><i class=\"n2r_people\"><\/i> 4<\/div><div class=\"n2r__list__item__feature n2r__list__item__feature--bathrooms\" title=\"1 lavabos\"><i class=\"n2r_toilet\"><\/i> 1<\/div><div class=\"n2r__list__item__feature n2r__list__item__feature--parking\" title=\"Aparcament\"><i class=\"n2r_parking\"><\/i> <\/div>    <\/div>\n    <div class=\"n2r__list__item__description\">Residencial MARINA, L&#039;apartament est\u00e0 situat a nom\u00e9s 100 metres del mar i del Passeig Mar\u00edtim Josep Mundet, a Sant Antoni de Calonge.Es tracta d\u2019un apartament ampli i llumin\u00f3s, amb una gran terrassa amb vistes des de la segona l\u00ednia al mar. Totes les estances s\u00f3n espaioses: la sala-menjador disposa d&#039;un sof\u00e0 gran i una taula menjador, i la cuina est\u00e0 equipada amb tots els electrodom\u00e8stics i estris necessaris.\r\nL\u2019apartament compta amb dues habitacions dobles: una amb llit de matrimoni i una altra amb dos llits individuals. Disposa d\u2019un bany amb dutxa.\r\nLa seva ubicaci\u00f3 \u00e9s ideal per a fam\u00edlies, ja que just davant de l\u2019edifici hi trobem una gran zona enjardinada amb palmeres, un parc infantil per a la diversi\u00f3 dels m\u00e9s petits de la casa, i comer\u00e7os pr\u00f2xims.\r\nA m\u00e9s, l\u2019apartament compta amb connexi\u00f3 wifi i pla\u00e7a d\u2019aparcament.\r\nIMPORTANT\r\n\u00b7\u00a0\u00a0\u00a0\u00a0\u00a0\u00a0 Llen\u00e7ols, tovalloles i productes de neteja o d\u2019higiene\u00a0personal no estan inclosos (disposem de lloguer de roba).\r\n\u00b7\u00a0\u00a0\u00a0\u00a0\u00a0\u00a0 No s\u2019accepten animals de companyia. \r\n\u00b7\u00a0\u00a0\u00a0\u00a0\u00a0\u00a0 S&#039;han de respectar les normes de la comunitat.<\/div>\n    <div class=\"n2r__list__item__footer\">\n      <div class=\"n2r__list__item__price\"><span class=\"n2r__list__item__price__from\">Des de 63,33 \u20ac <small class=\"n2r__list__item__price__from__type\">\/  Dia<\/small><\/span><\/div>    <\/div>\n  <\/div>\n  <a class=\"n2r__list__item__link\" href=\"https:\/\/www.riartturistic.com\/ca\/allotjament-en-detall\/lloguer-apartament-marina-iii-4-a-40-sant-antoni-de-calonge-26552\/\">M\u00e9s detalls<\/a>\n  <a class=\"n2r__list__item__wishlistmodifybutton n2r__wishlistmodifybutton\" data-n2r-url=\"https:\/\/www.riartturistic.com\/wp-json\/n2r\/v1\/wishlistmodify\"><\/a><\/div><div class=\"n2r__list__item n2r__clickable   n2r__safeandclean\" data-id=\"25741\">\n    <div class=\"n2r__list__item__gallery n2r__slider\">\n    <div class=\"slide-item\"><img data-lazy=\"https:\/\/files.net2rent.com\/pfiles\/295\/25741\/626180-m.jpg\" alt=\"L03.512 MARINA  V  1-B Apartament COSTA BRAVA Sant Antoni de Calonge\" title=\"L03.512 MARINA  V  1-B Apartament COSTA BRAVA Sant Antoni de Calonge\"><\/div><div class=\"slide-item\"><img data-lazy=\"https:\/\/files.net2rent.com\/pfiles\/295\/25741\/626175-m.jpg\" alt=\"L03.512 MARINA  V  1-B Apartament COSTA BRAVA Sant Antoni de Calonge\" title=\"L03.512 MARINA  V  1-B Apartament COSTA BRAVA Sant Antoni de Calonge\"><\/div><div class=\"slide-item\"><img data-lazy=\"https:\/\/files.net2rent.com\/pfiles\/295\/25741\/626182-m.jpg\" alt=\"L03.512 MARINA  V  1-B Apartament COSTA BRAVA Sant Antoni de Calonge\" title=\"L03.512 MARINA  V  1-B Apartament COSTA BRAVA Sant Antoni de Calonge\"><\/div><div class=\"slide-item\"><img data-lazy=\"https:\/\/files.net2rent.com\/pfiles\/295\/25741\/626173-m.jpg\" alt=\"L03.512 MARINA  V  1-B Apartament COSTA BRAVA Sant Antoni de Calonge\" title=\"L03.512 MARINA  V  1-B Apartament COSTA BRAVA Sant Antoni de Calonge\"><\/div><div class=\"slide-item\"><img data-lazy=\"https:\/\/files.net2rent.com\/pfiles\/295\/25741\/626177-m.jpg\" alt=\"L03.512 MARINA  V  1-B Apartament COSTA BRAVA Sant Antoni de Calonge\" title=\"L03.512 MARINA  V  1-B Apartament COSTA BRAVA Sant Antoni de Calonge\"><\/div><div class=\"slide-item\"><img data-lazy=\"https:\/\/files.net2rent.com\/pfiles\/295\/25741\/626176-m.jpg\" alt=\"L03.512 MARINA  V  1-B Apartament COSTA BRAVA Sant Antoni de Calonge\" title=\"L03.512 MARINA  V  1-B Apartament COSTA BRAVA Sant Antoni de Calonge\"><\/div><div class=\"slide-item\"><img data-lazy=\"https:\/\/files.net2rent.com\/pfiles\/295\/25741\/626179-m.jpg\" alt=\"L03.512 MARINA  V  1-B Apartament COSTA BRAVA Sant Antoni de Calonge\" title=\"L03.512 MARINA  V  1-B Apartament COSTA BRAVA Sant Antoni de Calonge\"><\/div><div class=\"slide-item\"><img data-lazy=\"https:\/\/files.net2rent.com\/pfiles\/295\/25741\/626178-m.jpg\" alt=\"L03.512 MARINA  V  1-B Apartament COSTA BRAVA Sant Antoni de Calonge\" title=\"L03.512 MARINA  V  1-B Apartament COSTA BRAVA Sant Antoni de Calonge\"><\/div><div class=\"slide-item\"><img data-lazy=\"https:\/\/files.net2rent.com\/pfiles\/295\/25741\/626174-m.jpg\" alt=\"L03.512 MARINA  V  1-B Apartament COSTA BRAVA Sant Antoni de Calonge\" title=\"L03.512 MARINA  V  1-B Apartament COSTA BRAVA Sant Antoni de Calonge\"><\/div><div class=\"slide-item\"><img data-lazy=\"https:\/\/files.net2rent.com\/pfiles\/295\/25741\/626181-m.jpg\" alt=\"L03.512 MARINA  V  1-B Apartament COSTA BRAVA Sant Antoni de Calonge\" title=\"L03.512 MARINA  V  1-B Apartament COSTA BRAVA Sant Antoni de Calonge\"><\/div>  <\/div>\n\n  <div class=\"n2r__list__item__info\">\n    <div class=\"n2r__list__item__title\">\n      <h2 class=\"n2r__list__item__name\">\n        <a href=\"https:\/\/www.riartturistic.com\/ca\/allotjament-en-detall\/lloguer-apartament-marina-v-1-b-s110-sant-antoni-de-calonge-25741\/\">APARTAMENT FAMILIAR A PROP DE LA PLATJA AMB PISCINA COMUNITARIA<\/a>\n      <\/h2>\n          <\/div>\n    <div class=\"n2r__list__item__title\">\n      <div class=\"n2r__list__item__reference\">Ref: L03.512<\/div>\n      <div class=\"n2r__list__item__turisticreference\">000649<\/div>      <div class=\"n2r__list__item__city\">SANT ANTONI DE CALONGE<\/div>\n              <div class=\"n2r__list__item__rating\">\n          <div class=\"n2r__rating\">\n            <div class=\"n2r__rating__complete\" style=\"width:0%\"><\/div>\n          <\/div>\n        <\/div>\n          <\/div>\n    <div class=\"n2r__list__item__features\">\n      <div class=\"n2r__list__item__feature n2r__list__item__feature--rooms\" title=\"3 habitacions\"><i class=\"n2r_room\"><\/i> 3<\/div><div class=\"n2r__list__item__feature n2r__list__item__feature--capacity\" title=\"6 pax\"><i class=\"n2r_people\"><\/i> 6<\/div><div class=\"n2r__list__item__feature n2r__list__item__feature--bathrooms\" title=\"2 lavabos\"><i class=\"n2r_toilet\"><\/i> 2<\/div><div class=\"n2r__list__item__feature n2r__list__item__feature--parking\" title=\"Aparcament\"><i class=\"n2r_parking\"><\/i> <\/div>    <\/div>\n    <div class=\"n2r__list__item__description\">L&#039;apartament MARINA a Sant Antoni de Calonge, a pocs passos del passeig mar\u00edtim Josep Mundet i de la platja, \u00e9s una opci\u00f3 perfecta per a aquells que busquen un lloguer vacacional a la Costa Brava. Situat a la 1a planta d\u2019un edifici residencial amb ascensor, combina comoditat i proximitat a la zona comercial, ideal per gaudir al m\u00e0xim de Calonge i Sant Antoni. A m\u00e9s, inclou una pla\u00e7a d\u2019aparcament subterr\u00e0nia, accessible directament des de l\u2019ascensor.\r\nL\u2019apartament disposa de 3 habitacions dobles i 2 banys complets. La suite principal compta amb un llit doble i un bany privat amb banyera. Les altres dues habitacions ofereixen configuracions diferents: una amb dos llits individuals i l\u2019altra amb un llit niu doble. El segon bany, equipat amb dutxa, est\u00e0 situat al passad\u00eds per a m\u00e9s comoditat.\r\nLa cuina independent est\u00e0 equipada amb forn, rentavaixelles i un safareig annex amb rentadora. El sal\u00f3-menjador, renovat el 2023 amb un sof\u00e0 chaise-longue extensible, connecta amb una terrassa que ofereix vistes al jard\u00ed de la comunitat on es situa la piscina i tamb\u00e9 donant al riu i diagonal mar. El sof\u00e0, a m\u00e9s de ser c\u00f2mode, permet allotjar puntualment una persona addicional.\r\nL\u2019apartament inclou internet wifi, calefacci\u00f3 de gas natural i tancaments d\u2019alumini, assegurant una estada confortable en qualsevol \u00e8poca de l\u2019any. L\u2019edifici destaca per la seva qualitat estructural, aix\u00ed com per la seva zona comunit\u00e0ria amb jard\u00ed i piscina, recentment renovada amb gespa artificial, que \u00e9s perfecte per relaxar-se i gaudir de l\u2019entorn.\r\nAquest acollidor apartament tur\u00edstic a la Costa Brava \u00e9s una excel\u00b7lent opci\u00f3 per a fam\u00edlies o grups fins a 6 persones que desitgin descobrir els encants d\u2019aquesta zona i gaudir d\u2019unes bones vacances en aquest dest\u00ed tan reconegut i atractiu per a molts.\r\nIMPORTANT\r\n\u00d8\u00a0 Llen\u00e7ols, tovalloles i productes de neteja o d\u2019higiene\u00a0personal no estan inclosos \u00a0(disposem de lloguer de roba).\r\n\u00d8\u00a0 No s\u2019accepten animals de companyia. \r\n\u00d8\u00a0 S&#039;han de respectar les normes de la comunitat.<\/div>\n    <div class=\"n2r__list__item__footer\">\n      <div class=\"n2r__list__item__price\"><span class=\"n2r__list__item__price__from\">Des de 66,66 \u20ac <small class=\"n2r__list__item__price__from__type\">\/  Dia<\/small><\/span><\/div>    <\/div>\n  <\/div>\n  <a class=\"n2r__list__item__link\" href=\"https:\/\/www.riartturistic.com\/ca\/allotjament-en-detall\/lloguer-apartament-marina-v-1-b-s110-sant-antoni-de-calonge-25741\/\">M\u00e9s detalls<\/a>\n  <a class=\"n2r__list__item__wishlistmodifybutton n2r__wishlistmodifybutton\" data-n2r-url=\"https:\/\/www.riartturistic.com\/wp-json\/n2r\/v1\/wishlistmodify\"><\/a><\/div><div class=\"n2r__list__item n2r__clickable   n2r__safeandclean\" data-id=\"26565\">\n    <div class=\"n2r__list__item__gallery n2r__slider\">\n    <div class=\"slide-item\"><img data-lazy=\"https:\/\/files.net2rent.com\/pfiles\/295\/26565\/626891-m.jpg\" alt=\"L03.622 MARINA  VI  2-B  Apartament  Sant Antoni de Calonge\" title=\"L03.622 MARINA  VI  2-B  Apartament  Sant Antoni de Calonge\"><\/div><div class=\"slide-item\"><img data-lazy=\"https:\/\/files.net2rent.com\/pfiles\/295\/26565\/626892-m.jpg\" alt=\"L03.622 MARINA  VI  2-B  Apartament  Sant Antoni de Calonge\" title=\"L03.622 MARINA  VI  2-B  Apartament  Sant Antoni de Calonge\"><\/div><div class=\"slide-item\"><img data-lazy=\"https:\/\/files.net2rent.com\/pfiles\/295\/26565\/626893-m.jpg\" alt=\"L03.622 MARINA  VI  2-B  Apartament  Sant Antoni de Calonge\" title=\"L03.622 MARINA  VI  2-B  Apartament  Sant Antoni de Calonge\"><\/div><div class=\"slide-item\"><img data-lazy=\"https:\/\/files.net2rent.com\/pfiles\/295\/26565\/626894-m.jpg\" alt=\"L03.622 MARINA  VI  2-B  Apartament  Sant Antoni de Calonge\" title=\"L03.622 MARINA  VI  2-B  Apartament  Sant Antoni de Calonge\"><\/div><div class=\"slide-item\"><img data-lazy=\"https:\/\/files.net2rent.com\/pfiles\/295\/26565\/626895-m.jpg\" alt=\"L03.622 MARINA  VI  2-B  Apartament  Sant Antoni de Calonge\" title=\"L03.622 MARINA  VI  2-B  Apartament  Sant Antoni de Calonge\"><\/div><div class=\"slide-item\"><img data-lazy=\"https:\/\/files.net2rent.com\/pfiles\/295\/26565\/626896-m.jpg\" alt=\"L03.622 MARINA  VI  2-B  Apartament  Sant Antoni de Calonge\" title=\"L03.622 MARINA  VI  2-B  Apartament  Sant Antoni de Calonge\"><\/div><div class=\"slide-item\"><img data-lazy=\"https:\/\/files.net2rent.com\/pfiles\/295\/26565\/626897-m.jpg\" alt=\"L03.622 MARINA  VI  2-B  Apartament  Sant Antoni de Calonge\" title=\"L03.622 MARINA  VI  2-B  Apartament  Sant Antoni de Calonge\"><\/div><div class=\"slide-item\"><img data-lazy=\"https:\/\/files.net2rent.com\/pfiles\/295\/26565\/626898-m.jpg\" alt=\"L03.622 MARINA  VI  2-B  Apartament  Sant Antoni de Calonge\" title=\"L03.622 MARINA  VI  2-B  Apartament  Sant Antoni de Calonge\"><\/div><div class=\"slide-item\"><img data-lazy=\"https:\/\/files.net2rent.com\/pfiles\/295\/26565\/626899-m.jpg\" alt=\"L03.622 MARINA  VI  2-B  Apartament  Sant Antoni de Calonge\" title=\"L03.622 MARINA  VI  2-B  Apartament  Sant Antoni de Calonge\"><\/div><div class=\"slide-item\"><img data-lazy=\"https:\/\/files.net2rent.com\/pfiles\/295\/26565\/626900-m.jpg\" alt=\"L03.622 MARINA  VI  2-B  Apartament  Sant Antoni de Calonge\" title=\"L03.622 MARINA  VI  2-B  Apartament  Sant Antoni de Calonge\"><\/div>  <\/div>\n\n  <div class=\"n2r__list__item__info\">\n    <div class=\"n2r__list__item__title\">\n      <h2 class=\"n2r__list__item__name\">\n        <a href=\"https:\/\/www.riartturistic.com\/ca\/allotjament-en-detall\/lloguer-apartament-marina-vi-2-b-s-100-sant-antoni-de-calonge-26565\/\">APARTAMENT FAMILIAR AMB PISCINA I PARKING A 2 MINUTS DE LA PLATJA A<\/a>\n      <\/h2>\n          <\/div>\n    <div class=\"n2r__list__item__title\">\n      <div class=\"n2r__list__item__reference\">Ref: L03.622<\/div>\n      <div class=\"n2r__list__item__turisticreference\">000304<\/div>      <div class=\"n2r__list__item__city\">SANT ANTONI DE CALONGE<\/div>\n              <div class=\"n2r__list__item__rating\">\n          <div class=\"n2r__rating\">\n            <div class=\"n2r__rating__complete\" style=\"width:0%\"><\/div>\n          <\/div>\n        <\/div>\n          <\/div>\n    <div class=\"n2r__list__item__features\">\n      <div class=\"n2r__list__item__feature n2r__list__item__feature--rooms\" title=\"3 habitacions\"><i class=\"n2r_room\"><\/i> 3<\/div><div class=\"n2r__list__item__feature n2r__list__item__feature--capacity\" title=\"6 pax\"><i class=\"n2r_people\"><\/i> 6<\/div><div class=\"n2r__list__item__feature n2r__list__item__feature--bathrooms\" title=\"2 lavabos\"><i class=\"n2r_toilet\"><\/i> 2<\/div><div class=\"n2r__list__item__feature n2r__list__item__feature--parking\" title=\"Aparcament\"><i class=\"n2r_parking\"><\/i> <\/div>    <\/div>\n    <div class=\"n2r__list__item__description\">A Sant Antoni de Calonge, a pocs passos del passeig mar\u00edtim i la zona comercial. Apartament de 3 habitacions dobles (una en suite) i 2 banys complets (dutxa i banyera).\r\nCuina independent totalment equipada amb forn, rentavaixelles i rentadora. Ampli sal\u00f3-menjador amb terrassa i vistes, amb tendal per a m\u00e9s confort. Inclou pla\u00e7a d\u2019aparcament subterr\u00e0nia.\r\nResidencial amb jard\u00ed i piscina comunit\u00e0ria, ascensor, calefacci\u00f3 de gas natural i internet opcional.\r\nIMPORTANT\r\n\u00d8\u00a0 Llen\u00e7ols, tovalloles i productes de neteja o d\u2019higiene\u00a0personal no estan inclosos \u00a0(disposem de lloguer de roba).\r\n\u00d8\u00a0 No s\u2019accepten animals de companyia. \r\n\u00d8\u00a0 S&#039;han de respectar les normes de la comunitat.<\/div>\n    <div class=\"n2r__list__item__footer\">\n      <div class=\"n2r__list__item__price\"><span class=\"n2r__list__item__price__from\">Des de 66,66 \u20ac <small class=\"n2r__list__item__price__from__type\">\/  Dia<\/small><\/span><\/div>    <\/div>\n  <\/div>\n  <a class=\"n2r__list__item__link\" href=\"https:\/\/www.riartturistic.com\/ca\/allotjament-en-detall\/lloguer-apartament-marina-vi-2-b-s-100-sant-antoni-de-calonge-26565\/\">M\u00e9s detalls<\/a>\n  <a class=\"n2r__list__item__wishlistmodifybutton n2r__wishlistmodifybutton\" data-n2r-url=\"https:\/\/www.riartturistic.com\/wp-json\/n2r\/v1\/wishlistmodify\"><\/a><\/div><div class=\"n2r__list__item n2r__clickable   n2r__safeandclean\" data-id=\"26539\">\n  <span class=\"n2r__list__item__icon n2r__list__item__icon--with3dtour\" title=\"T\u00e9 passeig virtual\">360\u00ba<\/span>  <div class=\"n2r__list__item__gallery n2r__slider\">\n    <div class=\"slide-item\"><img data-lazy=\"https:\/\/files.net2rent.com\/pfiles\/295\/26539\/606787-Qd-o-m.jpg\" alt=\"L02.10 SANTA MARIA  10 Apartament COSTA BRAVA TORRE VALENTINA - CALONGE\" title=\"L02.10 SANTA MARIA  10 Apartament COSTA BRAVA TORRE VALENTINA - CALONGE\"><\/div><div class=\"slide-item\"><img data-lazy=\"https:\/\/files.net2rent.com\/pfiles\/295\/26539\/606788-gE-o-m.jpg\" alt=\"L02.10 SANTA MARIA  10 Apartament COSTA BRAVA TORRE VALENTINA - CALONGE\" title=\"L02.10 SANTA MARIA  10 Apartament COSTA BRAVA TORRE VALENTINA - CALONGE\"><\/div><div class=\"slide-item\"><img data-lazy=\"https:\/\/files.net2rent.com\/pfiles\/295\/26539\/606792-V7-o-m.jpg\" alt=\"L02.10 SANTA MARIA  10 Apartament COSTA BRAVA TORRE VALENTINA - CALONGE\" title=\"L02.10 SANTA MARIA  10 Apartament COSTA BRAVA TORRE VALENTINA - CALONGE\"><\/div><div class=\"slide-item\"><img data-lazy=\"https:\/\/files.net2rent.com\/pfiles\/295\/26539\/606784-TO-o-m.jpg\" alt=\"L02.10 SANTA MARIA  10 Apartament COSTA BRAVA TORRE VALENTINA - CALONGE\" title=\"L02.10 SANTA MARIA  10 Apartament COSTA BRAVA TORRE VALENTINA - CALONGE\"><\/div><div class=\"slide-item\"><img data-lazy=\"https:\/\/files.net2rent.com\/pfiles\/295\/26539\/606791-9C-o-m.jpg\" alt=\"L02.10 SANTA MARIA  10 Apartament COSTA BRAVA TORRE VALENTINA - CALONGE\" title=\"L02.10 SANTA MARIA  10 Apartament COSTA BRAVA TORRE VALENTINA - CALONGE\"><\/div><div class=\"slide-item\"><img data-lazy=\"https:\/\/files.net2rent.com\/pfiles\/295\/26539\/606786-WY-o-m.jpg\" alt=\"L02.10 SANTA MARIA  10 Apartament COSTA BRAVA TORRE VALENTINA - CALONGE\" title=\"L02.10 SANTA MARIA  10 Apartament COSTA BRAVA TORRE VALENTINA - CALONGE\"><\/div><div class=\"slide-item\"><img data-lazy=\"https:\/\/files.net2rent.com\/pfiles\/295\/26539\/606789-fB-o-m.jpg\" alt=\"L02.10 SANTA MARIA  10 Apartament COSTA BRAVA TORRE VALENTINA - CALONGE\" title=\"L02.10 SANTA MARIA  10 Apartament COSTA BRAVA TORRE VALENTINA - CALONGE\"><\/div><div class=\"slide-item\"><img data-lazy=\"https:\/\/files.net2rent.com\/pfiles\/295\/26539\/606785-B4-o-m.jpg\" alt=\"L02.10 SANTA MARIA  10 Apartament COSTA BRAVA TORRE VALENTINA - CALONGE\" title=\"L02.10 SANTA MARIA  10 Apartament COSTA BRAVA TORRE VALENTINA - CALONGE\"><\/div><div class=\"slide-item\"><img data-lazy=\"https:\/\/api.net2rent.com\/assets\/img\/gallery\/preview-3dtour.jpg\" alt=\"L02.10 SANTA MARIA  10 Apartament COSTA BRAVA TORRE VALENTINA - CALONGE\" title=\"L02.10 SANTA MARIA  10 Apartament COSTA BRAVA TORRE VALENTINA - CALONGE\"><\/div>  <\/div>\n\n  <div class=\"n2r__list__item__info\">\n    <div class=\"n2r__list__item__title\">\n      <h2 class=\"n2r__list__item__name\">\n        <a href=\"https:\/\/www.riartturistic.com\/ca\/allotjament-en-detall\/lloguer-apartament-santa-maria-10-torre-valentina-calonge-26539\/\">APARTAMENT EN PRIMERA L\u00cdNIA DE MAR AMB UNA GRAN TERRASSA I GARATGE<\/a>\n      <\/h2>\n          <\/div>\n    <div class=\"n2r__list__item__title\">\n      <div class=\"n2r__list__item__reference\">Ref: L02.10<\/div>\n      <div class=\"n2r__list__item__turisticreference\">000671<\/div>      <div class=\"n2r__list__item__city\">TORRE VALENTINA - CALONGE<\/div>\n              <div class=\"n2r__list__item__rating\">\n          <div class=\"n2r__rating\">\n            <div class=\"n2r__rating__complete\" style=\"width:0%\"><\/div>\n          <\/div>\n        <\/div>\n          <\/div>\n    <div class=\"n2r__list__item__features\">\n      <div class=\"n2r__list__item__feature n2r__list__item__feature--rooms\" title=\"3 habitacions\"><i class=\"n2r_room\"><\/i> 3<\/div><div class=\"n2r__list__item__feature n2r__list__item__feature--capacity\" title=\"6 pax\"><i class=\"n2r_people\"><\/i> 6<\/div><div class=\"n2r__list__item__feature n2r__list__item__feature--bathrooms\" title=\"2 lavabos\"><i class=\"n2r_toilet\"><\/i> 2<\/div><div class=\"n2r__list__item__feature n2r__list__item__feature--garage\" title=\"Garatge\"><i class=\"n2r_garage\"><\/i> <\/div>    <\/div>\n    <div class=\"n2r__list__item__description\">Apartament Santa Maria, exclusiu a primera l\u00ednia de mar, situat al passeig mar\u00edtim de Torre Valentina, en el municipi de Calonge i Sant Antoni. Situat a la primera planta de l&#039;edifici Santa Maria, aquest allotjament \u00e9s ideal per a fam\u00edlies que busquen comoditat i una ubicaci\u00f3 privilegiada.\r\nL&#039;apartament disposa de 3 habitacions, una amb llit doble i vistes enfront de la mar, la segona tamb\u00e9 amb llit doble i la tercera amb llitera. Inclou un bany amb dutxa i un lavabo de cortesia.El sal\u00f3-menjador, amb acc\u00e9s a una \u00e0mplia terrassa amb espectaculars vistes a la mar. La cuina est\u00e0 totalment equipada i inclou rentavaixelles.\u00a0A m\u00e9s, compta amb wifi, calefacci\u00f3 i una pla\u00e7a de garatge en la mateixa comunitat.\r\nIMPORTANT\r\n\u00b7\u00a0\u00a0\u00a0\u00a0\u00a0\u00a0 Llen\u00e7ols, tovalloles i productes de neteja o d\u2019higiene personal \u00a0estan inclosos (disposem de lloguer de roba).\r\n\u00b7\u00a0\u00a0\u00a0\u00a0\u00a0\u00a0 No s\u2019accepten animals de companyia. \r\n\u00b7\u00a0\u00a0\u00a0\u00a0\u00a0\u00a0 S&#039;han de respectar les normes de la comunitat.<\/div>\n    <div class=\"n2r__list__item__footer\">\n      <div class=\"n2r__list__item__price\"><span class=\"n2r__list__item__price__from\">Des de 83,33 \u20ac <small class=\"n2r__list__item__price__from__type\">\/  Dia<\/small><\/span><\/div>    <\/div>\n  <\/div>\n  <a class=\"n2r__list__item__link\" href=\"https:\/\/www.riartturistic.com\/ca\/allotjament-en-detall\/lloguer-apartament-santa-maria-10-torre-valentina-calonge-26539\/\">M\u00e9s detalls<\/a>\n  <a class=\"n2r__list__item__wishlistmodifybutton n2r__wishlistmodifybutton\" data-n2r-url=\"https:\/\/www.riartturistic.com\/wp-json\/n2r\/v1\/wishlistmodify\"><\/a><\/div>    <\/div>\n    <div class=\"n2r__list__map \">\n  <div class=\"n2r__sticky\">\n    <div id=\"n2r__list__map__googlemaps\" class=\"n2r__googlemaps\" data-n2r-scrollwheel=\"0\" data-n2r-markerclustererimage=\"https:\/\/www.riartturistic.com\/wp-content\/plugins\/net2rent-wp-plugin\/\/assets\/js\/googlemaps\/images\/m\"   data-n2r-markerimage=\"https:\/\/www.riartturistic.com\/wp-content\/plugins\/net2rent-wp-plugin\/\/assets\/images\/map_position.png\" data-n2r-markers=\"[{&quot;id&quot;:&quot;23021&quot;,&quot;latitude&quot;:41.839199000000001,&quot;longitude&quot;:3.0937589999999999,&quot;link&quot;:&quot;https:\\\/\\\/www.riartturistic.com\\\/ca\\\/allotjament-en-detall\\\/lloguer-apartament-carmanto-baixos-1-torre-valentina-calonge-23021\\\/&quot;,&quot;infoWindow&quot;:{&quot;image&quot;:&quot;https:\\\/\\\/files.net2rent.com\\\/pfiles\\\/295\\\/23021\\\/606532-Lt-o-m.jpg&quot;,&quot;title&quot;:&quot;APARTAMENT A PROP DE LA PLATJA, PLANTA BAIXA AMB JARD\\u00cd PRIVAT - IDEAL FAM\\u00cdLIES&quot;,&quot;description&quot;:&quot;\\u003Cdiv\\u003E\\u003Cdiv class=\\&quot;n2r__list__item__feature n2r__list__item__feature--rooms\\&quot; title=\\&quot;2 habitacions\\&quot;\\u003E\\u003Ci class=\\&quot;n2r_room\\&quot;\\u003E\\u003C\\\/i\\u003E 2\\u003C\\\/div\\u003E\\u003Cdiv class=\\&quot;n2r__list__item__feature n2r__list__item__feature--capacity\\&quot; title=\\&quot;4 pax\\&quot;\\u003E\\u003Ci class=\\&quot;n2r_people\\&quot;\\u003E\\u003C\\\/i\\u003E 4\\u003C\\\/div\\u003E\\u003C\\\/div\\u003E\\u003Cdiv\\u003E\\u003Cdiv class=\\&quot;n2r__list__item__price\\&quot;\\u003E\\u003Cspan class=\\&quot;n2r__list__item__price__from\\&quot;\\u003EDes de 63,33 \\u20ac \\u003Csmall class=\\&quot;n2r__list__item__price__from__type\\&quot;\\u003E\\\/  Dia\\u003C\\\/small\\u003E\\u003C\\\/span\\u003E\\u003C\\\/div\\u003E\\u003C\\\/div\\u003E&quot;}},{&quot;id&quot;:&quot;25675&quot;,&quot;latitude&quot;:41.839142000000002,&quot;longitude&quot;:3.0941890000000001,&quot;link&quot;:&quot;https:\\\/\\\/www.riartturistic.com\\\/ca\\\/allotjament-en-detall\\\/lloguer-apartament-santa-maria-18-torre-valentina-calonge-25675\\\/&quot;,&quot;infoWindow&quot;:{&quot;image&quot;:&quot;https:\\\/\\\/files.net2rent.com\\\/pfiles\\\/295\\\/25675\\\/606847-ah-o-m.jpg&quot;,&quot;title&quot;:&quot;\\u003E\\u003EEXCEL\\u00b7L\\u00c8NCIA ARRAN DE MAR \\u003C\\u003C      1\\u00aa L\\u00cdNIA DE PLATJA     -   CALONGE -    COSTA BRAVA&quot;,&quot;description&quot;:&quot;\\u003Cdiv\\u003E\\u003Cdiv class=\\&quot;n2r__list__item__feature n2r__list__item__feature--rooms\\&quot; title=\\&quot;3 habitacions\\&quot;\\u003E\\u003Ci class=\\&quot;n2r_room\\&quot;\\u003E\\u003C\\\/i\\u003E 3\\u003C\\\/div\\u003E\\u003Cdiv class=\\&quot;n2r__list__item__feature n2r__list__item__feature--capacity\\&quot; title=\\&quot;6 pax\\&quot;\\u003E\\u003Ci class=\\&quot;n2r_people\\&quot;\\u003E\\u003C\\\/i\\u003E 6\\u003C\\\/div\\u003E\\u003C\\\/div\\u003E\\u003Cdiv\\u003E\\u003Cdiv class=\\&quot;n2r__list__item__price\\&quot;\\u003E\\u003Cspan class=\\&quot;n2r__list__item__price__from\\&quot;\\u003EDes de 83,33 \\u20ac \\u003Csmall class=\\&quot;n2r__list__item__price__from__type\\&quot;\\u003E\\\/  Dia\\u003C\\\/small\\u003E\\u003C\\\/span\\u003E\\u003C\\\/div\\u003E\\u003C\\\/div\\u003E&quot;}},{&quot;id&quot;:&quot;23022&quot;,&quot;latitude&quot;:41.839142000000002,&quot;longitude&quot;:3.0941890000000001,&quot;link&quot;:&quot;https:\\\/\\\/www.riartturistic.com\\\/ca\\\/allotjament-en-detall\\\/lloguer-apartament-santa-maria-22-torre-valentina-calonge-23022\\\/&quot;,&quot;infoWindow&quot;:{&quot;image&quot;:&quot;https:\\\/\\\/files.net2rent.com\\\/pfiles\\\/295\\\/23022\\\/606874-Fo-o-m.jpg&quot;,&quot;title&quot;:&quot;APARTAMENT AMB ENCANT I VISTES IMPRESSIONTS AL MAR, TORRE-VALENTINA\\u2013CALONGE&quot;,&quot;description&quot;:&quot;\\u003Cdiv\\u003E\\u003Cdiv class=\\&quot;n2r__list__item__feature n2r__list__item__feature--rooms\\&quot; title=\\&quot;2 habitacions\\&quot;\\u003E\\u003Ci class=\\&quot;n2r_room\\&quot;\\u003E\\u003C\\\/i\\u003E 2\\u003C\\\/div\\u003E\\u003Cdiv class=\\&quot;n2r__list__item__feature n2r__list__item__feature--capacity\\&quot; title=\\&quot;4 pax\\&quot;\\u003E\\u003Ci class=\\&quot;n2r_people\\&quot;\\u003E\\u003C\\\/i\\u003E 4\\u003C\\\/div\\u003E\\u003C\\\/div\\u003E\\u003Cdiv\\u003E\\u003Cdiv class=\\&quot;n2r__list__item__price\\&quot;\\u003E\\u003Cspan class=\\&quot;n2r__list__item__price__from\\&quot;\\u003EDes de 76,67 \\u20ac \\u003Csmall class=\\&quot;n2r__list__item__price__from__type\\&quot;\\u003E\\\/  Dia\\u003C\\\/small\\u003E\\u003C\\\/span\\u003E\\u003C\\\/div\\u003E\\u003C\\\/div\\u003E&quot;}},{&quot;id&quot;:&quot;25475&quot;,&quot;latitude&quot;:41.840899999999998,&quot;longitude&quot;:3.0955949999999999,&quot;link&quot;:&quot;https:\\\/\\\/www.riartturistic.com\\\/ca\\\/allotjament-en-detall\\\/lloguer-apartament-maritim-ii-26-torre-valentina-calonge-25475\\\/&quot;,&quot;infoWindow&quot;:{&quot;image&quot;:&quot;https:\\\/\\\/files.net2rent.com\\\/pfiles\\\/295\\\/25475\\\/613098-NI-o-m.jpg&quot;,&quot;title&quot;:&quot;APARTAMENT DE VACANCES AMB VISTES PANOR\\u00c0MIQUES DE LA SORTIDA DEL SOL SOBRE EL MAR&quot;,&quot;description&quot;:&quot;\\u003Cdiv\\u003E\\u003Cdiv class=\\&quot;n2r__list__item__feature n2r__list__item__feature--rooms\\&quot; title=\\&quot;2 habitacions\\&quot;\\u003E\\u003Ci class=\\&quot;n2r_room\\&quot;\\u003E\\u003C\\\/i\\u003E 2\\u003C\\\/div\\u003E\\u003Cdiv class=\\&quot;n2r__list__item__feature n2r__list__item__feature--capacity\\&quot; title=\\&quot;4 pax\\&quot;\\u003E\\u003Ci class=\\&quot;n2r_people\\&quot;\\u003E\\u003C\\\/i\\u003E 4\\u003C\\\/div\\u003E\\u003C\\\/div\\u003E\\u003Cdiv\\u003E\\u003Cdiv class=\\&quot;n2r__list__item__price\\&quot;\\u003E\\u003Cspan class=\\&quot;n2r__list__item__price__from\\&quot;\\u003EDes de 103,45 \\u20ac \\u003Csmall class=\\&quot;n2r__list__item__price__from__type\\&quot;\\u003E\\\/  Dia\\u003C\\\/small\\u003E\\u003C\\\/span\\u003E\\u003C\\\/div\\u003E\\u003C\\\/div\\u003E&quot;}},{&quot;id&quot;:&quot;25681&quot;,&quot;latitude&quot;:41.845511999999999,&quot;longitude&quot;:3.1022949999999998,&quot;link&quot;:&quot;https:\\\/\\\/www.riartturistic.com\\\/ca\\\/allotjament-en-detall\\\/lloguer-apartament-saguer-5-2-sant-antoni-de-calonge-25681\\\/&quot;,&quot;infoWindow&quot;:{&quot;image&quot;:&quot;https:\\\/\\\/files.net2rent.com\\\/pfiles\\\/295\\\/25681\\\/616677-m.jpg&quot;,&quot;title&quot;:&quot;QUAN EL MAR \\u00c9S CASA TEVA: MAGNIFIC APARTAMENT D\\u2019ESTIU DAVANT DE LA BADIA&quot;,&quot;description&quot;:&quot;\\u003Cdiv\\u003E\\u003Cdiv class=\\&quot;n2r__list__item__feature n2r__list__item__feature--rooms\\&quot; title=\\&quot;2 habitacions\\&quot;\\u003E\\u003Ci class=\\&quot;n2r_room\\&quot;\\u003E\\u003C\\\/i\\u003E 2\\u003C\\\/div\\u003E\\u003Cdiv class=\\&quot;n2r__list__item__feature n2r__list__item__feature--capacity\\&quot; title=\\&quot;4 pax\\&quot;\\u003E\\u003Ci class=\\&quot;n2r_people\\&quot;\\u003E\\u003C\\\/i\\u003E 4\\u003C\\\/div\\u003E\\u003C\\\/div\\u003E\\u003Cdiv\\u003E\\u003Cdiv class=\\&quot;n2r__list__item__price\\&quot;\\u003E\\u003Cspan class=\\&quot;n2r__list__item__price__from\\&quot;\\u003EDes de 80,55 \\u20ac \\u003Csmall class=\\&quot;n2r__list__item__price__from__type\\&quot;\\u003E\\\/  Dia\\u003C\\\/small\\u003E\\u003C\\\/span\\u003E\\u003C\\\/div\\u003E\\u003C\\\/div\\u003E&quot;}},{&quot;id&quot;:&quot;26556&quot;,&quot;latitude&quot;:41.843879999999999,&quot;longitude&quot;:3.0997249999999998,&quot;link&quot;:&quot;https:\\\/\\\/www.riartturistic.com\\\/ca\\\/allotjament-en-detall\\\/lloguer-apartament-serrallonga-6-f-sant-antoni-de-calonge-26556\\\/&quot;,&quot;infoWindow&quot;:{&quot;image&quot;:&quot;https:\\\/\\\/files.net2rent.com\\\/pfiles\\\/295\\\/26556\\\/611778-qw-o-m.jpg&quot;,&quot;title&quot;:&quot;APARTAMENT 1ERA L\\u00cdNIA, AMB UN ENCANTADOR DISSENY MAR\\u00cdTIM I VISTES ESPECTACULARS&quot;,&quot;description&quot;:&quot;\\u003Cdiv\\u003E\\u003Cdiv class=\\&quot;n2r__list__item__feature n2r__list__item__feature--rooms\\&quot; title=\\&quot;2 habitacions\\&quot;\\u003E\\u003Ci class=\\&quot;n2r_room\\&quot;\\u003E\\u003C\\\/i\\u003E 2\\u003C\\\/div\\u003E\\u003Cdiv class=\\&quot;n2r__list__item__feature n2r__list__item__feature--capacity\\&quot; title=\\&quot;4 pax\\&quot;\\u003E\\u003Ci class=\\&quot;n2r_people\\&quot;\\u003E\\u003C\\\/i\\u003E 4\\u003C\\\/div\\u003E\\u003C\\\/div\\u003E\\u003Cdiv\\u003E\\u003Cdiv class=\\&quot;n2r__list__item__price\\&quot;\\u003E\\u003Cspan class=\\&quot;n2r__list__item__price__from\\&quot;\\u003EDes de 76,67 \\u20ac \\u003Csmall class=\\&quot;n2r__list__item__price__from__type\\&quot;\\u003E\\\/  Dia\\u003C\\\/small\\u003E\\u003C\\\/span\\u003E\\u003C\\\/div\\u003E\\u003C\\\/div\\u003E&quot;}},{&quot;id&quot;:&quot;23027&quot;,&quot;latitude&quot;:41.847282,&quot;longitude&quot;:3.1068720000000001,&quot;link&quot;:&quot;https:\\\/\\\/www.riartturistic.com\\\/ca\\\/allotjament-en-detall\\\/lloguer-apartament-saguer-5-1-sant-antoni-de-calonge-23027\\\/&quot;,&quot;infoWindow&quot;:{&quot;image&quot;:&quot;https:\\\/\\\/files.net2rent.com\\\/pfiles\\\/295\\\/23027\\\/616593-m.jpg&quot;,&quot;title&quot;:&quot;ESPECTACULAR APARTAMENT, ELEG\\u00c0NCIA I VISTES, GAUDEIX DEL MAR SENTINT-TE COM A CASA&quot;,&quot;description&quot;:&quot;\\u003Cdiv\\u003E\\u003Cdiv class=\\&quot;n2r__list__item__feature n2r__list__item__feature--rooms\\&quot; title=\\&quot;4 habitacions\\&quot;\\u003E\\u003Ci class=\\&quot;n2r_room\\&quot;\\u003E\\u003C\\\/i\\u003E 4\\u003C\\\/div\\u003E\\u003Cdiv class=\\&quot;n2r__list__item__feature n2r__list__item__feature--capacity\\&quot; title=\\&quot;8 pax\\&quot;\\u003E\\u003Ci class=\\&quot;n2r_people\\&quot;\\u003E\\u003C\\\/i\\u003E 8\\u003C\\\/div\\u003E\\u003C\\\/div\\u003E\\u003Cdiv\\u003E\\u003Cdiv class=\\&quot;n2r__list__item__price\\&quot;\\u003E\\u003Cspan class=\\&quot;n2r__list__item__price__from\\&quot;\\u003EDes de 116,65 \\u20ac \\u003Csmall class=\\&quot;n2r__list__item__price__from__type\\&quot;\\u003E\\\/  Dia\\u003C\\\/small\\u003E\\u003C\\\/span\\u003E\\u003C\\\/div\\u003E\\u003C\\\/div\\u003E&quot;}},{&quot;id&quot;:&quot;26535&quot;,&quot;latitude&quot;:41.839199000000001,&quot;longitude&quot;:3.0937589999999999,&quot;link&quot;:&quot;https:\\\/\\\/www.riartturistic.com\\\/ca\\\/allotjament-en-detall\\\/lloguer-apartament-carmanto-2-1-torre-valentina-calonge-26535\\\/&quot;,&quot;infoWindow&quot;:{&quot;image&quot;:&quot;https:\\\/\\\/files.net2rent.com\\\/pfiles\\\/295\\\/26535\\\/614886-V3-o-m.jpg&quot;,&quot;title&quot;:&quot;APARTAMENT EN URBANITZACI\\u00d3 RESIDENCIAL, A POCS METRES DE LA PLATJA I AMB VISTES AL MAR&quot;,&quot;description&quot;:&quot;\\u003Cdiv\\u003E\\u003Cdiv class=\\&quot;n2r__list__item__feature n2r__list__item__feature--rooms\\&quot; title=\\&quot;2 habitacions\\&quot;\\u003E\\u003Ci class=\\&quot;n2r_room\\&quot;\\u003E\\u003C\\\/i\\u003E 2\\u003C\\\/div\\u003E\\u003Cdiv class=\\&quot;n2r__list__item__feature n2r__list__item__feature--capacity\\&quot; title=\\&quot;4 pax\\&quot;\\u003E\\u003Ci class=\\&quot;n2r_people\\&quot;\\u003E\\u003C\\\/i\\u003E 4\\u003C\\\/div\\u003E\\u003C\\\/div\\u003E\\u003Cdiv\\u003E\\u003Cdiv class=\\&quot;n2r__list__item__price\\&quot;\\u003E\\u003Cspan class=\\&quot;n2r__list__item__price__from\\&quot;\\u003EDes de 63,33 \\u20ac \\u003Csmall class=\\&quot;n2r__list__item__price__from__type\\&quot;\\u003E\\\/  Dia\\u003C\\\/small\\u003E\\u003C\\\/span\\u003E\\u003C\\\/div\\u003E\\u003C\\\/div\\u003E&quot;}},{&quot;id&quot;:&quot;26552&quot;,&quot;latitude&quot;:41.844172999999998,&quot;longitude&quot;:3.0961029999999998,&quot;link&quot;:&quot;https:\\\/\\\/www.riartturistic.com\\\/ca\\\/allotjament-en-detall\\\/lloguer-apartament-marina-iii-4-a-40-sant-antoni-de-calonge-26552\\\/&quot;,&quot;infoWindow&quot;:{&quot;image&quot;:&quot;https:\\\/\\\/files.net2rent.com\\\/pfiles\\\/295\\\/26552\\\/616046-Xz-o-m.jpg&quot;,&quot;title&quot;:&quot;APARTAMENT FAMILIAR A 100 METRES DE LA PLATJA I AMB VISTES AL MAR&quot;,&quot;description&quot;:&quot;\\u003Cdiv\\u003E\\u003Cdiv class=\\&quot;n2r__list__item__feature n2r__list__item__feature--rooms\\&quot; title=\\&quot;2 habitacions\\&quot;\\u003E\\u003Ci class=\\&quot;n2r_room\\&quot;\\u003E\\u003C\\\/i\\u003E 2\\u003C\\\/div\\u003E\\u003Cdiv class=\\&quot;n2r__list__item__feature n2r__list__item__feature--capacity\\&quot; title=\\&quot;4 pax\\&quot;\\u003E\\u003Ci class=\\&quot;n2r_people\\&quot;\\u003E\\u003C\\\/i\\u003E 4\\u003C\\\/div\\u003E\\u003C\\\/div\\u003E\\u003Cdiv\\u003E\\u003Cdiv class=\\&quot;n2r__list__item__price\\&quot;\\u003E\\u003Cspan class=\\&quot;n2r__list__item__price__from\\&quot;\\u003EDes de 63,33 \\u20ac \\u003Csmall class=\\&quot;n2r__list__item__price__from__type\\&quot;\\u003E\\\/  Dia\\u003C\\\/small\\u003E\\u003C\\\/span\\u003E\\u003C\\\/div\\u003E\\u003C\\\/div\\u003E&quot;}},{&quot;id&quot;:&quot;25741&quot;,&quot;latitude&quot;:41.844054999999997,&quot;longitude&quot;:3.0956730000000001,&quot;link&quot;:&quot;https:\\\/\\\/www.riartturistic.com\\\/ca\\\/allotjament-en-detall\\\/lloguer-apartament-marina-v-1-b-s110-sant-antoni-de-calonge-25741\\\/&quot;,&quot;infoWindow&quot;:{&quot;image&quot;:&quot;https:\\\/\\\/files.net2rent.com\\\/pfiles\\\/295\\\/25741\\\/626180-m.jpg&quot;,&quot;title&quot;:&quot;APARTAMENT FAMILIAR A PROP DE LA PLATJA AMB PISCINA COMUNITARIA&quot;,&quot;description&quot;:&quot;\\u003Cdiv\\u003E\\u003Cdiv class=\\&quot;n2r__list__item__feature n2r__list__item__feature--rooms\\&quot; title=\\&quot;3 habitacions\\&quot;\\u003E\\u003Ci class=\\&quot;n2r_room\\&quot;\\u003E\\u003C\\\/i\\u003E 3\\u003C\\\/div\\u003E\\u003Cdiv class=\\&quot;n2r__list__item__feature n2r__list__item__feature--capacity\\&quot; title=\\&quot;6 pax\\&quot;\\u003E\\u003Ci class=\\&quot;n2r_people\\&quot;\\u003E\\u003C\\\/i\\u003E 6\\u003C\\\/div\\u003E\\u003C\\\/div\\u003E\\u003Cdiv\\u003E\\u003Cdiv class=\\&quot;n2r__list__item__price\\&quot;\\u003E\\u003Cspan class=\\&quot;n2r__list__item__price__from\\&quot;\\u003EDes de 66,66 \\u20ac \\u003Csmall class=\\&quot;n2r__list__item__price__from__type\\&quot;\\u003E\\\/  Dia\\u003C\\\/small\\u003E\\u003C\\\/span\\u003E\\u003C\\\/div\\u003E\\u003C\\\/div\\u003E&quot;}},{&quot;id&quot;:&quot;26565&quot;,&quot;latitude&quot;:41.844054999999997,&quot;longitude&quot;:3.0956730000000001,&quot;link&quot;:&quot;https:\\\/\\\/www.riartturistic.com\\\/ca\\\/allotjament-en-detall\\\/lloguer-apartament-marina-vi-2-b-s-100-sant-antoni-de-calonge-26565\\\/&quot;,&quot;infoWindow&quot;:{&quot;image&quot;:&quot;https:\\\/\\\/files.net2rent.com\\\/pfiles\\\/295\\\/26565\\\/626891-m.jpg&quot;,&quot;title&quot;:&quot;APARTAMENT FAMILIAR AMB PISCINA I PARKING A 2 MINUTS DE LA PLATJA A&quot;,&quot;description&quot;:&quot;\\u003Cdiv\\u003E\\u003Cdiv class=\\&quot;n2r__list__item__feature n2r__list__item__feature--rooms\\&quot; title=\\&quot;3 habitacions\\&quot;\\u003E\\u003Ci class=\\&quot;n2r_room\\&quot;\\u003E\\u003C\\\/i\\u003E 3\\u003C\\\/div\\u003E\\u003Cdiv class=\\&quot;n2r__list__item__feature n2r__list__item__feature--capacity\\&quot; title=\\&quot;6 pax\\&quot;\\u003E\\u003Ci class=\\&quot;n2r_people\\&quot;\\u003E\\u003C\\\/i\\u003E 6\\u003C\\\/div\\u003E\\u003C\\\/div\\u003E\\u003Cdiv\\u003E\\u003Cdiv class=\\&quot;n2r__list__item__price\\&quot;\\u003E\\u003Cspan class=\\&quot;n2r__list__item__price__from\\&quot;\\u003EDes de 66,66 \\u20ac \\u003Csmall class=\\&quot;n2r__list__item__price__from__type\\&quot;\\u003E\\\/  Dia\\u003C\\\/small\\u003E\\u003C\\\/span\\u003E\\u003C\\\/div\\u003E\\u003C\\\/div\\u003E&quot;}},{&quot;id&quot;:&quot;26539&quot;,&quot;latitude&quot;:41.839602999999997,&quot;longitude&quot;:3.0928260000000001,&quot;link&quot;:&quot;https:\\\/\\\/www.riartturistic.com\\\/ca\\\/allotjament-en-detall\\\/lloguer-apartament-santa-maria-10-torre-valentina-calonge-26539\\\/&quot;,&quot;infoWindow&quot;:{&quot;image&quot;:&quot;https:\\\/\\\/files.net2rent.com\\\/pfiles\\\/295\\\/26539\\\/606787-Qd-o-m.jpg&quot;,&quot;title&quot;:&quot;APARTAMENT EN PRIMERA L\\u00cdNIA DE MAR AMB UNA GRAN TERRASSA I GARATGE&quot;,&quot;description&quot;:&quot;\\u003Cdiv\\u003E\\u003Cdiv class=\\&quot;n2r__list__item__feature n2r__list__item__feature--rooms\\&quot; title=\\&quot;3 habitacions\\&quot;\\u003E\\u003Ci class=\\&quot;n2r_room\\&quot;\\u003E\\u003C\\\/i\\u003E 3\\u003C\\\/div\\u003E\\u003Cdiv class=\\&quot;n2r__list__item__feature n2r__list__item__feature--capacity\\&quot; title=\\&quot;6 pax\\&quot;\\u003E\\u003Ci class=\\&quot;n2r_people\\&quot;\\u003E\\u003C\\\/i\\u003E 6\\u003C\\\/div\\u003E\\u003C\\\/div\\u003E\\u003Cdiv\\u003E\\u003Cdiv class=\\&quot;n2r__list__item__price\\&quot;\\u003E\\u003Cspan class=\\&quot;n2r__list__item__price__from\\&quot;\\u003EDes de 83,33 \\u20ac \\u003Csmall class=\\&quot;n2r__list__item__price__from__type\\&quot;\\u003E\\\/  Dia\\u003C\\\/small\\u003E\\u003C\\\/span\\u003E\\u003C\\\/div\\u003E\\u003C\\\/div\\u003E&quot;}}]\" ><\/div>\n  <\/div>\n\n<\/div>  <\/div>\n  <div class=\"n2r__pagination\">\n  <div class=\"n2r__pagination__summary\">\n    46 Articles    -\n    P\u00e0gina 1 de 4  <\/div>\n  <div class=\"separator\"><\/div>\n      <div class=\"n2r__pagination__links\">\n      <a href=\"https:\/\/www.riartturistic.com\/ca\/allotjaments\/\" class=\"active\" data-page=\"1\">1<\/a><a href=\"https:\/\/www.riartturistic.com\/ca\/allotjaments\/pg-2\/\" class=\"\" data-page=\"2\">2<\/a><span>...<\/span><a href=\"https:\/\/www.riartturistic.com\/ca\/allotjaments\/pg-4\/\" class=\"\" data-page=\"4\">4<\/a>        <a href=\"https:\/\/www.riartturistic.com\/ca\/allotjaments\/pg-2\/\" data-page=\"2\" class=\"n2r__pagination__links__icon\">&rsaquo;<\/a>\n        <a href=\"https:\/\/www.riartturistic.com\/ca\/allotjaments\/pg-4\/\" data-page=\"4\" class=\"n2r__pagination__links__icon\">&raquo;<\/a>\n          <\/div>\n  <\/div><\/div><\/div>\n\t\t\t\t\t\t<\/div>\n\t\t\t\t\t<\/div>\n\t\t<\/div>\n\t\t\t\t\t<\/div>\n\t\t<\/section>\n\t\t\t\t<\/div>\n\t\t","protected":false},"excerpt":{"rendered":"<p>Lloguer Vacacional La millor selecci\u00f3 d&#8217;allotjaments A Riart Tur\u00edstic posem a la teva disposici\u00f3 una \u00e0mplia selecci\u00f3 d\u2019allotjaments tur\u00edstics a Calonge, Sant Antoni i Torre Valentina, tres de les destinacions m\u00e9s atractives de la Costa Brava. Tant si busques un apartament davant del mar, un conjunt exclusiu amb piscina per gaudir en fam\u00edlia o un [&hellip;]<\/p>\n","protected":false},"author":1,"featured_media":811,"parent":0,"menu_order":0,"comment_status":"closed","ping_status":"closed","template":"","meta":{"footnotes":""},"class_list":["post-929","page","type-page","status-publish","has-post-thumbnail","hentry"],"yoast_head":"<!-- This site is optimized with the Yoast SEO plugin v27.4 - https:\/\/yoast.com\/product\/yoast-seo-wordpress\/ -->\n<title>Apartament tur\u00edstic Costa Brava | Riart Tur\u00edstic<\/title>\n<meta name=\"description\" content=\"Troba el teu apartament tur\u00edstic Costa Brava ideal per a fam\u00edlies i parelles. Platja, confort i ubicacions privilegiades a Girona.\" \/>\n<meta name=\"robots\" content=\"index, follow, max-snippet:-1, max-image-preview:large, max-video-preview:-1\" \/>\n<link rel=\"canonical\" href=\"https:\/\/www.riartturistic.com\/ca\/allotjaments\/\" \/>\n<meta property=\"og:locale\" content=\"ca_ES\" \/>\n<meta property=\"og:type\" content=\"article\" \/>\n<meta property=\"og:title\" content=\"Apartament tur\u00edstic Costa Brava | Riart Tur\u00edstic\" \/>\n<meta property=\"og:description\" content=\"Troba el teu apartament tur\u00edstic Costa Brava ideal per a fam\u00edlies i parelles. Platja, confort i ubicacions privilegiades a Girona.\" \/>\n<meta property=\"og:url\" content=\"https:\/\/www.riartturistic.com\/ca\/allotjaments\/\" \/>\n<meta property=\"og:site_name\" content=\"Riart Tur\u00edstic - Alquiler Vacacional en Calonge, Sant Antoni y Torre Valentina\" \/>\n<meta property=\"article:publisher\" content=\"https:\/\/www.facebook.com\/finquesriart\" \/>\n<meta property=\"article:modified_time\" content=\"2026-03-16T14:51:46+00:00\" \/>\n<meta property=\"og:image\" content=\"https:\/\/www.riartturistic.com\/wp-content\/uploads\/2025\/10\/rrss-riart.jpg\" \/>\n\t<meta property=\"og:image:width\" content=\"1280\" \/>\n\t<meta property=\"og:image:height\" content=\"720\" \/>\n\t<meta property=\"og:image:type\" content=\"image\/jpeg\" \/>\n<meta name=\"twitter:card\" content=\"summary_large_image\" \/>\n<meta name=\"twitter:label1\" content=\"Temps estimat de lectura\" \/>\n\t<meta name=\"twitter:data1\" content=\"1 minut\" \/>\n<script type=\"application\/ld+json\" class=\"yoast-schema-graph\">{\"@context\":\"https:\\\/\\\/schema.org\",\"@graph\":[{\"@type\":\"WebPage\",\"@id\":\"https:\\\/\\\/www.riartturistic.com\\\/ca\\\/allotjaments\\\/\",\"url\":\"https:\\\/\\\/www.riartturistic.com\\\/ca\\\/allotjaments\\\/\",\"name\":\"Apartament tur\u00edstic Costa Brava | Riart Tur\u00edstic\",\"isPartOf\":{\"@id\":\"https:\\\/\\\/www.riartturistic.com\\\/ca\\\/#website\"},\"primaryImageOfPage\":{\"@id\":\"https:\\\/\\\/www.riartturistic.com\\\/ca\\\/allotjaments\\\/#primaryimage\"},\"image\":{\"@id\":\"https:\\\/\\\/www.riartturistic.com\\\/ca\\\/allotjaments\\\/#primaryimage\"},\"thumbnailUrl\":\"https:\\\/\\\/www.riartturistic.com\\\/wp-content\\\/uploads\\\/2025\\\/10\\\/rrss-riart.jpg\",\"datePublished\":\"2025-08-26T11:18:16+00:00\",\"dateModified\":\"2026-03-16T14:51:46+00:00\",\"description\":\"Troba el teu apartament tur\u00edstic Costa Brava ideal per a fam\u00edlies i parelles. Platja, confort i ubicacions privilegiades a Girona.\",\"breadcrumb\":{\"@id\":\"https:\\\/\\\/www.riartturistic.com\\\/ca\\\/allotjaments\\\/#breadcrumb\"},\"inLanguage\":\"ca\",\"potentialAction\":[{\"@type\":\"ReadAction\",\"target\":[\"https:\\\/\\\/www.riartturistic.com\\\/ca\\\/allotjaments\\\/\"]}]},{\"@type\":\"BreadcrumbList\",\"@id\":\"https:\\\/\\\/www.riartturistic.com\\\/ca\\\/allotjaments\\\/#breadcrumb\",\"itemListElement\":[{\"@type\":\"ListItem\",\"position\":1,\"name\":\"Inicio\",\"item\":\"https:\\\/\\\/www.riartturistic.com\\\/ca\\\/\"},{\"@type\":\"ListItem\",\"position\":2,\"name\":\"Allotjaments\"}]},{\"@type\":\"WebSite\",\"@id\":\"https:\\\/\\\/www.riartturistic.com\\\/ca\\\/#website\",\"url\":\"https:\\\/\\\/www.riartturistic.com\\\/ca\\\/\",\"name\":\"Riart Tur\u00edstic - Alquiler Vacacional en Calonge, Sant Antoni y Torre Valentina\",\"description\":\"Riart Tur\u00edstic - Alquiler Vacacional en Calonge, Sant Antoni y Torre Valentina\",\"publisher\":{\"@id\":\"https:\\\/\\\/www.riartturistic.com\\\/ca\\\/#organization\"},\"alternateName\":\"Riart Tur\u00edstic\",\"potentialAction\":[{\"@type\":\"SearchAction\",\"target\":{\"@type\":\"EntryPoint\",\"urlTemplate\":\"https:\\\/\\\/www.riartturistic.com\\\/resultados-de-busqueda\\\/?search_text={search_term_string}\"},\"query-input\":{\"@type\":\"PropertyValueSpecification\",\"valueRequired\":true,\"valueName\":\"search_term_string\"}}],\"inLanguage\":\"ca\"},{\"@type\":\"Organization\",\"@id\":\"https:\\\/\\\/www.riartturistic.com\\\/ca\\\/#organization\",\"name\":\"Finques Riart - Alquiler Vacacional en Calonge, Sant Antoni y Palam\u00f3s\",\"url\":\"https:\\\/\\\/www.riartturistic.com\\\/ca\\\/\",\"logo\":{\"@type\":\"ImageObject\",\"inLanguage\":\"ca\",\"@id\":\"https:\\\/\\\/www.riartturistic.com\\\/ca\\\/#\\\/schema\\\/logo\\\/image\\\/\",\"url\":\"https:\\\/\\\/www.riartturistic.com\\\/wp-content\\\/uploads\\\/2025\\\/11\\\/RIARTuristic-claim-negatiu-sense-fons.png\",\"contentUrl\":\"https:\\\/\\\/www.riartturistic.com\\\/wp-content\\\/uploads\\\/2025\\\/11\\\/RIARTuristic-claim-negatiu-sense-fons.png\",\"width\":1200,\"height\":256,\"caption\":\"Finques Riart - Alquiler Vacacional en Calonge, Sant Antoni y Palam\u00f3s\"},\"image\":{\"@id\":\"https:\\\/\\\/www.riartturistic.com\\\/ca\\\/#\\\/schema\\\/logo\\\/image\\\/\"},\"sameAs\":[\"https:\\\/\\\/www.facebook.com\\\/finquesriart\",\"https:\\\/\\\/www.instagram.com\\\/ceigrupfinquesriart\\\/\"]}]}<\/script>\n<!-- \/ Yoast SEO plugin. -->","yoast_head_json":{"title":"Apartament tur\u00edstic Costa Brava | Riart Tur\u00edstic","description":"Troba el teu apartament tur\u00edstic Costa Brava ideal per a fam\u00edlies i parelles. Platja, confort i ubicacions privilegiades a Girona.","robots":{"index":"index","follow":"follow","max-snippet":"max-snippet:-1","max-image-preview":"max-image-preview:large","max-video-preview":"max-video-preview:-1"},"canonical":"https:\/\/www.riartturistic.com\/ca\/allotjaments\/","og_locale":"ca_ES","og_type":"article","og_title":"Apartament tur\u00edstic Costa Brava | Riart Tur\u00edstic","og_description":"Troba el teu apartament tur\u00edstic Costa Brava ideal per a fam\u00edlies i parelles. Platja, confort i ubicacions privilegiades a Girona.","og_url":"https:\/\/www.riartturistic.com\/ca\/allotjaments\/","og_site_name":"Riart Tur\u00edstic - Alquiler Vacacional en Calonge, Sant Antoni y Torre Valentina","article_publisher":"https:\/\/www.facebook.com\/finquesriart","article_modified_time":"2026-03-16T14:51:46+00:00","og_image":[{"width":1280,"height":720,"url":"https:\/\/www.riartturistic.com\/wp-content\/uploads\/2025\/10\/rrss-riart.jpg","type":"image\/jpeg"}],"twitter_card":"summary_large_image","twitter_misc":{"Temps estimat de lectura":"1 minut"},"schema":{"@context":"https:\/\/schema.org","@graph":[{"@type":"WebPage","@id":"https:\/\/www.riartturistic.com\/ca\/allotjaments\/","url":"https:\/\/www.riartturistic.com\/ca\/allotjaments\/","name":"Apartament tur\u00edstic Costa Brava | Riart Tur\u00edstic","isPartOf":{"@id":"https:\/\/www.riartturistic.com\/ca\/#website"},"primaryImageOfPage":{"@id":"https:\/\/www.riartturistic.com\/ca\/allotjaments\/#primaryimage"},"image":{"@id":"https:\/\/www.riartturistic.com\/ca\/allotjaments\/#primaryimage"},"thumbnailUrl":"https:\/\/www.riartturistic.com\/wp-content\/uploads\/2025\/10\/rrss-riart.jpg","datePublished":"2025-08-26T11:18:16+00:00","dateModified":"2026-03-16T14:51:46+00:00","description":"Troba el teu apartament tur\u00edstic Costa Brava ideal per a fam\u00edlies i parelles. Platja, confort i ubicacions privilegiades a Girona.","breadcrumb":{"@id":"https:\/\/www.riartturistic.com\/ca\/allotjaments\/#breadcrumb"},"inLanguage":"ca","potentialAction":[{"@type":"ReadAction","target":["https:\/\/www.riartturistic.com\/ca\/allotjaments\/"]}]},{"@type":"BreadcrumbList","@id":"https:\/\/www.riartturistic.com\/ca\/allotjaments\/#breadcrumb","itemListElement":[{"@type":"ListItem","position":1,"name":"Inicio","item":"https:\/\/www.riartturistic.com\/ca\/"},{"@type":"ListItem","position":2,"name":"Allotjaments"}]},{"@type":"WebSite","@id":"https:\/\/www.riartturistic.com\/ca\/#website","url":"https:\/\/www.riartturistic.com\/ca\/","name":"Riart Tur\u00edstic - Alquiler Vacacional en Calonge, Sant Antoni y Torre Valentina","description":"Riart Tur\u00edstic - Alquiler Vacacional en Calonge, Sant Antoni y Torre Valentina","publisher":{"@id":"https:\/\/www.riartturistic.com\/ca\/#organization"},"alternateName":"Riart Tur\u00edstic","potentialAction":[{"@type":"SearchAction","target":{"@type":"EntryPoint","urlTemplate":"https:\/\/www.riartturistic.com\/resultados-de-busqueda\/?search_text={search_term_string}"},"query-input":{"@type":"PropertyValueSpecification","valueRequired":true,"valueName":"search_term_string"}}],"inLanguage":"ca"},{"@type":"Organization","@id":"https:\/\/www.riartturistic.com\/ca\/#organization","name":"Finques Riart - Alquiler Vacacional en Calonge, Sant Antoni y Palam\u00f3s","url":"https:\/\/www.riartturistic.com\/ca\/","logo":{"@type":"ImageObject","inLanguage":"ca","@id":"https:\/\/www.riartturistic.com\/ca\/#\/schema\/logo\/image\/","url":"https:\/\/www.riartturistic.com\/wp-content\/uploads\/2025\/11\/RIARTuristic-claim-negatiu-sense-fons.png","contentUrl":"https:\/\/www.riartturistic.com\/wp-content\/uploads\/2025\/11\/RIARTuristic-claim-negatiu-sense-fons.png","width":1200,"height":256,"caption":"Finques Riart - Alquiler Vacacional en Calonge, Sant Antoni y Palam\u00f3s"},"image":{"@id":"https:\/\/www.riartturistic.com\/ca\/#\/schema\/logo\/image\/"},"sameAs":["https:\/\/www.facebook.com\/finquesriart","https:\/\/www.instagram.com\/ceigrupfinquesriart\/"]}]}},"_links":{"self":[{"href":"https:\/\/www.riartturistic.com\/ca\/wp-json\/wp\/v2\/pages\/929","targetHints":{"allow":["GET"]}}],"collection":[{"href":"https:\/\/www.riartturistic.com\/ca\/wp-json\/wp\/v2\/pages"}],"about":[{"href":"https:\/\/www.riartturistic.com\/ca\/wp-json\/wp\/v2\/types\/page"}],"author":[{"embeddable":true,"href":"https:\/\/www.riartturistic.com\/ca\/wp-json\/wp\/v2\/users\/1"}],"replies":[{"embeddable":true,"href":"https:\/\/www.riartturistic.com\/ca\/wp-json\/wp\/v2\/comments?post=929"}],"version-history":[{"count":1,"href":"https:\/\/www.riartturistic.com\/ca\/wp-json\/wp\/v2\/pages\/929\/revisions"}],"predecessor-version":[{"id":2413,"href":"https:\/\/www.riartturistic.com\/ca\/wp-json\/wp\/v2\/pages\/929\/revisions\/2413"}],"wp:featuredmedia":[{"embeddable":true,"href":"https:\/\/www.riartturistic.com\/ca\/wp-json\/wp\/v2\/media\/811"}],"wp:attachment":[{"href":"https:\/\/www.riartturistic.com\/ca\/wp-json\/wp\/v2\/media?parent=929"}],"curies":[{"name":"wp","href":"https:\/\/api.w.org\/{rel}","templated":true}]}}